{"id":57,"date":"2025-10-01T07:25:27","date_gmt":"2025-10-01T07:25:27","guid":{"rendered":"https:\/\/latinconnect.com\/blog\/?page_id=57"},"modified":"2026-02-26T11:44:40","modified_gmt":"2026-02-26T11:44:40","slug":"actualites","status":"publish","type":"page","link":"https:\/\/new.latinconnect.com\/fr\/actualites\/","title":{"rendered":"Actualit\u00e9s"},"content":{"rendered":"<div data-elementor-type=\"wp-page\" data-elementor-id=\"57\" class=\"elementor elementor-57\">\n\t\t\t\t<header class=\"elementor-element elementor-element-2297c8ba e-con-full main-header e-flex wpr-particle-no wpr-jarallax-no wpr-parallax-no wpr-sticky-section-no e-con e-parent\" data-id=\"2297c8ba\" data-element_type=\"container\" data-settings=\"{&quot;background_background&quot;:&quot;classic&quot;}\">\n\t\t<div class=\"elementor-element elementor-element-1f495320 e-con-full e-flex wpr-particle-no wpr-jarallax-no wpr-parallax-no wpr-sticky-section-no e-con e-child\" data-id=\"1f495320\" data-element_type=\"container\" data-settings=\"{&quot;position&quot;:&quot;absolute&quot;}\">\n\t\t\t\t<\/div>\n\t\t\t\t<div class=\"elementor-element elementor-element-554707e6 elementor-widget__width-initial elementor-widget elementor-widget-heading\" data-id=\"554707e6\" data-element_type=\"widget\" data-widget_type=\"heading.default\">\n\t\t\t\t\t<h1 class=\"elementor-heading-title elementor-size-default\">Actualit\u00e9s et mises \u00e0 jour<br>du monde de Latinconnect<\/h1>\t\t\t\t<\/div>\n\t\t\t\t<div class=\"elementor-element elementor-element-2c546fa elementor-widget elementor-widget-wpr-elementor-template\" data-id=\"2c546fa\" data-element_type=\"widget\" data-widget_type=\"wpr-elementor-template.default\">\n\t\t\t\t\t<style>.elementor-6334 .elementor-element.elementor-element-6bc5b328{--display:flex;--align-items:flex-start;--container-widget-width:calc( ( 1 - var( --container-widget-flex-grow ) ) * 100% );--border-radius:12px 12px 12px 12px;box-shadow:3px 3px 9px 0px rgba(0, 0, 0, 0.3);--padding-top:20px;--padding-bottom:20px;--padding-left:20px;--padding-right:20px;}.elementor-6334 .elementor-element.elementor-element-6bc5b328:not(.elementor-motion-effects-element-type-background), .elementor-6334 .elementor-element.elementor-element-6bc5b328 > .elementor-motion-effects-container > .elementor-motion-effects-layer{background-color:#FFFFFF2E;}.elementor-6334 .elementor-element.elementor-element-6bc5b328.e-con{--align-self:center;}.elementor-6334 .elementor-element.elementor-element-47477b3c{width:100%;max-width:100%;}.elementor-6334 .elementor-element.elementor-element-47477b3c.elementor-element{--align-self:center;}@media(min-width:768px){.elementor-6334 .elementor-element.elementor-element-6bc5b328{--width:750px;}}\/* Start custom CSS for shortcode, class: .elementor-element-47477b3c *\/.elementor-6334 .elementor-element.elementor-element-47477b3c {\n    \n}\/* End custom CSS *\/<\/style>\t\t<div data-elementor-type=\"container\" data-elementor-id=\"6334\" class=\"elementor elementor-6334\">\n\t\t\t\t<div class=\"elementor-element elementor-element-6bc5b328 e-con-full e-flex wpr-particle-no wpr-jarallax-no wpr-parallax-no wpr-sticky-section-no e-con e-child\" data-id=\"6bc5b328\" data-element_type=\"container\" id=\"ai-tool-glass\" data-settings=\"{&quot;background_background&quot;:&quot;classic&quot;}\">\n\t\t\t\t<div class=\"elementor-element elementor-element-47477b3c elementor-widget__width-inherit elementor-widget elementor-widget-shortcode\" data-id=\"47477b3c\" data-element_type=\"widget\" data-widget_type=\"shortcode.default\">\n\t\t\t\t\t\t\t<div class=\"elementor-shortcode\">        <div class=\"ai-chat-input-only ai-tool-home\" style=\"width: 100%;\">\n                        <div class=\"ai-chat-input-container\">\n                <input type=\"text\" class=\"ai-chat-input\" placeholder=\"Je suis ton concierge personnel. Comment puis-je t&#039;aider ?\">\n                <button class=\"ai-chat-send\"><\/button>\n            <\/div>\n            <div class=\"ai-chat-loading\" style=\"display: none;\">L'IA pense...<\/div>\n        <\/div>\n    <\/div>\n\t\t\t\t\t\t<\/div>\n\t\t\t\t<\/div>\n\t\t\t\t<\/div>\n\t\t<span class=\"wpr-template-edit-btn\" data-permalink=\"https:\/\/new.latinconnect.com\/fr\/?elementor_library=ai-header\">Edit Template<\/span>\t\t\t\t<\/div>\n\t\t\t\t<\/header>\n\t\t<div class=\"elementor-element elementor-element-54d0732 e-flex e-con-boxed wpr-particle-no wpr-jarallax-no wpr-parallax-no wpr-sticky-section-no e-con e-parent\" data-id=\"54d0732\" data-element_type=\"container\">\n\t\t\t\t\t<div class=\"e-con-inner\">\n\t\t\t\t<div class=\"elementor-element elementor-element-22cb9958 elementor-widget elementor-widget-heading\" data-id=\"22cb9958\" data-element_type=\"widget\" data-widget_type=\"heading.default\">\n\t\t\t\t\t<h2 class=\"elementor-heading-title elementor-size-default\">Rester inform\u00e9<\/h2>\t\t\t\t<\/div>\n\t\t\t\t<div class=\"elementor-element elementor-element-fcb8b1a elementor-widget elementor-widget-shortcode\" data-id=\"fcb8b1a\" data-element_type=\"widget\" data-widget_type=\"shortcode.default\">\n\t\t\t\t\t\t\t<div class=\"elementor-shortcode\">\n    <form action=\"\/wp-admin\/admin-ajax.php\" method=\"POST\" id=\"filter\" data-trp-original-action=\"\/wp-admin\/admin-ajax.php\">\n      <div class=\"top-bar-blog\">\n        <div class=\"custom-select sort\">\n          <label>\n            <select name=\"date\" class=\"dropdown sortieren\">\n              <option value=\"\" disabled selected data-placeholder=\"1\">Trier par...<\/option>\n              <option value=\"DESC\">Dernier<\/option>\n              <option value=\"ASC\">Plus ancien<\/option>\n            <\/select>\n          <\/label>\n        <\/div>\n\n        <div class=\"custom-select filter\">\n          <label>\n            <select name=\"categoryfilter\" class=\"dropdown kategorie\">\n              <option value=\"\" disabled selected data-placeholder =\"1\">Filtrer par rubrique<\/option>\n              <option value=\"\">Tous<\/option><option value=\"aktuelle-preisvorteile\">Avantages tarifaires actuels<\/option><option value=\"nachhaltigkeit\">Durabilit\u00e9<\/option><option value=\"neuigkeit\">Nouveaut\u00e9<\/option><option value=\"news\">Actualit\u00e9s<\/option><option value=\"produkt-im-fokus\">Focus sur le produit<\/option><option value=\"save-the-date\">Save the Date<\/option><option value=\"thema-des-monats\">Th\u00e8me du mois<\/option><option value=\"user-tipp\">Conseil d'utilisateur<\/option><option value=\"zubucherreisen\">Seat-in tours<\/option>\n            <\/select>\n          <\/label>\n        <\/div>\n\n        <div class=\"search-bar\">\n          <label>\n            <input id=\"search\" class=\"input-field\" type=\"text\" name=\"search\" placeholder=\"Chercher\" \/>\n            <button type=\"submit\"><\/button>\n          <\/label>\n        <\/div>\n      <\/div>\n\n      <div id=\"blog-posts-wrapper\">\n        <div id=\"response\"><div class=\"blog-post-container\">\n                <div class=\"blog-post-thumbnail\">\n                    <div class=\"blog-post-date\">\n                        <span>12<\/span>\n                        <span>mar<\/span>\n                        <span>2026<\/span>\n                    <\/div>\n                    <a href=\"https:\/\/new.latinconnect.com\/fr\/actualites\/aktuelle-ceo-partner-2026\/\" target=\"_self\" aria-hidden=\"true\"><img fetchpriority=\"high\" decoding=\"async\" width=\"300\" height=\"169\" src=\"https:\/\/new.latinconnect.com\/wp-content\/uploads\/latinconnect-news-destination-management-companies-artikel-2026.webp\" class=\"attachment-300x9999 size-300x9999 wp-post-image\" alt=\"\" srcset=\"https:\/\/new.latinconnect.com\/wp-content\/uploads\/latinconnect-news-destination-management-companies-artikel-2026.webp 1920w, https:\/\/new.latinconnect.com\/wp-content\/uploads\/latinconnect-news-destination-management-companies-artikel-2026-900x506.webp 900w, https:\/\/new.latinconnect.com\/wp-content\/uploads\/latinconnect-news-destination-management-companies-artikel-2026-768x432.webp 768w, https:\/\/new.latinconnect.com\/wp-content\/uploads\/latinconnect-news-destination-management-companies-artikel-2026-1536x864.webp 1536w, https:\/\/new.latinconnect.com\/wp-content\/uploads\/latinconnect-news-destination-management-companies-artikel-2026-18x10.webp 18w\" sizes=\"(max-width: 300px) 100vw, 300px\" \/><\/a>\n                <\/div>\n\n                <div class=\"blog-post-content\">\n                  <div class=\"blog-post-content-below\">\n                    <div class=\"blog-post-title\">\n                      <a href=\"https:\/\/new.latinconnect.com\/fr\/actualites\/aktuelle-ceo-partner-2026\/\" target=\"_self\">\n                        <span>Les entreprises de gestion de destination en Am\u00e9rique latine<\/span>\n                      <\/a>\n                    <\/div>\n                    <div class=\"blog-post-desc\"><p>En octobre 2025, nous avons r\u00e9alis\u00e9 une nouvelle s\u00e9rie de webinaires Latinconnect. Les diff\u00e9rentes pr\u00e9sentations durent environ 10 minutes et r\u00e9sument tout ce qu'il faut savoir et les nouveaut\u00e9s de chaque destination.<\/p><\/div>\n                  <\/div>\n                <\/div>\n            <\/div><div class=\"blog-post-container\">\n                <div class=\"blog-post-thumbnail\">\n                    <div class=\"blog-post-date\">\n                        <span>20<\/span>\n                        <span>nov<\/span>\n                        <span>2025<\/span>\n                    <\/div>\n                    <a href=\"https:\/\/new.latinconnect.com\/fr\/actualites\/enregistrements-webinaires-2025\/\" target=\"_self\" aria-hidden=\"true\"><img decoding=\"async\" width=\"300\" height=\"168\" src=\"https:\/\/new.latinconnect.com\/wp-content\/uploads\/latinconnect-blog-post-webinar-aufzeichnungen-2025.webp\" class=\"attachment-300x9999 size-300x9999 wp-post-image\" alt=\"\" srcset=\"https:\/\/new.latinconnect.com\/wp-content\/uploads\/latinconnect-blog-post-webinar-aufzeichnungen-2025.webp 1920w, https:\/\/new.latinconnect.com\/wp-content\/uploads\/latinconnect-blog-post-webinar-aufzeichnungen-2025-900x505.webp 900w, https:\/\/new.latinconnect.com\/wp-content\/uploads\/latinconnect-blog-post-webinar-aufzeichnungen-2025-768x431.webp 768w, https:\/\/new.latinconnect.com\/wp-content\/uploads\/latinconnect-blog-post-webinar-aufzeichnungen-2025-1536x862.webp 1536w\" sizes=\"(max-width: 300px) 100vw, 300px\" \/><\/a>\n                <\/div>\n\n                <div class=\"blog-post-content\">\n                  <div class=\"blog-post-content-below\">\n                    <div class=\"blog-post-title\">\n                      <a href=\"https:\/\/new.latinconnect.com\/fr\/actualites\/enregistrements-webinaires-2025\/\" target=\"_self\">\n                        <span>Enregistrements de webinaires 2025<\/span>\n                      <\/a>\n                    <\/div>\n                    <div class=\"blog-post-desc\"><p>En octobre 2025, nous avons r\u00e9alis\u00e9 une nouvelle s\u00e9rie de webinaires Latinconnect. Les diff\u00e9rentes pr\u00e9sentations durent environ 10 minutes et r\u00e9sument tout ce qu'il faut savoir et les nouveaut\u00e9s de chaque destination.<\/p><\/div>\n                  <\/div>\n                <\/div>\n            <\/div><div class=\"blog-post-container\">\n                <div class=\"blog-post-thumbnail\">\n                    <div class=\"blog-post-date\">\n                        <span>19<\/span>\n                        <span>nov<\/span>\n                        <span>2025<\/span>\n                    <\/div>\n                    <a href=\"https:\/\/new.latinconnect.com\/fr\/actualites\/interview-mit-oliver-lang-caribbean-tours-mexiko-belize-und-guatemala\/\" target=\"_self\" aria-hidden=\"true\"><img decoding=\"async\" width=\"300\" height=\"168\" src=\"https:\/\/new.latinconnect.com\/wp-content\/uploads\/latinconnect-blog-post-interview-mit-oliver-lang.webp\" class=\"attachment-300x9999 size-300x9999 wp-post-image\" alt=\"\" srcset=\"https:\/\/new.latinconnect.com\/wp-content\/uploads\/latinconnect-blog-post-interview-mit-oliver-lang.webp 1865w, https:\/\/new.latinconnect.com\/wp-content\/uploads\/latinconnect-blog-post-interview-mit-oliver-lang-900x505.webp 900w, https:\/\/new.latinconnect.com\/wp-content\/uploads\/latinconnect-blog-post-interview-mit-oliver-lang-768x431.webp 768w, https:\/\/new.latinconnect.com\/wp-content\/uploads\/latinconnect-blog-post-interview-mit-oliver-lang-1536x861.webp 1536w\" sizes=\"(max-width: 300px) 100vw, 300px\" \/><\/a>\n                <\/div>\n\n                <div class=\"blog-post-content\">\n                  <div class=\"blog-post-content-below\">\n                    <div class=\"blog-post-title\">\n                      <a href=\"https:\/\/new.latinconnect.com\/fr\/actualites\/interview-mit-oliver-lang-caribbean-tours-mexiko-belize-und-guatemala\/\" target=\"_self\">\n                        <span>Entretien avec Oliver Lang (Caribbean Tours Mexique, Belize et Guatemala)<\/span>\n                      <\/a>\n                    <\/div>\n                    <div class=\"blog-post-desc\"><p>Cher Oliver, tu es depuis plus de trois ans le Destination Manager de Caribbean Tours au Mexique. Avec quelle \u00e9quipe entamez-vous la haute saison 2025\/2026&nbsp;?<\/p><\/div>\n                  <\/div>\n                <\/div>\n            <\/div><div class=\"blog-post-container\">\n                <div class=\"blog-post-thumbnail\">\n                    <div class=\"blog-post-date\">\n                        <span>09<\/span>\n                        <span>sep<\/span>\n                        <span>2025<\/span>\n                    <\/div>\n                    <a href=\"https:\/\/new.latinconnect.com\/fr\/actualites\/interview-mit-andre-goatham-gapa-travel-panama\/\" target=\"_self\" aria-hidden=\"true\"><img loading=\"lazy\" decoding=\"async\" width=\"300\" height=\"200\" src=\"https:\/\/new.latinconnect.com\/wp-content\/uploads\/latinconnect-blog-post-interview-mit-Andre-goatham.webp\" class=\"attachment-300x9999 size-300x9999 wp-post-image\" alt=\"\" srcset=\"https:\/\/new.latinconnect.com\/wp-content\/uploads\/latinconnect-blog-post-interview-mit-Andre-goatham.webp 1920w, https:\/\/new.latinconnect.com\/wp-content\/uploads\/latinconnect-blog-post-interview-mit-Andre-goatham-900x600.webp 900w, https:\/\/new.latinconnect.com\/wp-content\/uploads\/latinconnect-blog-post-interview-mit-Andre-goatham-768x512.webp 768w, https:\/\/new.latinconnect.com\/wp-content\/uploads\/latinconnect-blog-post-interview-mit-Andre-goatham-1536x1024.webp 1536w\" sizes=\"(max-width: 300px) 100vw, 300px\" \/><\/a>\n                <\/div>\n\n                <div class=\"blog-post-content\">\n                  <div class=\"blog-post-content-below\">\n                    <div class=\"blog-post-title\">\n                      <a href=\"https:\/\/new.latinconnect.com\/fr\/actualites\/interview-mit-andre-goatham-gapa-travel-panama\/\" target=\"_self\">\n                        <span>Entretien avec Andr\u00e9 Goatham (GAPA Travel Panama)<\/span>\n                      <\/a>\n                    <\/div>\n                    <div class=\"blog-post-desc\"><p>Cher Andr\u00e9, depuis de nombreuses ann\u00e9es d\u00e9j\u00e0, le Panama est consid\u00e9r\u00e9 comme une destination \u00e0 peine moins pris\u00e9e que le Costa Rica, plus connu. Les compagnies a\u00e9riennes le reconnaissent \u00e9galement et augmentent leurs liaisons directes avec Panama-City.<\/p><\/div>\n                  <\/div>\n                <\/div>\n            <\/div><div class=\"blog-post-container\">\n                <div class=\"blog-post-thumbnail\">\n                    <div class=\"blog-post-date\">\n                        <span>08<\/span>\n                        <span>sep<\/span>\n                        <span>2025<\/span>\n                    <\/div>\n                    <a href=\"https:\/\/new.latinconnect.com\/fr\/actualites\/mundo-verde-erlebnisreise-2026\/\" target=\"_self\" aria-hidden=\"true\"><img loading=\"lazy\" decoding=\"async\" width=\"300\" height=\"200\" src=\"https:\/\/new.latinconnect.com\/wp-content\/uploads\/latinconnect-blog-post-mundo-verde-erlebnisreise-2026.jpg\" class=\"attachment-300x9999 size-300x9999 wp-post-image\" alt=\"\" srcset=\"https:\/\/new.latinconnect.com\/wp-content\/uploads\/latinconnect-blog-post-mundo-verde-erlebnisreise-2026.jpg 1920w, https:\/\/new.latinconnect.com\/wp-content\/uploads\/latinconnect-blog-post-mundo-verde-erlebnisreise-2026-900x600.jpg 900w, https:\/\/new.latinconnect.com\/wp-content\/uploads\/latinconnect-blog-post-mundo-verde-erlebnisreise-2026-768x512.jpg 768w, https:\/\/new.latinconnect.com\/wp-content\/uploads\/latinconnect-blog-post-mundo-verde-erlebnisreise-2026-1536x1024.jpg 1536w\" sizes=\"(max-width: 300px) 100vw, 300px\" \/><\/a>\n                <\/div>\n\n                <div class=\"blog-post-content\">\n                  <div class=\"blog-post-content-below\">\n                    <div class=\"blog-post-title\">\n                      <a href=\"https:\/\/new.latinconnect.com\/fr\/actualites\/mundo-verde-erlebnisreise-2026\/\" target=\"_self\">\n                        <span>Voyage d\u2019aventure Mundo Verde 2026<\/span>\n                      <\/a>\n                    <\/div>\n                    <div class=\"blog-post-desc\"><p>Le voyage Mundo Verde, qui relie le Nicaragua, le Costa Rica et le Panama en 15 jours, est depuis toujours l'un des classiques de nos voyages transfrontaliers. Nous avons proc\u00e9d\u00e9 \u00e0 une r\u00e9vision du circuit, qui pr\u00e9voit notamment que le voyage commence au Nicaragua \u00e0 partir de d\u00e9cembre 2025.<\/p><\/div>\n                  <\/div>\n                <\/div>\n            <\/div><div class=\"blog-post-container\">\n                <div class=\"blog-post-thumbnail\">\n                    <div class=\"blog-post-date\">\n                        <span>10<\/span>\n                        <span>jui<\/span>\n                        <span>2025<\/span>\n                    <\/div>\n                    <a href=\"https:\/\/new.latinconnect.com\/fr\/actualites\/interview-mit-sarah-foda-destination-manager-caribbean-tours-kuba\/\" target=\"_self\" aria-hidden=\"true\"><img loading=\"lazy\" decoding=\"async\" width=\"300\" height=\"202\" src=\"https:\/\/new.latinconnect.com\/wp-content\/uploads\/latinconnect-blog-post-Interview-mit-sarah-foda-destination-manager-caribbean-tours-kuba.webp\" class=\"attachment-300x9999 size-300x9999 wp-post-image\" alt=\"\" srcset=\"https:\/\/new.latinconnect.com\/wp-content\/uploads\/latinconnect-blog-post-Interview-mit-sarah-foda-destination-manager-caribbean-tours-kuba.webp 1920w, https:\/\/new.latinconnect.com\/wp-content\/uploads\/latinconnect-blog-post-Interview-mit-sarah-foda-destination-manager-caribbean-tours-kuba-900x605.webp 900w, https:\/\/new.latinconnect.com\/wp-content\/uploads\/latinconnect-blog-post-Interview-mit-sarah-foda-destination-manager-caribbean-tours-kuba-768x516.webp 768w, https:\/\/new.latinconnect.com\/wp-content\/uploads\/latinconnect-blog-post-Interview-mit-sarah-foda-destination-manager-caribbean-tours-kuba-1536x1032.webp 1536w\" sizes=\"(max-width: 300px) 100vw, 300px\" \/><\/a>\n                <\/div>\n\n                <div class=\"blog-post-content\">\n                  <div class=\"blog-post-content-below\">\n                    <div class=\"blog-post-title\">\n                      <a href=\"https:\/\/new.latinconnect.com\/fr\/actualites\/interview-mit-sarah-foda-destination-manager-caribbean-tours-kuba\/\" target=\"_self\">\n                        <span>Interview avec Sarah Foda (Destination Manager Caribbean Tours Cuba)<\/span>\n                      <\/a>\n                    <\/div>\n                    <div class=\"blog-post-desc\"><p>Sarah Foda a \u00e9t\u00e9 nomm\u00e9e Destination Manager de Caribbean Tours Cuba \u00e0 compter du 1er avril 2025. Cette Canadienne de 35 ans travaille chez Caribbean Tours Cuba depuis 2017 et apporte une vision strat\u00e9gique et op\u00e9rationnelle qui a largement contribu\u00e9 au succ\u00e8s de DMC.<\/p><\/div>\n                  <\/div>\n                <\/div>\n            <\/div><div class=\"blog-post-container\">\n                <div class=\"blog-post-thumbnail\">\n                    <div class=\"blog-post-date\">\n                        <span>09<\/span>\n                        <span>jui<\/span>\n                        <span>2025<\/span>\n                    <\/div>\n                    <a href=\"https:\/\/new.latinconnect.com\/fr\/actualites\/walsaison-an-der-peninsula-valdes\/\" target=\"_self\" aria-hidden=\"true\"><img loading=\"lazy\" decoding=\"async\" width=\"300\" height=\"188\" src=\"https:\/\/new.latinconnect.com\/wp-content\/uploads\/latinconnect-blog-post-walsaison-an-der-peninsula-valdes.webp\" class=\"attachment-300x9999 size-300x9999 wp-post-image\" alt=\"\" srcset=\"https:\/\/new.latinconnect.com\/wp-content\/uploads\/latinconnect-blog-post-walsaison-an-der-peninsula-valdes.webp 1920w, https:\/\/new.latinconnect.com\/wp-content\/uploads\/latinconnect-blog-post-walsaison-an-der-peninsula-valdes-900x565.webp 900w, https:\/\/new.latinconnect.com\/wp-content\/uploads\/latinconnect-blog-post-walsaison-an-der-peninsula-valdes-768x482.webp 768w, https:\/\/new.latinconnect.com\/wp-content\/uploads\/latinconnect-blog-post-walsaison-an-der-peninsula-valdes-1536x964.webp 1536w\" sizes=\"(max-width: 300px) 100vw, 300px\" \/><\/a>\n                <\/div>\n\n                <div class=\"blog-post-content\">\n                  <div class=\"blog-post-content-below\">\n                    <div class=\"blog-post-title\">\n                      <a href=\"https:\/\/new.latinconnect.com\/fr\/actualites\/walsaison-an-der-peninsula-valdes\/\" target=\"_self\">\n                        <span>Saison des baleines sur la p\u00e9ninsule Vald\u00e9s<\/span>\n                      <\/a>\n                    <\/div>\n                    <div class=\"blog-post-desc\"><p>\u00c0 partir du mois de juin (jusqu'\u00e0 d\u00e9but d\u00e9cembre), c'est la saison des baleines sur la c\u00f4te patagonienne et une visite de la p\u00e9ninsule de Vald\u00e9s vaut particuli\u00e8rement la peine durant ces mois. Maruja Seithe de Latventure Argentine\/Chili vous donne des conseils !<\/p><\/div>\n                  <\/div>\n                <\/div>\n            <\/div><div class=\"blog-post-container\">\n                <div class=\"blog-post-thumbnail\">\n                    <div class=\"blog-post-date\">\n                        <span>08<\/span>\n                        <span>jui<\/span>\n                        <span>2025<\/span>\n                    <\/div>\n                    <a href=\"https:\/\/new.latinconnect.com\/fr\/actualites\/e-bike-reisen-unserer-dmc-partner-aus-kuba-kolumbien-und-costa-rica\/\" target=\"_self\" aria-hidden=\"true\"><img loading=\"lazy\" decoding=\"async\" width=\"300\" height=\"173\" src=\"https:\/\/new.latinconnect.com\/wp-content\/uploads\/latinconnect-blog-post-e-bike-ara-tours-costa-rica.webp\" class=\"attachment-300x9999 size-300x9999 wp-post-image\" alt=\"\" srcset=\"https:\/\/new.latinconnect.com\/wp-content\/uploads\/latinconnect-blog-post-e-bike-ara-tours-costa-rica.webp 1076w, https:\/\/new.latinconnect.com\/wp-content\/uploads\/latinconnect-blog-post-e-bike-ara-tours-costa-rica-900x520.webp 900w, https:\/\/new.latinconnect.com\/wp-content\/uploads\/latinconnect-blog-post-e-bike-ara-tours-costa-rica-768x444.webp 768w\" sizes=\"(max-width: 300px) 100vw, 300px\" \/><\/a>\n                <\/div>\n\n                <div class=\"blog-post-content\">\n                  <div class=\"blog-post-content-below\">\n                    <div class=\"blog-post-title\">\n                      <a href=\"https:\/\/new.latinconnect.com\/fr\/actualites\/e-bike-reisen-unserer-dmc-partner-aus-kuba-kolumbien-und-costa-rica\/\" target=\"_self\">\n                        <span>Voyages \u00e0 (e-)v\u00e9lo de nos DMC partenaires \u00e0 Cuba, en Colombie et au Costa Rica<\/span>\n                      <\/a>\n                    <\/div>\n                    <div class=\"blog-post-desc\"><p>Tours de ville en v\u00e9lo de ville, excursions d'une journ\u00e9e enti\u00e8re hors de la ville ou voyages \u00e0 v\u00e9lo de plusieurs jours en v\u00e9lo bio ou \u00e9lectrique - nos partenaires DMC de Cuba, Colombie ou Costa Rica r\u00e9pondent \u00e0 tous les souhaits dans le segment des voyages \u00e0 v\u00e9lo (gr\u00e2ce \u00e0 une longue exp\u00e9rience et \u00e0 leurs propres flottes).<\/p><\/div>\n                  <\/div>\n                <\/div>\n            <\/div><div class=\"blog-post-container\">\n                <div class=\"blog-post-thumbnail\">\n                    <div class=\"blog-post-date\">\n                        <span>27<\/span>\n                        <span>mai<\/span>\n                        <span>2025<\/span>\n                    <\/div>\n                    <a href=\"https:\/\/new.latinconnect.com\/fr\/actualites\/entretien-avec-sandra-haun-directrice-generale-ara-tours-costa-rica\/\" target=\"_self\" aria-hidden=\"true\"><img loading=\"lazy\" decoding=\"async\" width=\"300\" height=\"173\" src=\"https:\/\/new.latinconnect.com\/wp-content\/uploads\/latinconnect-blog-post-interview-mit-sandra-haun-ARA-tours-costa-rica.webp\" class=\"attachment-300x9999 size-300x9999 wp-post-image\" alt=\"\" srcset=\"https:\/\/new.latinconnect.com\/wp-content\/uploads\/latinconnect-blog-post-interview-mit-sandra-haun-ARA-tours-costa-rica.webp 1920w, https:\/\/new.latinconnect.com\/wp-content\/uploads\/latinconnect-blog-post-interview-mit-sandra-haun-ARA-tours-costa-rica-900x518.webp 900w, https:\/\/new.latinconnect.com\/wp-content\/uploads\/latinconnect-blog-post-interview-mit-sandra-haun-ARA-tours-costa-rica-768x442.webp 768w, https:\/\/new.latinconnect.com\/wp-content\/uploads\/latinconnect-blog-post-interview-mit-sandra-haun-ARA-tours-costa-rica-1536x884.webp 1536w\" sizes=\"(max-width: 300px) 100vw, 300px\" \/><\/a>\n                <\/div>\n\n                <div class=\"blog-post-content\">\n                  <div class=\"blog-post-content-below\">\n                    <div class=\"blog-post-title\">\n                      <a href=\"https:\/\/new.latinconnect.com\/fr\/actualites\/entretien-avec-sandra-haun-directrice-generale-ara-tours-costa-rica\/\" target=\"_self\">\n                        <span>Interview avec Sandra Haun (Directrice g\u00e9n\u00e9rale ARA Tours, Costa Rica)<\/span>\n                      <\/a>\n                    <\/div>\n                    <div class=\"blog-post-desc\"><p>Les deux anciens propri\u00e9taires, Daniel K\u00fcng et Roland Ayer, accompagneront le processus de transmission jusqu'au d\u00e9but de l'ann\u00e9e 2026. Daniel K\u00fcng et Sandra Haun seront en septembre 2025 en tourn\u00e9e sur les principaux march\u00e9s sources europ\u00e9ens afin de conclure personnellement le passage de t\u00e9moin vis-\u00e0-vis des partenaires de distribution locaux.<\/p><\/div>\n                  <\/div>\n                <\/div>\n            <\/div><button class=\"load-more\" data-offset=\"9\">Charger plus<\/button><\/div>\n        <input type=\"hidden\" name=\"action\" value=\"myfilter\" \/>\n\t\t<input type=\"hidden\" name=\"shortcode_category\" value=\"news\">\n      <\/div>\n    <input type=\"hidden\" name=\"trp-form-language\" value=\"fr\"\/><\/form><\/div>\n\t\t\t\t\t\t<\/div>\n\t\t\t\t\t<\/div>\n\t\t\t\t<\/div>\n\t\t\t\t<\/div>","protected":false},"excerpt":{"rendered":"<p>Neuigkeiten und Updates\u2028aus der Welt von Latinconnect Unsere Destinationen Mehr \u00fcber Latinconnect erfahren Mich registrieren AI is thinking&#8230; Edit Template Informiert bleiben<\/p>","protected":false},"author":3,"featured_media":1470,"parent":0,"menu_order":0,"comment_status":"closed","ping_status":"closed","template":"","meta":{"_acf_changed":false,"footnotes":""},"class_list":["post-57","page","type-page","status-publish","has-post-thumbnail","hentry"],"acf":[],"yoast_head":"<!-- This site is optimized with the Yoast SEO plugin v26.9 - https:\/\/yoast.com\/product\/yoast-seo-wordpress\/ -->\n<title>News &amp; Updates | Latinconnect<\/title>\n<meta name=\"description\" content=\"Aktuelle News, Updates und Hintergrundinfos aus der Welt von Latinconnect, DMC-Partnern, Produkten, Webinaren und Marketingaktivit\u00e4ten.\" \/>\n<meta name=\"robots\" content=\"noindex, follow, max-snippet:-1, max-image-preview:large, max-video-preview:-1\" \/>\n<meta property=\"og:locale\" content=\"fr_FR\" \/>\n<meta property=\"og:type\" content=\"article\" \/>\n<meta property=\"og:title\" content=\"News &amp; Updates | Latinconnect\" \/>\n<meta property=\"og:description\" content=\"Aktuelle News, Updates und Hintergrundinfos aus der Welt von Latinconnect, DMC-Partnern, Produkten, Webinaren und Marketingaktivit\u00e4ten.\" \/>\n<meta property=\"og:url\" content=\"https:\/\/new.latinconnect.com\/fr\/actualites\/\" \/>\n<meta property=\"og:site_name\" content=\"Latinconnect\" \/>\n<meta property=\"article:modified_time\" content=\"2026-02-26T11:44:40+00:00\" \/>\n<meta property=\"og:image\" content=\"https:\/\/new.latinconnect.com\/wp-content\/uploads\/latinconnect-news-headerbild.webp\" \/>\n\t<meta property=\"og:image:width\" content=\"1920\" \/>\n\t<meta property=\"og:image:height\" content=\"1080\" \/>\n\t<meta property=\"og:image:type\" content=\"image\/webp\" \/>\n<meta name=\"twitter:card\" content=\"summary_large_image\" \/>\n<meta name=\"twitter:label1\" content=\"Est. reading time\" \/>\n\t<meta name=\"twitter:data1\" content=\"1 minute\" \/>\n<script type=\"application\/ld+json\" class=\"yoast-schema-graph\">{\"@context\":\"https:\/\/schema.org\",\"@graph\":[{\"@type\":\"WebPage\",\"@id\":\"https:\/\/new.latinconnect.com\/news\/\",\"url\":\"https:\/\/new.latinconnect.com\/news\/\",\"name\":\"News & Updates | Latinconnect\",\"isPartOf\":{\"@id\":\"http:\/\/new.latinconnect.com\/de\/#website\"},\"primaryImageOfPage\":{\"@id\":\"https:\/\/new.latinconnect.com\/news\/#primaryimage\"},\"image\":{\"@id\":\"https:\/\/new.latinconnect.com\/news\/#primaryimage\"},\"thumbnailUrl\":\"https:\/\/new.latinconnect.com\/wp-content\/uploads\/latinconnect-news-headerbild.webp\",\"datePublished\":\"2025-10-01T07:25:27+00:00\",\"dateModified\":\"2026-02-26T11:44:40+00:00\",\"description\":\"Aktuelle News, Updates und Hintergrundinfos aus der Welt von Latinconnect, DMC-Partnern, Produkten, Webinaren und Marketingaktivit\u00e4ten.\",\"breadcrumb\":{\"@id\":\"https:\/\/new.latinconnect.com\/news\/#breadcrumb\"},\"inLanguage\":\"fr-FR\",\"potentialAction\":[{\"@type\":\"ReadAction\",\"target\":[\"https:\/\/new.latinconnect.com\/news\/\"]}]},{\"@type\":\"ImageObject\",\"inLanguage\":\"fr-FR\",\"@id\":\"https:\/\/new.latinconnect.com\/news\/#primaryimage\",\"url\":\"https:\/\/new.latinconnect.com\/wp-content\/uploads\/latinconnect-news-headerbild.webp\",\"contentUrl\":\"https:\/\/new.latinconnect.com\/wp-content\/uploads\/latinconnect-news-headerbild.webp\",\"width\":1920,\"height\":1080,\"caption\":\"Luftaufnahme einer kleinen, gr\u00fcnen Insel im Meer\"},{\"@type\":\"BreadcrumbList\",\"@id\":\"https:\/\/new.latinconnect.com\/news\/#breadcrumb\",\"itemListElement\":[{\"@type\":\"ListItem\",\"position\":1,\"name\":\"Home\",\"item\":\"https:\/\/new.latinconnect.com\/\"},{\"@type\":\"ListItem\",\"position\":2,\"name\":\"News\"}]},{\"@type\":\"WebSite\",\"@id\":\"http:\/\/new.latinconnect.com\/de\/#website\",\"url\":\"http:\/\/new.latinconnect.com\/de\/\",\"name\":\"Latinconnect\",\"description\":\"latin america&#039;s dmc alliance\",\"publisher\":{\"@id\":\"http:\/\/new.latinconnect.com\/de\/#organization\"},\"potentialAction\":[{\"@type\":\"SearchAction\",\"target\":{\"@type\":\"EntryPoint\",\"urlTemplate\":\"http:\/\/new.latinconnect.com\/de\/?s={search_term_string}\"},\"query-input\":{\"@type\":\"PropertyValueSpecification\",\"valueRequired\":true,\"valueName\":\"search_term_string\"}}],\"inLanguage\":\"fr-FR\"},{\"@type\":\"Organization\",\"@id\":\"http:\/\/new.latinconnect.com\/de\/#organization\",\"name\":\"Latinconnect\",\"url\":\"http:\/\/new.latinconnect.com\/de\/\",\"logo\":{\"@type\":\"ImageObject\",\"inLanguage\":\"fr-FR\",\"@id\":\"http:\/\/new.latinconnect.com\/de\/#\/schema\/logo\/image\/\",\"url\":\"https:\/\/new.latinconnect.com\/wp-content\/uploads\/logo-latinconnect.svg\",\"contentUrl\":\"https:\/\/new.latinconnect.com\/wp-content\/uploads\/logo-latinconnect.svg\",\"width\":260,\"height\":50,\"caption\":\"Latinconnect\"},\"image\":{\"@id\":\"http:\/\/new.latinconnect.com\/de\/#\/schema\/logo\/image\/\"},\"sameAs\":[\"https:\/\/www.linkedin.com\/company\/latinconnect\"]}]}<\/script>\n<!-- \/ Yoast SEO plugin. -->","yoast_head_json":{"title":"Nouvelles &amp; mises \u00e0 jour | Latinconnect","description":"Derni\u00e8res nouvelles, mises \u00e0 jour et informations de fond sur le monde de Latinconnect, les partenaires DMC, les produits, les webinaires et les activit\u00e9s de marketing.","robots":{"index":"noindex","follow":"follow","max-snippet":"max-snippet:-1","max-image-preview":"max-image-preview:large","max-video-preview":"max-video-preview:-1"},"og_locale":"fr_FR","og_type":"article","og_title":"News & Updates | Latinconnect","og_description":"Aktuelle News, Updates und Hintergrundinfos aus der Welt von Latinconnect, DMC-Partnern, Produkten, Webinaren und Marketingaktivit\u00e4ten.","og_url":"https:\/\/new.latinconnect.com\/fr\/actualites\/","og_site_name":"Latinconnect","article_modified_time":"2026-02-26T11:44:40+00:00","og_image":[{"width":1920,"height":1080,"url":"https:\/\/new.latinconnect.com\/wp-content\/uploads\/latinconnect-news-headerbild.webp","type":"image\/webp"}],"twitter_card":"summary_large_image","twitter_misc":{"Est. reading time":"1 minute"},"schema":{"@context":"https:\/\/schema.org","@graph":[{"@type":"WebPage","@id":"https:\/\/new.latinconnect.com\/news\/","url":"https:\/\/new.latinconnect.com\/news\/","name":"Nouvelles &amp; mises \u00e0 jour | Latinconnect","isPartOf":{"@id":"http:\/\/new.latinconnect.com\/de\/#website"},"primaryImageOfPage":{"@id":"https:\/\/new.latinconnect.com\/news\/#primaryimage"},"image":{"@id":"https:\/\/new.latinconnect.com\/news\/#primaryimage"},"thumbnailUrl":"https:\/\/new.latinconnect.com\/wp-content\/uploads\/latinconnect-news-headerbild.webp","datePublished":"2025-10-01T07:25:27+00:00","dateModified":"2026-02-26T11:44:40+00:00","description":"Derni\u00e8res nouvelles, mises \u00e0 jour et informations de fond sur le monde de Latinconnect, les partenaires DMC, les produits, les webinaires et les activit\u00e9s de marketing.","breadcrumb":{"@id":"https:\/\/new.latinconnect.com\/news\/#breadcrumb"},"inLanguage":"fr-FR","potentialAction":[{"@type":"ReadAction","target":["https:\/\/new.latinconnect.com\/news\/"]}]},{"@type":"ImageObject","inLanguage":"fr-FR","@id":"https:\/\/new.latinconnect.com\/news\/#primaryimage","url":"https:\/\/new.latinconnect.com\/wp-content\/uploads\/latinconnect-news-headerbild.webp","contentUrl":"https:\/\/new.latinconnect.com\/wp-content\/uploads\/latinconnect-news-headerbild.webp","width":1920,"height":1080,"caption":"Luftaufnahme einer kleinen, gr\u00fcnen Insel im Meer"},{"@type":"BreadcrumbList","@id":"https:\/\/new.latinconnect.com\/news\/#breadcrumb","itemListElement":[{"@type":"ListItem","position":1,"name":"Home","item":"https:\/\/new.latinconnect.com\/"},{"@type":"ListItem","position":2,"name":"News"}]},{"@type":"WebSite","@id":"http:\/\/new.latinconnect.com\/de\/#website","url":"http:\/\/new.latinconnect.com\/de\/","name":"Latinconnect","description":"latin america's dmc alliance","publisher":{"@id":"http:\/\/new.latinconnect.com\/de\/#organization"},"potentialAction":[{"@type":"SearchAction","target":{"@type":"EntryPoint","urlTemplate":"http:\/\/new.latinconnect.com\/de\/?s={search_term_string}"},"query-input":{"@type":"PropertyValueSpecification","valueRequired":true,"valueName":"search_term_string"}}],"inLanguage":"fr-FR"},{"@type":"Organization","@id":"http:\/\/new.latinconnect.com\/de\/#organization","name":"Latinconnect","url":"http:\/\/new.latinconnect.com\/de\/","logo":{"@type":"ImageObject","inLanguage":"fr-FR","@id":"http:\/\/new.latinconnect.com\/de\/#\/schema\/logo\/image\/","url":"https:\/\/new.latinconnect.com\/wp-content\/uploads\/logo-latinconnect.svg","contentUrl":"https:\/\/new.latinconnect.com\/wp-content\/uploads\/logo-latinconnect.svg","width":260,"height":50,"caption":"Latinconnect"},"image":{"@id":"http:\/\/new.latinconnect.com\/de\/#\/schema\/logo\/image\/"},"sameAs":["https:\/\/www.linkedin.com\/company\/latinconnect"]}]}},"_links":{"self":[{"href":"https:\/\/new.latinconnect.com\/fr\/wp-json\/wp\/v2\/pages\/57","targetHints":{"allow":["GET"]}}],"collection":[{"href":"https:\/\/new.latinconnect.com\/fr\/wp-json\/wp\/v2\/pages"}],"about":[{"href":"https:\/\/new.latinconnect.com\/fr\/wp-json\/wp\/v2\/types\/page"}],"author":[{"embeddable":true,"href":"https:\/\/new.latinconnect.com\/fr\/wp-json\/wp\/v2\/users\/3"}],"replies":[{"embeddable":true,"href":"https:\/\/new.latinconnect.com\/fr\/wp-json\/wp\/v2\/comments?post=57"}],"version-history":[{"count":133,"href":"https:\/\/new.latinconnect.com\/fr\/wp-json\/wp\/v2\/pages\/57\/revisions"}],"predecessor-version":[{"id":6615,"href":"https:\/\/new.latinconnect.com\/fr\/wp-json\/wp\/v2\/pages\/57\/revisions\/6615"}],"wp:featuredmedia":[{"embeddable":true,"href":"https:\/\/new.latinconnect.com\/fr\/wp-json\/wp\/v2\/media\/1470"}],"wp:attachment":[{"href":"https:\/\/new.latinconnect.com\/fr\/wp-json\/wp\/v2\/media?parent=57"}],"curies":[{"name":"wp","href":"https:\/\/api.w.org\/{rel}","templated":true}]}}