{"id":4186,"date":"2026-01-19T12:40:50","date_gmt":"2026-01-19T12:40:50","guid":{"rendered":"https:\/\/new.latinconnect.com\/?page_id=4186"},"modified":"2026-04-21T15:31:10","modified_gmt":"2026-04-21T14:31:10","slug":"bolivie","status":"publish","type":"page","link":"https:\/\/new.latinconnect.com\/fr\/destinations\/bolivie\/","title":{"rendered":"Bolivie"},"content":{"rendered":"<div data-elementor-type=\"wp-page\" data-elementor-id=\"4186\" class=\"elementor elementor-4186\">\n\t\t\t\t<header class=\"elementor-element elementor-element-5b7e7620 e-con-full main-header e-flex wpr-particle-no wpr-jarallax-no wpr-parallax-no wpr-sticky-section-no e-con e-parent\" data-id=\"5b7e7620\" data-element_type=\"container\" data-settings=\"{&quot;background_background&quot;:&quot;classic&quot;}\">\n\t\t<div class=\"elementor-element elementor-element-7fd70aca e-con-full e-flex wpr-particle-no wpr-jarallax-no wpr-parallax-no wpr-sticky-section-no e-con e-child\" data-id=\"7fd70aca\" data-element_type=\"container\" data-settings=\"{&quot;position&quot;:&quot;absolute&quot;}\">\n\t\t\t\t<\/div>\n\t\t\t\t<div class=\"elementor-element elementor-element-7645b812 elementor-widget__width-initial elementor-widget elementor-widget-heading\" data-id=\"7645b812\" data-element_type=\"widget\" data-widget_type=\"heading.default\">\n\t\t\t\t\t<h1 class=\"elementor-heading-title elementor-size-default\">Bolivie by Latventure<\/h1>\t\t\t\t<\/div>\n\t\t\t\t<div class=\"elementor-element elementor-element-c0e5ef7 elementor-widget elementor-widget-wpr-elementor-template\" data-id=\"c0e5ef7\" data-element_type=\"widget\" data-widget_type=\"wpr-elementor-template.default\">\n\t\t\t\t\t<style>.elementor-6334 .elementor-element.elementor-element-6bc5b328{--display:flex;--align-items:flex-start;--container-widget-width:calc( ( 1 - var( --container-widget-flex-grow ) ) * 100% );--border-radius:12px 12px 12px 12px;box-shadow:3px 3px 9px 0px rgba(0, 0, 0, 0.3);--padding-top:20px;--padding-bottom:20px;--padding-left:20px;--padding-right:20px;}.elementor-6334 .elementor-element.elementor-element-6bc5b328:not(.elementor-motion-effects-element-type-background), .elementor-6334 .elementor-element.elementor-element-6bc5b328 > .elementor-motion-effects-container > .elementor-motion-effects-layer{background-color:#FFFFFF2E;}.elementor-6334 .elementor-element.elementor-element-6bc5b328.e-con{--align-self:center;}.elementor-6334 .elementor-element.elementor-element-47477b3c{width:100%;max-width:100%;}.elementor-6334 .elementor-element.elementor-element-47477b3c.elementor-element{--align-self:center;}@media(min-width:768px){.elementor-6334 .elementor-element.elementor-element-6bc5b328{--width:750px;}}\/* Start custom CSS for shortcode, class: .elementor-element-47477b3c *\/.elementor-6334 .elementor-element.elementor-element-47477b3c {\n    \n}\/* End custom CSS *\/<\/style>\t\t<div data-elementor-type=\"container\" data-elementor-id=\"6334\" class=\"elementor elementor-6334\">\n\t\t\t\t<div class=\"elementor-element elementor-element-6bc5b328 e-con-full e-flex wpr-particle-no wpr-jarallax-no wpr-parallax-no wpr-sticky-section-no e-con e-child\" data-id=\"6bc5b328\" data-element_type=\"container\" id=\"ai-tool-glass\" data-settings=\"{&quot;background_background&quot;:&quot;classic&quot;}\">\n\t\t\t\t<div class=\"elementor-element elementor-element-47477b3c elementor-widget__width-inherit elementor-widget elementor-widget-shortcode\" data-id=\"47477b3c\" data-element_type=\"widget\" data-widget_type=\"shortcode.default\">\n\t\t\t\t\t\t\t<div class=\"elementor-shortcode\">        <div class=\"ai-chat-input-only ai-tool-home\" style=\"width: 100%;\">\n                        <div class=\"ai-chat-input-container\">\n                <input type=\"text\" class=\"ai-chat-input\" placeholder=\"Je suis ton concierge personnel. Comment puis-je t&#039;aider ?\">\n                <button class=\"ai-chat-send\"><\/button>\n            <\/div>\n            <div class=\"ai-chat-loading\" style=\"display: none;\">L'IA pense...<\/div>\n        <\/div>\n    <\/div>\n\t\t\t\t\t\t<\/div>\n\t\t\t\t<\/div>\n\t\t\t\t<\/div>\n\t\t<span class=\"wpr-template-edit-btn\" data-permalink=\"https:\/\/new.latinconnect.com\/fr\/?elementor_library=ai-header\">Edit Template<\/span>\t\t\t\t<\/div>\n\t\t\t\t<\/header>\n\t\t<div class=\"elementor-element elementor-element-7a7c7559 e-flex e-con-boxed wpr-particle-no wpr-jarallax-no wpr-parallax-no wpr-sticky-section-no e-con e-parent\" data-id=\"7a7c7559\" data-element_type=\"container\">\n\t\t\t\t\t<div class=\"e-con-inner\">\n\t\t\t\t<div class=\"elementor-element elementor-element-474c89d elementor-widget elementor-widget-heading\" data-id=\"474c89d\" data-element_type=\"widget\" data-widget_type=\"heading.default\">\n\t\t\t\t\t<h2 class=\"elementor-heading-title elementor-size-default\">Bolivie<\/h2>\t\t\t\t<\/div>\n\t\t<div class=\"elementor-element elementor-element-5c75d138 e-con-full e-flex wpr-particle-no wpr-jarallax-no wpr-parallax-no wpr-sticky-section-no e-con e-child\" data-id=\"5c75d138\" data-element_type=\"container\">\n\t\t<div class=\"elementor-element elementor-element-7e420140 e-con-full e-flex wpr-particle-no wpr-jarallax-no wpr-parallax-no wpr-sticky-section-no e-con e-child\" data-id=\"7e420140\" data-element_type=\"container\">\n\t\t\t\t<div class=\"elementor-element elementor-element-453a1584 elementor-widget elementor-widget-text-editor\" data-id=\"453a1584\" data-element_type=\"widget\" data-widget_type=\"text-editor.default\">\n\t\t\t\t\t\t\t\t\t<p>La Bolivie est le pays le plus \u00e9lev\u00e9 et peut-\u00eatre le plus authentique d'Am\u00e9rique du Sud \u2013 plein de contrastes entre les hautes Andes, la for\u00eat tropicale humide et la culture indig\u00e8ne. Sur 1,1 million de km\u00b2, il combine une nature extr\u00eame et des traditions profond\u00e9ment enracin\u00e9es. L'Altiplano, \u00e0 3 500\u20134 000 m, marque l'ouest du pays ; c'est l\u00e0 que se trouve La Paz \u2013 l'une des capitales les plus hautes du monde, \u00e0 3 600 m.<\/p><p>Des merveilles naturelles comme le Salar d'Uyuni, des lagunes color\u00e9es, des geysers et des volcans cr\u00e9ent des paysages surr\u00e9alistes d'une beaut\u00e9 unique. \u00c0 l'est, l'Amazonie attire par sa luxuriante diversit\u00e9 verte, notamment dans le parc national Madidi. Des villes coloniales comme Sucre et Potos\u00ed racontent l'histoire mouvement\u00e9e du pays.<\/p><p>Plus de 30 ethnies indig\u00e8nes marquent la vie quotidienne, la langue et les f\u00eates \u2013 de la tenue traditionnelle Pollera \u00e0 la mastication de feuilles de coca. La Bolivie est intense, authentique et \u00e9mouvante \u2013 une Am\u00e9rique du Sud loin du courant dominant pour les explorateurs dot\u00e9s d'une v\u00e9ritable curiosit\u00e9 pour l'authenticit\u00e9.<\/p>\t\t\t\t\t\t\t\t<\/div>\n\t\t\t\t<\/div>\n\t\t<div class=\"elementor-element elementor-element-6ca4d190 e-con-full e-flex wpr-particle-no wpr-jarallax-no wpr-parallax-no wpr-sticky-section-no e-con e-child\" data-id=\"6ca4d190\" data-element_type=\"container\">\n\t\t\t\t<div class=\"elementor-element elementor-element-30566c5 elementor-pagination-position-inside destination elementor-widget elementor-widget-image-carousel\" data-id=\"30566c5\" data-element_type=\"widget\" id=\"main-slider\" data-settings=\"{&quot;navigation&quot;:&quot;dots&quot;,&quot;slides_to_show&quot;:&quot;1&quot;,&quot;effect&quot;:&quot;fade&quot;,&quot;autoplay&quot;:&quot;yes&quot;,&quot;pause_on_hover&quot;:&quot;yes&quot;,&quot;pause_on_interaction&quot;:&quot;yes&quot;,&quot;autoplay_speed&quot;:5000,&quot;infinite&quot;:&quot;yes&quot;,&quot;speed&quot;:500}\" data-widget_type=\"image-carousel.default\">\n\t\t\t\t\t\t\t<div class=\"elementor-image-carousel-wrapper swiper\" role=\"region\" aria-roledescription=\"carousel\" aria-label=\"Carrousel d&#039;images\" dir=\"ltr\">\n\t\t\t<div class=\"elementor-image-carousel swiper-wrapper\" aria-live=\"off\">\n\t\t\t\t\t\t\t\t<div class=\"swiper-slide\" role=\"group\" aria-roledescription=\"slide\" aria-label=\"1 de 4\" data-no-translation-aria-label=\"\"><figure class=\"swiper-slide-inner\"><img decoding=\"async\" class=\"swiper-slide-image\" src=\"https:\/\/new.latinconnect.com\/wp-content\/uploads\/latinconnect-unsere-dmcs-latventure-bolivia-bergen-alpaca-768x519.webp\" alt=\"Alpaga dans un paysage de hauts plateaux avec une \u00e9glise et un volcan enneig\u00e9 en Bolivie\" \/><\/figure><\/div><div class=\"swiper-slide\" role=\"group\" aria-roledescription=\"slide\" aria-label=\"2 de 4\" data-no-translation-aria-label=\"\"><figure class=\"swiper-slide-inner\"><img decoding=\"async\" class=\"swiper-slide-image\" src=\"https:\/\/new.latinconnect.com\/wp-content\/uploads\/latinconnect-unsere-dmcs-latventure-bolivia-768x519.webp\" alt=\"Saline avec des structures de sel polygonales sur le Salar d&#039;Uyuni en Bolivie\" \/><\/figure><\/div><div class=\"swiper-slide\" role=\"group\" aria-roledescription=\"slide\" aria-label=\"3 de 4\" data-no-translation-aria-label=\"\"><figure class=\"swiper-slide-inner\"><img decoding=\"async\" class=\"swiper-slide-image\" src=\"https:\/\/new.latinconnect.com\/wp-content\/uploads\/latinconnect-destinationen-bolivien-valle-de-las-animas.webp\" alt=\"Formations rocheuses spectaculaires dans le Valle de las \u00c1nimas pr\u00e8s de La Paz, Bolivie\" \/><\/figure><\/div><div class=\"swiper-slide\" role=\"group\" aria-roledescription=\"slide\" aria-label=\"4 de 4\" data-no-translation-aria-label=\"\"><figure class=\"swiper-slide-inner\"><img decoding=\"async\" class=\"swiper-slide-image\" src=\"https:\/\/new.latinconnect.com\/wp-content\/uploads\/latinconnect-destinationen-bolivien-lagunas-verde.webp\" alt=\"Flamants roses dans une lagune sur l&#039;Altiplano bolivien avec des montagnes en arri\u00e8re-plan\" \/><\/figure><\/div>\t\t\t<\/div>\n\t\t\t\t\t\t\t\n\t\t\t\t\t\t\t\t\t<div class=\"swiper-pagination\"><\/div>\n\t\t\t\t\t\t\t\t\t<\/div>\n\t\t\t\t\t\t<\/div>\n\t\t\t\t<\/div>\n\t\t\t\t<\/div>\n\t\t\t\t\t<\/div>\n\t\t\t\t<\/div>\n\t\t<div class=\"elementor-element elementor-element-e03e86e e-flex e-con-boxed wpr-particle-no wpr-jarallax-no wpr-parallax-no wpr-sticky-section-no e-con e-parent\" data-id=\"e03e86e\" data-element_type=\"container\" data-settings=\"{&quot;background_background&quot;:&quot;classic&quot;}\">\n\t\t\t\t\t<div class=\"e-con-inner\">\n\t\t\t\t<div class=\"elementor-element elementor-element-4b327ecb elementor-widget elementor-widget-heading\" data-id=\"4b327ecb\" data-element_type=\"widget\" data-widget_type=\"heading.default\">\n\t\t\t\t\t<h2 class=\"elementor-heading-title elementor-size-default\">Bon \u00e0 savoir<\/h2>\t\t\t\t<\/div>\n\t\t<div class=\"elementor-element elementor-element-38565f23 e-con-full e-flex wpr-particle-no wpr-jarallax-no wpr-parallax-no wpr-sticky-section-no e-con e-child\" data-id=\"38565f23\" data-element_type=\"container\">\n\t\t\t\t<div class=\"elementor-element elementor-element-34dc94d5 elementor-widget elementor-widget-text-editor\" data-id=\"34dc94d5\" data-element_type=\"widget\" data-widget_type=\"text-editor.default\">\n\t\t\t\t\t\t\t\t\t<p>La Bolivie se situe au c\u0153ur de l'Am\u00e9rique du Sud \u2013 un pays enclav\u00e9 plein de contrastes : du surr\u00e9aliste d\u00e9sert de sel du Salar d'Uyuni, en passant par le plateau aride de l'Altiplano, jusqu'aux basses terres tropicales de l'Amazonie autour de Santa Cruz. Le pays enthousiasme par sa culture authentique, plus de 30 ethnies indig\u00e8nes, ses march\u00e9s color\u00e9s et ses traditions vivantes. Les voyageurs en qu\u00eate d'aventure y d\u00e9couvriront l'Am\u00e9rique du Sud loin des foules \u2013 intense, rude, authentique. Une destination id\u00e9ale pour les voyages individuels ou les circuits guid\u00e9s \u00e0 la carte.<\/p>\t\t\t\t\t\t\t\t<\/div>\n\t\t\t\t<\/div>\n\t\t<div class=\"elementor-element elementor-element-6cca4269 e-con-full e-flex wpr-particle-no wpr-jarallax-no wpr-parallax-no wpr-sticky-section-no e-con e-child\" data-id=\"6cca4269\" data-element_type=\"container\">\n\t\t\t\t<div class=\"elementor-element elementor-element-6d4feb6f elementor-widget__width-initial elementor-widget elementor-widget-n-accordion\" data-id=\"6d4feb6f\" data-element_type=\"widget\" data-settings=\"{&quot;n_accordion_animation_duration&quot;:{&quot;unit&quot;:&quot;ms&quot;,&quot;size&quot;:200,&quot;sizes&quot;:[]},&quot;default_state&quot;:&quot;expanded&quot;,&quot;max_items_expended&quot;:&quot;one&quot;}\" data-widget_type=\"nested-accordion.default\">\n\t\t\t\t\t\t\t<div class=\"e-n-accordion\" aria-label=\"Accord\u00e9on. Ouvrez les liens avec Entr\u00e9e ou Espace, fermez avec \u00c9chap, et naviguez avec les touches fl\u00e9ch\u00e9es\">\n\t\t\t\t\t\t<details id=\"e-n-accordion-item-1830\" class=\"e-n-accordion-item\" open>\n\t\t\t\t<summary class=\"e-n-accordion-item-title\" data-accordion-index=\"1\" tabindex=\"0\" aria-expanded=\"true\" aria-controls=\"e-n-accordion-item-1830\" >\n\t\t\t\t\t<span class='e-n-accordion-item-title-header'><h3 class=\"e-n-accordion-item-title-text\"> Liaisons a\u00e9riennes <\/h3><\/span>\n\t\t\t\t\t\t\t<span class='e-n-accordion-item-title-icon'>\n\t\t\t<span class='e-opened' ><svg xmlns=\"http:\/\/www.w3.org\/2000\/svg\" xmlns:xlink=\"http:\/\/www.w3.org\/1999\/xlink\" width=\"16px\" height=\"14px\" viewbox=\"0 0 16 14\"><title>Ic\u00f4ne plus<\/title><g id=\"Page-1\" stroke=\"none\" stroke-width=\"1\" fill=\"none\" fill-rule=\"evenodd\" stroke-linecap=\"round\" stroke-linejoin=\"round\"><g id=\"24-10730_LC_Destination-Mexiko_Dtp\" transform=\"translate(-1504, -2410)\" stroke=\"#ED7D00\"><g id=\"Accordeon_GutZuWissen\" transform=\"translate(681, 2307)\"><g id=\"Accord_Einreise\" transform=\"translate(0, 73)\" stroke-width=\"2\"><g id=\"AccordTitel_Einreise\" transform=\"translate(2, 0)\"><g id=\"Icon_plus\" transform=\"translate(822, 30)\"><line x1=\"0\" y1=\"7\" x2=\"14\" y2=\"7\" id=\"Shape\"><\/line><\/g><\/g><\/g><\/g><\/g><\/g><\/svg><\/span>\n\t\t\t<span class='e-closed'><svg xmlns=\"http:\/\/www.w3.org\/2000\/svg\" xmlns:xlink=\"http:\/\/www.w3.org\/1999\/xlink\" width=\"16px\" height=\"16px\" viewbox=\"0 0 16 16\"><title>Ic\u00f4ne plus<\/title><g id=\"Page-1\" stroke=\"none\" stroke-width=\"1\" fill=\"none\" fill-rule=\"evenodd\" stroke-linecap=\"round\" stroke-linejoin=\"round\"><g id=\"24-10730_LC_Destination-Mexiko_Dtp\" transform=\"translate(-1504, -2336)\" stroke=\"#ED7D00\"><g id=\"Accordeon_GutZuWissen\" transform=\"translate(681, 2307)\"><g id=\"Accord_Flugverbindungen\" transform=\"translate(2, 0)\" stroke-width=\"2\"><g id=\"Icon_plus\" transform=\"translate(822, 30)\"><line x1=\"7\" y1=\"0\" x2=\"7\" y2=\"14\" id=\"Shape\"><\/line><line x1=\"0\" y1=\"7\" x2=\"14\" y2=\"7\" id=\"Shape\"><\/line><\/g><\/g><\/g><\/g><\/g><\/svg><\/span>\n\t\t<\/span>\n\n\t\t\t\t\t\t<\/summary>\n\t\t\t\t<div role=\"region\" aria-labelledby=\"e-n-accordion-item-1830\" class=\"elementor-element elementor-element-1a0da576 e-con-full e-flex wpr-particle-no wpr-jarallax-no wpr-parallax-no wpr-sticky-section-no e-con e-child\" data-id=\"1a0da576\" data-element_type=\"container\">\n\t\t\t\t<div class=\"elementor-element elementor-element-25036865 elementor-widget elementor-widget-text-editor\" data-id=\"25036865\" data-element_type=\"widget\" data-widget_type=\"text-editor.default\">\n\t\t\t\t\t\t\t\t\t<p>Il existe peu de vols directs vers la Bolivie \u2013 par exemple, avec Air Europa de Madrid \u00e0 Santa Cruz (VVI). Les clients arrivent souvent via Lima, Bogot\u00e1 ou S\u00e3o Paulo. La Paz (LPB) et Cochabamba (CBB) sont des a\u00e9roports r\u00e9gionaux, id\u00e9aux pour les circuits. Les vols int\u00e9rieurs font gagner du temps. Google Flights vous aide pour le voyage ou les vols int\u00e9rieurs.<\/p>\t\t\t\t\t\t\t\t<\/div>\n\t\t\t\t<\/div>\n\t\t\t\t\t<\/details>\n\t\t\t\t\t\t<details id=\"e-n-accordion-item-1831\" class=\"e-n-accordion-item\" >\n\t\t\t\t<summary class=\"e-n-accordion-item-title\" data-accordion-index=\"2\" tabindex=\"-1\" aria-expanded=\"false\" aria-controls=\"e-n-accordion-item-1831\" >\n\t\t\t\t\t<span class='e-n-accordion-item-title-header'><h3 class=\"e-n-accordion-item-title-text\"> Entr\u00e9e <\/h3><\/span>\n\t\t\t\t\t\t\t<span class='e-n-accordion-item-title-icon'>\n\t\t\t<span class='e-opened' ><svg xmlns=\"http:\/\/www.w3.org\/2000\/svg\" xmlns:xlink=\"http:\/\/www.w3.org\/1999\/xlink\" width=\"16px\" height=\"14px\" viewbox=\"0 0 16 14\"><title>Ic\u00f4ne plus<\/title><g id=\"Page-1\" stroke=\"none\" stroke-width=\"1\" fill=\"none\" fill-rule=\"evenodd\" stroke-linecap=\"round\" stroke-linejoin=\"round\"><g id=\"24-10730_LC_Destination-Mexiko_Dtp\" transform=\"translate(-1504, -2410)\" stroke=\"#ED7D00\"><g id=\"Accordeon_GutZuWissen\" transform=\"translate(681, 2307)\"><g id=\"Accord_Einreise\" transform=\"translate(0, 73)\" stroke-width=\"2\"><g id=\"AccordTitel_Einreise\" transform=\"translate(2, 0)\"><g id=\"Icon_plus\" transform=\"translate(822, 30)\"><line x1=\"0\" y1=\"7\" x2=\"14\" y2=\"7\" id=\"Shape\"><\/line><\/g><\/g><\/g><\/g><\/g><\/g><\/svg><\/span>\n\t\t\t<span class='e-closed'><svg xmlns=\"http:\/\/www.w3.org\/2000\/svg\" xmlns:xlink=\"http:\/\/www.w3.org\/1999\/xlink\" width=\"16px\" height=\"16px\" viewbox=\"0 0 16 16\"><title>Ic\u00f4ne plus<\/title><g id=\"Page-1\" stroke=\"none\" stroke-width=\"1\" fill=\"none\" fill-rule=\"evenodd\" stroke-linecap=\"round\" stroke-linejoin=\"round\"><g id=\"24-10730_LC_Destination-Mexiko_Dtp\" transform=\"translate(-1504, -2336)\" stroke=\"#ED7D00\"><g id=\"Accordeon_GutZuWissen\" transform=\"translate(681, 2307)\"><g id=\"Accord_Flugverbindungen\" transform=\"translate(2, 0)\" stroke-width=\"2\"><g id=\"Icon_plus\" transform=\"translate(822, 30)\"><line x1=\"7\" y1=\"0\" x2=\"7\" y2=\"14\" id=\"Shape\"><\/line><line x1=\"0\" y1=\"7\" x2=\"14\" y2=\"7\" id=\"Shape\"><\/line><\/g><\/g><\/g><\/g><\/g><\/svg><\/span>\n\t\t<\/span>\n\n\t\t\t\t\t\t<\/summary>\n\t\t\t\t<div role=\"region\" aria-labelledby=\"e-n-accordion-item-1831\" class=\"elementor-element elementor-element-526d219 e-con-full e-flex wpr-particle-no wpr-jarallax-no wpr-parallax-no wpr-sticky-section-no e-con e-child\" data-id=\"526d219\" data-element_type=\"container\">\n\t\t\t\t<div class=\"elementor-element elementor-element-a60965e elementor-widget elementor-widget-text-editor\" data-id=\"a60965e\" data-element_type=\"widget\" data-widget_type=\"text-editor.default\">\n\t\t\t\t\t\t\t\t\t<p>Les voyageurs des pays germanophones (Allemagne, Autriche, Suisse) peuvent entrer en Bolivie sans visa pour un s\u00e9jour allant jusqu'\u00e0 90 jours. Le passeport doit \u00eatre valide six mois \u00e0 compter de la date d'entr\u00e9e. Un billet de retour est rarement demand\u00e9. Une preuve de vaccination contre la fi\u00e8vre jaune est exig\u00e9e lors de l'entr\u00e9e dans des zones \u00e0 risque \u2013 une vaccination est g\u00e9n\u00e9ralement recommand\u00e9e pour la r\u00e9gion amazonienne. Les prolongations de s\u00e9jour sont facilement possibles sur place. V\u00e9rifiez toujours le tampon d'entr\u00e9e.<\/p>\t\t\t\t\t\t\t\t<\/div>\n\t\t\t\t<\/div>\n\t\t\t\t\t<\/details>\n\t\t\t\t\t\t<details id=\"e-n-accordion-item-1832\" class=\"e-n-accordion-item\" >\n\t\t\t\t<summary class=\"e-n-accordion-item-title\" data-accordion-index=\"3\" tabindex=\"-1\" aria-expanded=\"false\" aria-controls=\"e-n-accordion-item-1832\" >\n\t\t\t\t\t<span class='e-n-accordion-item-title-header'><h3 class=\"e-n-accordion-item-title-text\"> Meilleure p\u00e9riode pour voyager <\/h3><\/span>\n\t\t\t\t\t\t\t<span class='e-n-accordion-item-title-icon'>\n\t\t\t<span class='e-opened' ><svg xmlns=\"http:\/\/www.w3.org\/2000\/svg\" xmlns:xlink=\"http:\/\/www.w3.org\/1999\/xlink\" width=\"16px\" height=\"14px\" viewbox=\"0 0 16 14\"><title>Ic\u00f4ne plus<\/title><g id=\"Page-1\" stroke=\"none\" stroke-width=\"1\" fill=\"none\" fill-rule=\"evenodd\" stroke-linecap=\"round\" stroke-linejoin=\"round\"><g id=\"24-10730_LC_Destination-Mexiko_Dtp\" transform=\"translate(-1504, -2410)\" stroke=\"#ED7D00\"><g id=\"Accordeon_GutZuWissen\" transform=\"translate(681, 2307)\"><g id=\"Accord_Einreise\" transform=\"translate(0, 73)\" stroke-width=\"2\"><g id=\"AccordTitel_Einreise\" transform=\"translate(2, 0)\"><g id=\"Icon_plus\" transform=\"translate(822, 30)\"><line x1=\"0\" y1=\"7\" x2=\"14\" y2=\"7\" id=\"Shape\"><\/line><\/g><\/g><\/g><\/g><\/g><\/g><\/svg><\/span>\n\t\t\t<span class='e-closed'><svg xmlns=\"http:\/\/www.w3.org\/2000\/svg\" xmlns:xlink=\"http:\/\/www.w3.org\/1999\/xlink\" width=\"16px\" height=\"16px\" viewbox=\"0 0 16 16\"><title>Ic\u00f4ne plus<\/title><g id=\"Page-1\" stroke=\"none\" stroke-width=\"1\" fill=\"none\" fill-rule=\"evenodd\" stroke-linecap=\"round\" stroke-linejoin=\"round\"><g id=\"24-10730_LC_Destination-Mexiko_Dtp\" transform=\"translate(-1504, -2336)\" stroke=\"#ED7D00\"><g id=\"Accordeon_GutZuWissen\" transform=\"translate(681, 2307)\"><g id=\"Accord_Flugverbindungen\" transform=\"translate(2, 0)\" stroke-width=\"2\"><g id=\"Icon_plus\" transform=\"translate(822, 30)\"><line x1=\"7\" y1=\"0\" x2=\"7\" y2=\"14\" id=\"Shape\"><\/line><line x1=\"0\" y1=\"7\" x2=\"14\" y2=\"7\" id=\"Shape\"><\/line><\/g><\/g><\/g><\/g><\/g><\/svg><\/span>\n\t\t<\/span>\n\n\t\t\t\t\t\t<\/summary>\n\t\t\t\t<div role=\"region\" aria-labelledby=\"e-n-accordion-item-1832\" class=\"elementor-element elementor-element-5cb14d84 e-flex e-con-boxed wpr-particle-no wpr-jarallax-no wpr-parallax-no wpr-sticky-section-no e-con e-child\" data-id=\"5cb14d84\" data-element_type=\"container\">\n\t\t\t\t\t<div class=\"e-con-inner\">\n\t\t\t\t<div class=\"elementor-element elementor-element-244b34e1 elementor-widget elementor-widget-text-editor\" data-id=\"244b34e1\" data-element_type=\"widget\" data-widget_type=\"text-editor.default\">\n\t\t\t\t\t\t\t\t\t<p>Pour les hauts plateaux (La Paz, Uyuni, lac Titicaca), mai \u00e0 octobre sont consid\u00e9r\u00e9s comme les mois id\u00e9aux pour voyager : sec, ensoleill\u00e9, froid la nuit. \u00c0 Uyuni, il peut faire jusqu'\u00e0 \u201320 \u00b0C. F\u00e9vrier\/mars offre en revanche le c\u00e9l\u00e8bre effet miroir sur le d\u00e9sert de sel. Dans les terres basses, il fait chaud toute l'ann\u00e9e, juin \u00e0 ao\u00fbt sont les plus agr\u00e9ables. Pour des voyages combin\u00e9s, mai\u2013septembre est recommand\u00e9, avril\/octobre sont consid\u00e9r\u00e9s comme de bonnes p\u00e9riodes interm\u00e9diaires.<\/p>\t\t\t\t\t\t\t\t<\/div>\n\t\t\t\t\t<\/div>\n\t\t\t\t<\/div>\n\t\t\t\t\t<\/details>\n\t\t\t\t\t\t<details id=\"e-n-accordion-item-1833\" class=\"e-n-accordion-item\" >\n\t\t\t\t<summary class=\"e-n-accordion-item-title\" data-accordion-index=\"4\" tabindex=\"-1\" aria-expanded=\"false\" aria-controls=\"e-n-accordion-item-1833\" >\n\t\t\t\t\t<span class='e-n-accordion-item-title-header'><h3 class=\"e-n-accordion-item-title-text\"> S\u00e9curit\u00e9 <\/h3><\/span>\n\t\t\t\t\t\t\t<span class='e-n-accordion-item-title-icon'>\n\t\t\t<span class='e-opened' ><svg xmlns=\"http:\/\/www.w3.org\/2000\/svg\" xmlns:xlink=\"http:\/\/www.w3.org\/1999\/xlink\" width=\"16px\" height=\"14px\" viewbox=\"0 0 16 14\"><title>Ic\u00f4ne plus<\/title><g id=\"Page-1\" stroke=\"none\" stroke-width=\"1\" fill=\"none\" fill-rule=\"evenodd\" stroke-linecap=\"round\" stroke-linejoin=\"round\"><g id=\"24-10730_LC_Destination-Mexiko_Dtp\" transform=\"translate(-1504, -2410)\" stroke=\"#ED7D00\"><g id=\"Accordeon_GutZuWissen\" transform=\"translate(681, 2307)\"><g id=\"Accord_Einreise\" transform=\"translate(0, 73)\" stroke-width=\"2\"><g id=\"AccordTitel_Einreise\" transform=\"translate(2, 0)\"><g id=\"Icon_plus\" transform=\"translate(822, 30)\"><line x1=\"0\" y1=\"7\" x2=\"14\" y2=\"7\" id=\"Shape\"><\/line><\/g><\/g><\/g><\/g><\/g><\/g><\/svg><\/span>\n\t\t\t<span class='e-closed'><svg xmlns=\"http:\/\/www.w3.org\/2000\/svg\" xmlns:xlink=\"http:\/\/www.w3.org\/1999\/xlink\" width=\"16px\" height=\"16px\" viewbox=\"0 0 16 16\"><title>Ic\u00f4ne plus<\/title><g id=\"Page-1\" stroke=\"none\" stroke-width=\"1\" fill=\"none\" fill-rule=\"evenodd\" stroke-linecap=\"round\" stroke-linejoin=\"round\"><g id=\"24-10730_LC_Destination-Mexiko_Dtp\" transform=\"translate(-1504, -2336)\" stroke=\"#ED7D00\"><g id=\"Accordeon_GutZuWissen\" transform=\"translate(681, 2307)\"><g id=\"Accord_Flugverbindungen\" transform=\"translate(2, 0)\" stroke-width=\"2\"><g id=\"Icon_plus\" transform=\"translate(822, 30)\"><line x1=\"7\" y1=\"0\" x2=\"7\" y2=\"14\" id=\"Shape\"><\/line><line x1=\"0\" y1=\"7\" x2=\"14\" y2=\"7\" id=\"Shape\"><\/line><\/g><\/g><\/g><\/g><\/g><\/svg><\/span>\n\t\t<\/span>\n\n\t\t\t\t\t\t<\/summary>\n\t\t\t\t<div role=\"region\" aria-labelledby=\"e-n-accordion-item-1833\" class=\"elementor-element elementor-element-3f4d45cb e-flex e-con-boxed wpr-particle-no wpr-jarallax-no wpr-parallax-no wpr-sticky-section-no e-con e-child\" data-id=\"3f4d45cb\" data-element_type=\"container\">\n\t\t\t\t\t<div class=\"e-con-inner\">\n\t\t\t\t<div class=\"elementor-element elementor-element-379d9392 elementor-widget elementor-widget-text-editor\" data-id=\"379d9392\" data-element_type=\"widget\" data-widget_type=\"text-editor.default\">\n\t\t\t\t\t\t\t\t\tLa Bolivie est globalement s\u00fbre, mais la petite d\u00e9linquance et les arnaques sont courantes dans les villes comme La Paz ou Santa Cruz. N'utilisez que des taxis enregistr\u00e9s, ne montrez pas de biens de valeur ostensiblement et restez vigilant dans les bars. Des blocages peuvent survenir lors de manifestations sociales \u2013 v\u00e9rifiez la situation actuelle. En faisant preuve de prudence, vous pourrez bien voyager en Bolivie. Les conseils aux voyageurs du minist\u00e8re des Affaires \u00e9trang\u00e8res fournissent des mises \u00e0 jour fiables.\t\t\t\t\t\t\t\t<\/div>\n\t\t\t\t\t<\/div>\n\t\t\t\t<\/div>\n\t\t\t\t\t<\/details>\n\t\t\t\t\t\t<details id=\"e-n-accordion-item-1834\" class=\"e-n-accordion-item\" >\n\t\t\t\t<summary class=\"e-n-accordion-item-title\" data-accordion-index=\"5\" tabindex=\"-1\" aria-expanded=\"false\" aria-controls=\"e-n-accordion-item-1834\" >\n\t\t\t\t\t<span class='e-n-accordion-item-title-header'><h3 class=\"e-n-accordion-item-title-text\"> Sant\u00e9 <\/h3><\/span>\n\t\t\t\t\t\t\t<span class='e-n-accordion-item-title-icon'>\n\t\t\t<span class='e-opened' ><svg xmlns=\"http:\/\/www.w3.org\/2000\/svg\" xmlns:xlink=\"http:\/\/www.w3.org\/1999\/xlink\" width=\"16px\" height=\"14px\" viewbox=\"0 0 16 14\"><title>Ic\u00f4ne plus<\/title><g id=\"Page-1\" stroke=\"none\" stroke-width=\"1\" fill=\"none\" fill-rule=\"evenodd\" stroke-linecap=\"round\" stroke-linejoin=\"round\"><g id=\"24-10730_LC_Destination-Mexiko_Dtp\" transform=\"translate(-1504, -2410)\" stroke=\"#ED7D00\"><g id=\"Accordeon_GutZuWissen\" transform=\"translate(681, 2307)\"><g id=\"Accord_Einreise\" transform=\"translate(0, 73)\" stroke-width=\"2\"><g id=\"AccordTitel_Einreise\" transform=\"translate(2, 0)\"><g id=\"Icon_plus\" transform=\"translate(822, 30)\"><line x1=\"0\" y1=\"7\" x2=\"14\" y2=\"7\" id=\"Shape\"><\/line><\/g><\/g><\/g><\/g><\/g><\/g><\/svg><\/span>\n\t\t\t<span class='e-closed'><svg xmlns=\"http:\/\/www.w3.org\/2000\/svg\" xmlns:xlink=\"http:\/\/www.w3.org\/1999\/xlink\" width=\"16px\" height=\"16px\" viewbox=\"0 0 16 16\"><title>Ic\u00f4ne plus<\/title><g id=\"Page-1\" stroke=\"none\" stroke-width=\"1\" fill=\"none\" fill-rule=\"evenodd\" stroke-linecap=\"round\" stroke-linejoin=\"round\"><g id=\"24-10730_LC_Destination-Mexiko_Dtp\" transform=\"translate(-1504, -2336)\" stroke=\"#ED7D00\"><g id=\"Accordeon_GutZuWissen\" transform=\"translate(681, 2307)\"><g id=\"Accord_Flugverbindungen\" transform=\"translate(2, 0)\" stroke-width=\"2\"><g id=\"Icon_plus\" transform=\"translate(822, 30)\"><line x1=\"7\" y1=\"0\" x2=\"7\" y2=\"14\" id=\"Shape\"><\/line><line x1=\"0\" y1=\"7\" x2=\"14\" y2=\"7\" id=\"Shape\"><\/line><\/g><\/g><\/g><\/g><\/g><\/svg><\/span>\n\t\t<\/span>\n\n\t\t\t\t\t\t<\/summary>\n\t\t\t\t<div role=\"region\" aria-labelledby=\"e-n-accordion-item-1834\" class=\"elementor-element elementor-element-5fefb8f0 e-flex e-con-boxed wpr-particle-no wpr-jarallax-no wpr-parallax-no wpr-sticky-section-no e-con e-child\" data-id=\"5fefb8f0\" data-element_type=\"container\">\n\t\t\t\t\t<div class=\"e-con-inner\">\n\t\t\t\t<div class=\"elementor-element elementor-element-326ee887 elementor-widget elementor-widget-text-editor\" data-id=\"326ee887\" data-element_type=\"widget\" data-widget_type=\"text-editor.default\">\n\t\t\t\t\t\t\t\t\t<p>L'altitude est un sujet central : \u00e0 votre arriv\u00e9e \u00e0 La Paz, reposez-vous, buvez beaucoup, essayez le th\u00e9 de coca. Dans les basses terres de l'Amazonie, la dengue et le paludisme sont des probl\u00e8mes : la protection contre les moustiques est obligatoire, la vaccination contre la fi\u00e8vre jaune est recommand\u00e9e. \u00c9vitez l'eau du robinet, ne consommez la cuisine de rue qu'avec prudence. D'excellentes cliniques priv\u00e9es sont disponibles dans les villes, pour les r\u00e9gions rurales, une petite trousse de premiers secours est recommand\u00e9e. Informations sur, par exemple, <a href=\"https:\/\/www.healthytravel.ch\">healthytravel.ch<\/a> de faire attention.<\/p>\t\t\t\t\t\t\t\t<\/div>\n\t\t\t\t\t<\/div>\n\t\t\t\t<\/div>\n\t\t\t\t\t<\/details>\n\t\t\t\t\t<\/div>\n\t\t\t\t\t<script type=\"application\/ld+json\">{\n    \"@context\": \"https:\\\/\\\/schema.org\",\n    \"@type\": \"FAQPage\",\n    \"mainEntity\": [\n        {\n            \"@type\": \"Question\",\n            \"name\": \"Flugverbindungen\",\n            \"acceptedAnswer\": {\n                \"@type\": \"Answer\",\n                \"text\": \"\"\n            }\n        },\n        {\n            \"@type\": \"Question\",\n            \"name\": \"Einreise\",\n            \"acceptedAnswer\": {\n                \"@type\": \"Answer\",\n                \"text\": \"\"\n            }\n        },\n        {\n            \"@type\": \"Question\",\n            \"name\": \"Beste Reisezeit\",\n            \"acceptedAnswer\": {\n                \"@type\": \"Answer\",\n                \"text\": \"\"\n            }\n        },\n        {\n            \"@type\": \"Question\",\n            \"name\": \"Sicherheit\",\n            \"acceptedAnswer\": {\n                \"@type\": \"Answer\",\n                \"text\": \"\"\n            }\n        },\n        {\n            \"@type\": \"Question\",\n            \"name\": \"Gesundheit\",\n            \"acceptedAnswer\": {\n                \"@type\": \"Answer\",\n                \"text\": \"\"\n            }\n        }\n    ]\n}<\/script>\n\t\t\t\t\t\t\t<\/div>\n\t\t\t\t<\/div>\n\t\t\t\t\t<\/div>\n\t\t\t\t<\/div>\n\t\t<div class=\"elementor-element elementor-element-1f4b427c e-flex e-con-boxed wpr-particle-no wpr-jarallax-no wpr-parallax-no wpr-sticky-section-no e-con e-parent\" data-id=\"1f4b427c\" data-element_type=\"container\" data-settings=\"{&quot;background_background&quot;:&quot;classic&quot;}\">\n\t\t\t\t\t<div class=\"e-con-inner\">\n\t\t\t\t<div class=\"elementor-element elementor-element-36ac146 elementor-widget elementor-widget-heading\" data-id=\"36ac146\" data-element_type=\"widget\" data-widget_type=\"heading.default\">\n\t\t\t\t\t<h2 class=\"elementor-heading-title elementor-size-default\">Top 10 des points forts du voyage<\/h2>\t\t\t\t<\/div>\n\t\t<div class=\"elementor-element elementor-element-5e7be127 e-con-full card-carousel e-flex wpr-particle-no wpr-jarallax-no wpr-parallax-no wpr-sticky-section-no e-con e-child\" data-id=\"5e7be127\" data-element_type=\"container\">\n\t\t<div class=\"elementor-element elementor-element-2a27119c e-con-full card e-flex wpr-particle-no wpr-jarallax-no wpr-parallax-no wpr-sticky-section-no e-con e-child\" data-id=\"2a27119c\" data-element_type=\"container\">\n\t\t\t\t<div class=\"elementor-element elementor-element-1a690089 card-img elementor-widget elementor-widget-image\" data-id=\"1a690089\" data-element_type=\"widget\" data-widget_type=\"image.default\">\n\t\t\t\t\t\t\t\t\t\t\t\t\t\t\t<img fetchpriority=\"high\" decoding=\"async\" width=\"768\" height=\"519\" src=\"https:\/\/new.latinconnect.com\/wp-content\/uploads\/latinconnect-unsere-dmcs-latventure-bolivia-bergen-alpaca-768x519.webp\" class=\"attachment-medium_large size-medium_large wp-image-4124\" alt=\"Alpaga dans un paysage de hauts plateaux avec une \u00e9glise et un volcan enneig\u00e9 en Bolivie\" srcset=\"https:\/\/new.latinconnect.com\/wp-content\/uploads\/latinconnect-unsere-dmcs-latventure-bolivia-bergen-alpaca-768x519.webp 768w, https:\/\/new.latinconnect.com\/wp-content\/uploads\/latinconnect-unsere-dmcs-latventure-bolivia-bergen-alpaca-900x608.webp 900w, https:\/\/new.latinconnect.com\/wp-content\/uploads\/latinconnect-unsere-dmcs-latventure-bolivia-bergen-alpaca-18x12.webp 18w, https:\/\/new.latinconnect.com\/wp-content\/uploads\/latinconnect-unsere-dmcs-latventure-bolivia-bergen-alpaca.webp 1140w\" sizes=\"(max-width: 768px) 100vw, 768px\" \/>\t\t\t\t\t\t\t\t\t\t\t\t\t\t\t<\/div>\n\t\t\t\t<div class=\"elementor-element elementor-element-26a6c3c0 card-content elementor-widget elementor-widget-text-editor\" data-id=\"26a6c3c0\" data-element_type=\"widget\" data-widget_type=\"text-editor.default\">\n\t\t\t\t\t\t\t\t\t<h3>Parc national de Sajama<\/h3><p>Un paradis andin isol\u00e9 avec la plus haute montagne de Bolivie (6 542 m), des sources thermales, des geysers, des for\u00eats de Polylepis et des vigognes. Le point de d\u00e9part est le village de Sajama (4 200 m). Id\u00e9al pour le trekking et l'alpinisme, loin du tourisme de masse.<\/p>\t\t\t\t\t\t\t\t<\/div>\n\t\t\t\t<\/div>\n\t\t<div class=\"elementor-element elementor-element-785e58ea e-con-full card e-flex wpr-particle-no wpr-jarallax-no wpr-parallax-no wpr-sticky-section-no e-con e-child\" data-id=\"785e58ea\" data-element_type=\"container\">\n\t\t\t\t<div class=\"elementor-element elementor-element-2627eb95 card-img elementor-widget elementor-widget-image\" data-id=\"2627eb95\" data-element_type=\"widget\" data-widget_type=\"image.default\">\n\t\t\t\t\t\t\t\t\t\t\t\t\t\t\t<img decoding=\"async\" width=\"700\" height=\"450\" src=\"https:\/\/new.latinconnect.com\/wp-content\/uploads\/latinconnect-destinationen-bolivien-toro-toro.webp\" class=\"attachment-medium_large size-medium_large wp-image-4466\" alt=\"Parc National Toro Toro : Vaste plateau avec des formations rocheuses et des montagnes escarp\u00e9es\" srcset=\"https:\/\/new.latinconnect.com\/wp-content\/uploads\/latinconnect-destinationen-bolivien-toro-toro.webp 700w, https:\/\/new.latinconnect.com\/wp-content\/uploads\/latinconnect-destinationen-bolivien-toro-toro-18x12.webp 18w\" sizes=\"(max-width: 700px) 100vw, 700px\" \/>\t\t\t\t\t\t\t\t\t\t\t\t\t\t\t<\/div>\n\t\t\t\t<div class=\"elementor-element elementor-element-f0e9f33 card-content elementor-widget elementor-widget-text-editor\" data-id=\"f0e9f33\" data-element_type=\"widget\" data-widget_type=\"text-editor.default\">\n\t\t\t\t\t\t\t\t\t<h3>Parc national de Toro Toro<\/h3><p>Des canyons spectaculaires, des grottes et des traces de dinosaures font de Toro Toro (2\u2019800 m) une destination d'aventure. Points forts : Ca\u00f1on de la Vergelle, grotte d'Umajalanta, Ciudad de Itas. Accessible avec un guide \u2013 id\u00e9al pour les explorateurs passionn\u00e9s de g\u00e9ologie.<\/p>\t\t\t\t\t\t\t\t<\/div>\n\t\t\t\t<\/div>\n\t\t<div class=\"elementor-element elementor-element-40f4d012 e-con-full card e-flex wpr-particle-no wpr-jarallax-no wpr-parallax-no wpr-sticky-section-no e-con e-child\" data-id=\"40f4d012\" data-element_type=\"container\">\n\t\t\t\t<div class=\"elementor-element elementor-element-77467cc0 card-img elementor-widget elementor-widget-image\" data-id=\"77467cc0\" data-element_type=\"widget\" data-widget_type=\"image.default\">\n\t\t\t\t\t\t\t\t\t\t\t\t\t\t\t<img decoding=\"async\" width=\"700\" height=\"450\" src=\"https:\/\/new.latinconnect.com\/wp-content\/uploads\/latinconnect-destinationen-bolivien-madidi.webp\" class=\"attachment-medium_large size-medium_large wp-image-4468\" alt=\"Parc National Madidi &amp; Chalal\u00e1n Lodge : For\u00eat tropicale humide au bord de la rivi\u00e8re dans l&#039;Amazonie bolivienne\" srcset=\"https:\/\/new.latinconnect.com\/wp-content\/uploads\/latinconnect-destinationen-bolivien-madidi.webp 700w, https:\/\/new.latinconnect.com\/wp-content\/uploads\/latinconnect-destinationen-bolivien-madidi-18x12.webp 18w\" sizes=\"(max-width: 700px) 100vw, 700px\" \/>\t\t\t\t\t\t\t\t\t\t\t\t\t\t\t<\/div>\n\t\t\t\t<div class=\"elementor-element elementor-element-4f2ff38f card-content elementor-widget elementor-widget-text-editor\" data-id=\"4f2ff38f\" data-element_type=\"widget\" data-widget_type=\"text-editor.default\">\n\t\t\t\t\t\t\t\t\t<h3>Parc national Madidi et Lodge Chalal\u00e1n<\/h3><p>Situ\u00e9 dans l'Amazonie bolivienne, riche en biodiversit\u00e9. Sentiers dans la jungle, arbres ceiba, singes, ca\u00efmans et ciel \u00e9toil\u00e9. Chalal\u00e1n Lodge : durable, g\u00e9r\u00e9 par des indig\u00e8nes. Aventureux, confortable, original - id\u00e9al pour les fans de nature.<\/p>\t\t\t\t\t\t\t\t<\/div>\n\t\t\t\t<\/div>\n\t\t<div class=\"elementor-element elementor-element-1fbf7316 e-con-full card e-flex wpr-particle-no wpr-jarallax-no wpr-parallax-no wpr-sticky-section-no e-con e-child\" data-id=\"1fbf7316\" data-element_type=\"container\">\n\t\t\t\t<div class=\"elementor-element elementor-element-5c18a94a card-img elementor-widget elementor-widget-image\" data-id=\"5c18a94a\" data-element_type=\"widget\" data-widget_type=\"image.default\">\n\t\t\t\t\t\t\t\t\t\t\t\t\t\t\t<img loading=\"lazy\" decoding=\"async\" width=\"700\" height=\"450\" src=\"https:\/\/new.latinconnect.com\/wp-content\/uploads\/latinconnect-destinationen-bolivien-death-road.webp\" class=\"attachment-medium_large size-medium_large wp-image-4467\" alt=\"Death Road Mountainbiking : route \u00e9troite en lacets \u00e0 travers une dense for\u00eat tropicale de montagne\" srcset=\"https:\/\/new.latinconnect.com\/wp-content\/uploads\/latinconnect-destinationen-bolivien-death-road.webp 700w, https:\/\/new.latinconnect.com\/wp-content\/uploads\/latinconnect-destinationen-bolivien-death-road-18x12.webp 18w\" sizes=\"(max-width: 700px) 100vw, 700px\" \/>\t\t\t\t\t\t\t\t\t\t\t\t\t\t\t<\/div>\n\t\t\t\t<div class=\"elementor-element elementor-element-46dff649 card-content elementor-widget elementor-widget-text-editor\" data-id=\"46dff649\" data-element_type=\"widget\" data-widget_type=\"text-editor.default\">\n\t\t\t\t\t\t\t\t\t<h3>VTT sur la route de la mort<\/h3><p>Aventure culte bolivienne : 64 km \u00e0 v\u00e9lo, de 4 700 m d'altitude, sur pistes de gravier escarp\u00e9es, cascades et \u00e0 travers une for\u00eat de nuages jusqu'\u00e0 la vall\u00e9e des Yungas. Adr\u00e9naline, panoramas et ambiance tropicale \u2013 pur frisson sur la route autrefois la plus dangereuse du monde.<\/p>\t\t\t\t\t\t\t\t<\/div>\n\t\t\t\t<\/div>\n\t\t<div class=\"elementor-element elementor-element-1f3460d1 e-con-full card e-flex wpr-particle-no wpr-jarallax-no wpr-parallax-no wpr-sticky-section-no e-con e-child\" data-id=\"1f3460d1\" data-element_type=\"container\">\n\t\t\t\t<div class=\"elementor-element elementor-element-1f2c2b86 card-img elementor-widget elementor-widget-image\" data-id=\"1f2c2b86\" data-element_type=\"widget\" data-widget_type=\"image.default\">\n\t\t\t\t\t\t\t\t\t\t\t\t\t\t\t<img loading=\"lazy\" decoding=\"async\" width=\"700\" height=\"450\" src=\"https:\/\/new.latinconnect.com\/wp-content\/uploads\/latinconnect-destinationen-bolivien-tiwanaku.webp\" class=\"attachment-medium_large size-medium_large wp-image-4469\" alt=\"Tiwanaku (Tiahuanaco) : site de pierre pr\u00e9colombien avec la Porte du Soleil sur l&#039;Altiplano\" srcset=\"https:\/\/new.latinconnect.com\/wp-content\/uploads\/latinconnect-destinationen-bolivien-tiwanaku.webp 700w, https:\/\/new.latinconnect.com\/wp-content\/uploads\/latinconnect-destinationen-bolivien-tiwanaku-18x12.webp 18w\" sizes=\"(max-width: 700px) 100vw, 700px\" \/>\t\t\t\t\t\t\t\t\t\t\t\t\t\t\t<\/div>\n\t\t\t\t<div class=\"elementor-element elementor-element-76472388 card-content elementor-widget elementor-widget-text-editor\" data-id=\"76472388\" data-element_type=\"widget\" data-widget_type=\"text-editor.default\">\n\t\t\t\t\t\t\t\t\t<h3>Tiwanaku (Tiahuanaco)<\/h3><p>Ruines pr\u00e9-incas pr\u00e8s du lac Titicaca avec des monolithes, des pyramides et la porte du soleil. Centre d'une civilisation avanc\u00e9e (1500 av. J.-C.-1000 apr\u00e8s J.-C.), plein de myst\u00e8res et de spiritualit\u00e9. Meilleure p\u00e9riode : solstice d'hiver avec rituels aymaras.<\/p>\t\t\t\t\t\t\t\t<\/div>\n\t\t\t\t<\/div>\n\t\t<div class=\"elementor-element elementor-element-20967eb3 e-con-full card e-flex wpr-particle-no wpr-jarallax-no wpr-parallax-no wpr-sticky-section-no e-con e-child\" data-id=\"20967eb3\" data-element_type=\"container\">\n\t\t\t\t<div class=\"elementor-element elementor-element-2d4c8a22 card-img elementor-widget elementor-widget-image\" data-id=\"2d4c8a22\" data-element_type=\"widget\" data-widget_type=\"image.default\">\n\t\t\t\t\t\t\t\t\t\t\t\t\t\t\t<img loading=\"lazy\" decoding=\"async\" width=\"700\" height=\"450\" src=\"https:\/\/new.latinconnect.com\/wp-content\/uploads\/latinconnect-destinationen-bolivien-chiquitania.webp\" class=\"attachment-medium_large size-medium_large wp-image-4470\" alt=\"Missions j\u00e9suites de Chiquitos : \u00e9glise j\u00e9suite historique en bois dans l&#039;Est de la Bolivie\" srcset=\"https:\/\/new.latinconnect.com\/wp-content\/uploads\/latinconnect-destinationen-bolivien-chiquitania.webp 700w, https:\/\/new.latinconnect.com\/wp-content\/uploads\/latinconnect-destinationen-bolivien-chiquitania-18x12.webp 18w\" sizes=\"(max-width: 700px) 100vw, 700px\" \/>\t\t\t\t\t\t\t\t\t\t\t\t\t\t\t<\/div>\n\t\t\t\t<div class=\"elementor-element elementor-element-49e76e03 card-content elementor-widget elementor-widget-text-editor\" data-id=\"49e76e03\" data-element_type=\"widget\" data-widget_type=\"text-editor.default\">\n\t\t\t\t\t\t\t\t\t<h3>Missions j\u00e9suites Chiquitania<\/h3><p>Villages missionnaires prot\u00e9g\u00e9s par l'UNESCO dans l'est de la Bolivie : \u00e9glises baroques avec art indig\u00e8ne du bois, musique et ambiance coloniale. \u00c0 voir en particulier : Concepci\u00f3n &amp; San Xavier avec un festival tous les deux ans. Facilement accessible depuis Santa Cruz.<\/p>\t\t\t\t\t\t\t\t<\/div>\n\t\t\t\t<\/div>\n\t\t<div class=\"elementor-element elementor-element-3178e595 e-con-full card e-flex wpr-particle-no wpr-jarallax-no wpr-parallax-no wpr-sticky-section-no e-con e-child\" data-id=\"3178e595\" data-element_type=\"container\">\n\t\t\t\t<div class=\"elementor-element elementor-element-277d1e16 card-img elementor-widget elementor-widget-image\" data-id=\"277d1e16\" data-element_type=\"widget\" data-widget_type=\"image.default\">\n\t\t\t\t\t\t\t\t\t\t\t\t\t\t\t<img loading=\"lazy\" decoding=\"async\" width=\"700\" height=\"450\" src=\"https:\/\/new.latinconnect.com\/wp-content\/uploads\/latinconnect-destinationen-bolivien-cerro-rico.webp\" class=\"attachment-medium_large size-medium_large wp-image-4471\" alt=\"Mines de Potos\u00ed &amp; ville : ville de Potos\u00ed avec le Cerro Rico en arri\u00e8re-plan\" srcset=\"https:\/\/new.latinconnect.com\/wp-content\/uploads\/latinconnect-destinationen-bolivien-cerro-rico.webp 700w, https:\/\/new.latinconnect.com\/wp-content\/uploads\/latinconnect-destinationen-bolivien-cerro-rico-18x12.webp 18w\" sizes=\"(max-width: 700px) 100vw, 700px\" \/>\t\t\t\t\t\t\t\t\t\t\t\t\t\t\t<\/div>\n\t\t\t\t<div class=\"elementor-element elementor-element-5c49ff02 card-content elementor-widget elementor-widget-text-editor\" data-id=\"5c49ff02\" data-element_type=\"widget\" data-widget_type=\"text-editor.default\">\n\t\t\t\t\t\t\t\t\t<h3>Potos\u00ed Mint &amp; Tour des mines<\/h3><p>\u00c0 Potos\u00ed (4 067 m), l'histoire coloniale rencontre la r\u00e9alit\u00e9 : Casa de la Moneda t\u00e9moigne du pass\u00e9 argent\u00e9, tandis qu'une visite de la mine du Cerro Rico vous emm\u00e8ne au plus profond des galeries actives \u2013 impressionnant, oppressant et d\u00e9conseill\u00e9 aux claustrophobes.<\/p>\t\t\t\t\t\t\t\t<\/div>\n\t\t\t\t<\/div>\n\t\t<div class=\"elementor-element elementor-element-31e39194 e-con-full card e-flex wpr-particle-no wpr-jarallax-no wpr-parallax-no wpr-sticky-section-no e-con e-child\" data-id=\"31e39194\" data-element_type=\"container\">\n\t\t\t\t<div class=\"elementor-element elementor-element-4e433359 card-img elementor-widget elementor-widget-image\" data-id=\"4e433359\" data-element_type=\"widget\" data-widget_type=\"image.default\">\n\t\t\t\t\t\t\t\t\t\t\t\t\t\t\t<img loading=\"lazy\" decoding=\"async\" width=\"700\" height=\"450\" src=\"https:\/\/new.latinconnect.com\/wp-content\/uploads\/latinconnect-destinationen-bolivien-valle-de-las-animas.webp\" class=\"attachment-medium_large size-medium_large wp-image-4472\" alt=\"Formations rocheuses spectaculaires dans le Valle de las \u00c1nimas pr\u00e8s de La Paz, Bolivie\" srcset=\"https:\/\/new.latinconnect.com\/wp-content\/uploads\/latinconnect-destinationen-bolivien-valle-de-las-animas.webp 700w, https:\/\/new.latinconnect.com\/wp-content\/uploads\/latinconnect-destinationen-bolivien-valle-de-las-animas-18x12.webp 18w\" sizes=\"(max-width: 700px) 100vw, 700px\" \/>\t\t\t\t\t\t\t\t\t\t\t\t\t\t\t<\/div>\n\t\t\t\t<div class=\"elementor-element elementor-element-769436d7 card-content elementor-widget elementor-widget-text-editor\" data-id=\"769436d7\" data-element_type=\"widget\" data-widget_type=\"text-editor.default\">\n\t\t\t\t\t\t\t\t\t<h3>Vall\u00e9e des \u00c2mes (La Paz)<\/h3><p>Vall\u00e9e mystique de roches aux portes de La Paz : des colonnes bizarres de glaise et de gr\u00e8s forment un paysage surr\u00e9aliste. Id\u00e9al pour randonn\u00e9es paisibles, surtout \u00e0 la lumi\u00e8re du soir. Un conseil d'initi\u00e9 pour les fans de nature \u2013 presque d\u00e9serte et impressionnante.<\/p>\t\t\t\t\t\t\t\t<\/div>\n\t\t\t\t<\/div>\n\t\t<div class=\"elementor-element elementor-element-4e5ba558 e-con-full card e-flex wpr-particle-no wpr-jarallax-no wpr-parallax-no wpr-sticky-section-no e-con e-child\" data-id=\"4e5ba558\" data-element_type=\"container\">\n\t\t\t\t<div class=\"elementor-element elementor-element-b59b9b5 card-img elementor-widget elementor-widget-image\" data-id=\"b59b9b5\" data-element_type=\"widget\" data-widget_type=\"image.default\">\n\t\t\t\t\t\t\t\t\t\t\t\t\t\t\t<img loading=\"lazy\" decoding=\"async\" width=\"700\" height=\"450\" src=\"https:\/\/new.latinconnect.com\/wp-content\/uploads\/latinconnect-destinationen-bolivien-amboro.webp\" class=\"attachment-medium_large size-medium_large wp-image-4474\" alt=\"Parc national d&#039;Ambor\u00f3 : paysage montagneux dens\u00e9ment bois\u00e9 avec des formations rocheuses distinctives\" srcset=\"https:\/\/new.latinconnect.com\/wp-content\/uploads\/latinconnect-destinationen-bolivien-amboro.webp 700w, https:\/\/new.latinconnect.com\/wp-content\/uploads\/latinconnect-destinationen-bolivien-amboro-18x12.webp 18w\" sizes=\"(max-width: 700px) 100vw, 700px\" \/>\t\t\t\t\t\t\t\t\t\t\t\t\t\t\t<\/div>\n\t\t\t\t<div class=\"elementor-element elementor-element-11089e30 card-content elementor-widget elementor-widget-text-editor\" data-id=\"11089e30\" data-element_type=\"widget\" data-widget_type=\"text-editor.default\">\n\t\t\t\t\t\t\t\t\t<h3>Parc national d'Ambor\u00f3<\/h3><p>Astuce secr\u00e8te \u00e0 l'ouest de Santa Cruz : for\u00eats embrum\u00e9es, tamanduas g\u00e9ants, perroquets et foug\u00e8res primordiales. Id\u00e9al pour passionn\u00e9s de nature \u2013 avec excursions au d\u00e9part de Samaipata ou Buena Vista. Paradis pour l'observation des oiseaux et de la faune sauvage.<\/p>\t\t\t\t\t\t\t\t<\/div>\n\t\t\t\t<\/div>\n\t\t<div class=\"elementor-element elementor-element-6f1c3ef e-con-full card e-flex wpr-particle-no wpr-jarallax-no wpr-parallax-no wpr-sticky-section-no e-con e-child\" data-id=\"6f1c3ef\" data-element_type=\"container\">\n\t\t\t\t<div class=\"elementor-element elementor-element-c0a9c78 card-img elementor-widget elementor-widget-image\" data-id=\"c0a9c78\" data-element_type=\"widget\" data-widget_type=\"image.default\">\n\t\t\t\t\t\t\t\t\t\t\t\t\t\t\t<img loading=\"lazy\" decoding=\"async\" width=\"700\" height=\"450\" src=\"https:\/\/new.latinconnect.com\/wp-content\/uploads\/latinconnect-destinationen-bolivien-lagunas-verde.webp\" class=\"attachment-medium_large size-medium_large wp-image-4475\" alt=\"Flamants roses dans une lagune sur l&#039;Altiplano bolivien avec des montagnes en arri\u00e8re-plan\" srcset=\"https:\/\/new.latinconnect.com\/wp-content\/uploads\/latinconnect-destinationen-bolivien-lagunas-verde.webp 700w, https:\/\/new.latinconnect.com\/wp-content\/uploads\/latinconnect-destinationen-bolivien-lagunas-verde-18x12.webp 18w\" sizes=\"(max-width: 700px) 100vw, 700px\" \/>\t\t\t\t\t\t\t\t\t\t\t\t\t\t\t<\/div>\n\t\t\t\t<div class=\"elementor-element elementor-element-d2b108f card-content elementor-widget elementor-widget-text-editor\" data-id=\"d2b108f\" data-element_type=\"widget\" data-widget_type=\"text-editor.default\">\n\t\t\t\t\t\t\t\t\t<h3>Lagunes verte et rouge<\/h3><p>Des lagunes d'altitude aux couleurs magnifiques dans le sud-ouest de la Bolivie : Laguna Colorada rouge avec flamants roses et Laguna Verde vert \u00e9meraude sur fond de volcans. Surr\u00e9aliste, photog\u00e9nique, extr\u00eame \u2013 une exp\u00e9rience naturelle dans la r\u00e9serve d'Eduardo Avaroa.<\/p>\t\t\t\t\t\t\t\t<\/div>\n\t\t\t\t<\/div>\n\t\t\t\t<\/div>\n\t\t<div class=\"elementor-element elementor-element-297586bc e-con-full e-flex wpr-particle-no wpr-jarallax-no wpr-parallax-no wpr-sticky-section-no e-con e-child\" data-id=\"297586bc\" data-element_type=\"container\">\n\t\t\t\t<div class=\"elementor-element elementor-element-3678305e elementor-widget elementor-widget-heading\" data-id=\"3678305e\" data-element_type=\"widget\" data-widget_type=\"heading.default\">\n\t\t\t\t\t<h2 class=\"elementor-heading-title elementor-size-default\">Voyages s\u00e9lectionn\u00e9s<\/h2>\t\t\t\t<\/div>\n\t\t\t\t<div class=\"elementor-element elementor-element-65c80a53 elementor-widget elementor-widget-shortcode\" data-id=\"65c80a53\" data-element_type=\"widget\" data-widget_type=\"shortcode.default\">\n\t\t\t\t\t\t\t<div class=\"elementor-shortcode\">        <div id=\"blog-posts-wrapper\">\n            <div id=\"response\">\n\n                \n                    \n                    <div class=\"blog-post-container\">\n\n                        <!-- IMAGE -->\n                        <div class=\"blog-post-thumbnail\">\n                            <a href=\"https:\/\/new.latinconnect.com\/fr\/produit\/argentinien-bolivien-chile-rundreise-magische-kombination\/\" target=\"_self\" aria-hidden=\"true\">\n\n                                                                    <img decoding=\"async\" src=\"https:\/\/new.latinconnect.com\/wp-content\/uploads\/GEN_MKA_01_argentinien-bolivien-chile-rundreise-magische-kombination.png\" alt=\"Argentinien, Bolivien &#038; Chile Rundreise \u2013 Magische Kombination\">\n                                \n                            <\/a>\n                        <\/div>\n\n                        <!-- CONTENT -->\n                        <div class=\"blog-post-content product-card\">\n                            <div class=\"blog-post-content-below\">\n\n                                <!-- TITLE -->\n                                <div class=\"blog-post-title\">\n                                    <a href=\"https:\/\/new.latinconnect.com\/fr\/produit\/argentinien-bolivien-chile-rundreise-magische-kombination\/\" target=\"_self\">\n                                        <span>Voyage combin\u00e9 Argentine, Bolivie et Chili \u2013 Combinaison magique<\/span>\n                                    <\/a>\n                                <\/div>\n\n                                <!-- META -->\n                                <div class=\"blog-post-desc\">\n\n                                                                            <div class=\"duration\">\n                                            <span class=\"icon\">\n                                                <img decoding=\"async\" src=\"\/wp-content\/uploads\/latinconnect-clock.svg\" alt=\"Ic\u00f4ne de temps\" \/>\n                                            <\/span>\n                                            11 jours | 10 nuits\n                                        <\/div>\n                                    \n                                                                            <div class=\"route\">\n                                            <span class=\"icon\">\n                                                <img decoding=\"async\" src=\"\/wp-content\/uploads\/latinconnect-route.svg\" alt=\"Ic\u00f4ne de route\">\n                                            <\/span>\n                                            Puerto Iguazu | Calama                                        <\/div>\n                                    \n                                                                            <div class=\"language\">\n                                            <span class=\"icon\">\n                                                <img decoding=\"async\" src=\"\/wp-content\/uploads\/latinconnect-language.svg\" alt=\"Ic\u00f4ne de langue\">\n                                            <\/span>\n                                            Allemand                                        <\/div>\n                                    \n                                <\/div>\n\n                            <\/div>\n                        <\/div>\n\n                    <\/div>\n\n                \n                    \n                    <div class=\"blog-post-container\">\n\n                        <!-- IMAGE -->\n                        <div class=\"blog-post-thumbnail\">\n                            <a href=\"https:\/\/new.latinconnect.com\/fr\/produit\/bolivien-rundreise-san-pedro-atacama-salar-uyuni\/\" target=\"_self\" aria-hidden=\"true\">\n\n                                                                    <img decoding=\"async\" src=\"https:\/\/new.latinconnect.com\/wp-content\/uploads\/GEN_SPD_01_bolivien-rundreise-san-pedro-atacama-salar-uyuni.png\" alt=\"Tour de Bolivie - San Pedro de Atacama au Salar d&#039;Uyuni\">\n                                \n                            <\/a>\n                        <\/div>\n\n                        <!-- CONTENT -->\n                        <div class=\"blog-post-content product-card\">\n                            <div class=\"blog-post-content-below\">\n\n                                <!-- TITLE -->\n                                <div class=\"blog-post-title\">\n                                    <a href=\"https:\/\/new.latinconnect.com\/fr\/produit\/bolivien-rundreise-san-pedro-atacama-salar-uyuni\/\" target=\"_self\">\n                                        <span>Tour de Bolivie - San Pedro de Atacama au Salar d'Uyuni<\/span>\n                                    <\/a>\n                                <\/div>\n\n                                <!-- META -->\n                                <div class=\"blog-post-desc\">\n\n                                                                            <div class=\"duration\">\n                                            <span class=\"icon\">\n                                                <img decoding=\"async\" src=\"\/wp-content\/uploads\/latinconnect-clock.svg\" alt=\"Ic\u00f4ne de temps\" \/>\n                                            <\/span>\n                                            3 jours | 2 nuits\n                                        <\/div>\n                                    \n                                                                            <div class=\"route\">\n                                            <span class=\"icon\">\n                                                <img decoding=\"async\" src=\"\/wp-content\/uploads\/latinconnect-route.svg\" alt=\"Ic\u00f4ne de route\">\n                                            <\/span>\n                                            San Pedro de Atacama | Uyuni                                        <\/div>\n                                    \n                                                                            <div class=\"language\">\n                                            <span class=\"icon\">\n                                                <img decoding=\"async\" src=\"\/wp-content\/uploads\/latinconnect-language.svg\" alt=\"Ic\u00f4ne de langue\">\n                                            <\/span>\n                                            Allemand                                        <\/div>\n                                    \n                                <\/div>\n\n                            <\/div>\n                        <\/div>\n\n                    <\/div>\n\n                \n            <\/div>\n        <\/div>\n        <\/div>\n\t\t\t\t\t\t<\/div>\n\t\t\t\t<\/div>\n\t\t<div class=\"elementor-element elementor-element-35570aca e-con-full elementor-hidden-desktop elementor-hidden-tablet elementor-hidden-mobile e-flex wpr-particle-no wpr-jarallax-no wpr-parallax-no wpr-sticky-section-no e-con e-child\" data-id=\"35570aca\" data-element_type=\"container\" id=\"seatin\">\n\t\t\t\t<div class=\"elementor-element elementor-element-6055adda elementor-widget elementor-widget-heading\" data-id=\"6055adda\" data-element_type=\"widget\" data-widget_type=\"heading.default\">\n\t\t\t\t\t<h2 class=\"elementor-heading-title elementor-size-default\">Voyages \u00e0 la carte \u2013 Bolivie<\/h2>\t\t\t\t<\/div>\n\t\t\t\t<div class=\"elementor-element elementor-element-d1cd99d elementor-widget elementor-widget-shortcode\" data-id=\"d1cd99d\" data-element_type=\"widget\" data-widget_type=\"shortcode.default\">\n\t\t\t\t\t\t\t<div class=\"elementor-shortcode\">    <div class=\"lc-seatin-app\"\n        data-country=\"BOL\"\n        data-lang=\"de\"\n        data-has-data=\"0\">\n        \n        \n        <div class=\"lc-seatin-results\">\n            <div class=\"no-posts-found\">Les donn\u00e9es des voyages \u00e0 forfait ne sont pas disponibles pour le moment...<\/div>        <\/div>\n    <\/div>\n    <\/div>\n\t\t\t\t\t\t<\/div>\n\t\t\t\t<\/div>\n\t\t<div class=\"elementor-element elementor-element-783cee2c e-con-full e-flex wpr-particle-no wpr-jarallax-no wpr-parallax-no wpr-sticky-section-no e-con e-child\" data-id=\"783cee2c\" data-element_type=\"container\">\n\t\t\t\t<div class=\"elementor-element elementor-element-6301f9ea elementor-widget elementor-widget-heading\" data-id=\"6301f9ea\" data-element_type=\"widget\" data-widget_type=\"heading.default\">\n\t\t\t\t\t<h2 class=\"elementor-heading-title elementor-size-default\">Votre expert voyage pour cette destination<\/h2>\t\t\t\t<\/div>\n\t\t<div class=\"elementor-element elementor-element-3c13e3d9 e-con-full card-container only-card e-flex wpr-particle-no wpr-jarallax-no wpr-parallax-no wpr-sticky-section-no e-con e-child\" data-id=\"3c13e3d9\" data-element_type=\"container\">\n\t\t<a class=\"elementor-element elementor-element-778bc6ef e-con-full card e-flex wpr-particle-no wpr-jarallax-no wpr-parallax-no wpr-sticky-section-no e-con e-child\" data-id=\"778bc6ef\" data-element_type=\"container\" href=\"\/fr\/nos-dmcs\/latventure-perou-bolivie\/\">\n\t\t\t\t<div class=\"elementor-element elementor-element-5221c466 card-img elementor-widget elementor-widget-image\" data-id=\"5221c466\" data-element_type=\"widget\" data-widget_type=\"image.default\">\n\t\t\t\t\t\t\t\t\t\t\t\t\t\t\t<img loading=\"lazy\" decoding=\"async\" width=\"400\" height=\"192\" src=\"https:\/\/new.latinconnect.com\/wp-content\/uploads\/latventure-peru-bolivia-logo.png\" class=\"attachment-medium_large size-medium_large wp-image-3932\" alt=\"LATVENTURE P\u00e9rou &amp; Bolivie\" srcset=\"https:\/\/new.latinconnect.com\/wp-content\/uploads\/latventure-peru-bolivia-logo.png 400w, https:\/\/new.latinconnect.com\/wp-content\/uploads\/latventure-peru-bolivia-logo-18x9.png 18w\" sizes=\"(max-width: 400px) 100vw, 400px\" \/>\t\t\t\t\t\t\t\t\t\t\t\t\t\t\t<\/div>\n\t\t\t\t<div class=\"elementor-element elementor-element-422d93a7 card-content elementor-widget elementor-widget-text-editor\" data-id=\"422d93a7\" data-element_type=\"widget\" data-widget_type=\"text-editor.default\">\n\t\t\t\t\t\t\t\t\t<h3>Latventure P\u00e9rou &amp; Bolivie<\/h3><p>Latventure P\u00e9rou et Bolivie organise des circuits et exp\u00e9ditions sur mesure depuis 2014. Gr\u00e2ce aux partenaires Latventure du m\u00eame nom, des voyages combin\u00e9s dans d'autres pays peuvent \u00e9galement \u00eatre r\u00e9alis\u00e9s avec un d\u00e9part ou une arriv\u00e9e au P\u00e9rou.<\/p>\t\t\t\t\t\t\t\t<\/div>\n\t\t\t\t<\/a>\n\t\t\t\t<\/div>\n\t\t\t\t<\/div>\n\t\t\t\t\t<\/div>\n\t\t\t\t<\/div>\n\t\t\t\t<\/div>","protected":false},"excerpt":{"rendered":"<p>Bolivien by Latventure AI is thinking&#8230; Edit Template Bolivien Bolivien ist das h\u00f6chstgelegene und vielleicht urspr\u00fcnglichste Land S\u00fcdamerikas \u2013 voller Kontraste zwischen Hochanden, tropischem Regenwald und indigener Kultur. Auf 1,1 Mio. km\u00b2 vereint es extreme Natur und tief verwurzelte Tradition. Das Altiplano auf 3\u2019500\u20134\u2019000\u2009m pr\u00e4gt den Westen; dort liegt La Paz \u2013 mit 3\u2019600\u2009m eine der h\u00f6chsten Hauptst\u00e4dte der Welt. Naturwunder wie der Salar de Uyuni, farbige Lagunen, Geysire und Vulkane schaffen surreale Landschaften von einzigartiger Sch\u00f6nheit. Im Osten lockt der Amazonas mit \u00fcppiger gr\u00fcner Vielfalt, etwa im Madidi-Nationalpark. Kolonialst\u00e4dte wie Sucre und Potos\u00ed erz\u00e4hlen von der bewegten Geschichte des Landes. \u00dcber 30 indigene Ethnien pr\u00e4gen Alltag, Sprache und Feste \u2013 von der traditionellen Pollera-Tracht bis zum Coca-Kauen. Bolivien ist intensiv, authentisch und emotional \u2013 ein S\u00fcdamerika fern des Mainstreams f\u00fcr Entdecker mit echter Neugier auf Urspr\u00fcnglichkeit. Gut zu wissen Bolivien liegt im Herzen S\u00fcdamerikas \u2013 ein Binnenland voller Kontraste: Von der surrealen Salzw\u00fcste Salar de Uyuni \u00fcber das karge Hochland des Altiplano bis zum tropischen Amazonas-Tiefland rund um Santa Cruz. Das Land begeistert mit urspr\u00fcnglicher Kultur, \u00fcber 30 indigenen Ethnien, farbenfrohen M\u00e4rkten und gelebter Tradition. Abenteuerlustige Reisende erleben hier S\u00fcdamerika abseits der Massen \u2013 intensiv, rau, echt. Eine Destination Ideal f\u00fcr Individualreisen oder gef\u00fchrte Zubucherreisen. Flugverbindungen Icon_plus Icon_plus Direktfl\u00fcge nach Bolivien gibt es nur vereinzelt \u2013 z.\u202fB. mit Air Europa von Madrid nach Santa Cruz (VVI). H\u00e4ufig reisen G\u00e4ste via Lima, Bogot\u00e1 oder S\u00e3o Paulo an. La Paz (LPB) und Cochabamba (CBB) sind regionale Flugh\u00e4fen, ideal f\u00fcr Rundreisen. Inlandsfl\u00fcge sparen Zeit. Google Flights hilft f\u00fcr Anreise oder Inlanfl\u00fcge. Einreise Icon_plus Icon_plus Aus dem D|A|CH-Gebiet k\u00f6nnen G\u00e4ste visumfrei f\u00fcr bis zu 90 Tage nach Bolivien einreisen. Der Pass muss bei Einreise 6 Monate g\u00fcltig sein. Ein R\u00fcckflugticket wird selten verlangt. Bei Einreise aus Gelbfiebergebieten ist eine Impfung nachzuweisen \u2013 f\u00fcr das Amazonasgebiet generell empfohlen. Verl\u00e4ngerungen des Aufenthalts sind vor Ort einfach m\u00f6glich. Einreisestempel stets pr\u00fcfen. Beste Reisezeit Icon_plus Icon_plus F\u00fcr das Hochland (La Paz, Uyuni, Titicaca-See) gelten Mai bis Oktober als ideale Reisemonate: trocken, sonnig, nachts kalt. In Uyuni kann es bis \u201320\u202f\u00b0C werden. Februar\/M\u00e4rz bietet dagegen den ber\u00fchmten Spiegeleffekt auf dem Salzsee. Im Tiefland ist es ganzj\u00e4hrig hei\u00df, Juni bis August sind am angenehmsten. F\u00fcr kombinierte Reisen empfiehlt sich Mai\u2013September, April\/Oktober gelten als gute Zwischenzeiten. Sicherheit Icon_plus Icon_plus Bolivien ist grunds\u00e4tzlich sicher, doch sind Kleinkriminalit\u00e4t und Betrugsmaschen in St\u00e4dten wie La Paz oder Santa Cruz verbreitet. Nur registrierte Taxis nutzen, keine Wertsachen offen zeigen, in Bars aufmerksam bleiben. Bei sozialen Protesten kann es zu Blockaden kommen \u2013 aktuelle Lage pr\u00fcfen. Mit Umsicht l\u00e4sst sich Bolivien gut bereisen. Reisehinweise vom ausw\u00e4rtigen \u00c4mter geben verl\u00e4ssliche Updates. Gesundheit Icon_plus Icon_plus H\u00f6henlage ist ein zentrales Thema \u2013 bei Ankunft in La Paz H\u00f6henruhe einlegen, viel trinken, Coca-Tee probieren. Im Amazonas-Tiefland sind Dengue und Malaria ein Thema \u2013 M\u00fcckenschutz ist Pflicht, Gelbfieberimpfung empfohlen. Trinkwasser meiden, Streetfood nur mit Vorsicht genie\u00dfen. Gute Privatkliniken gibt es in St\u00e4dten, f\u00fcr l\u00e4ndliche Regionen empfiehlt sich eine kleine Reiseapotheke. Infos auf z.B. healthytravel.ch beachten. Direktfl\u00fcge nach Bolivien gibt es nur vereinzelt \u2013 z.\u202fB. mit Air Europa von Madrid nach Santa Cruz (VVI). H\u00e4ufig reisen G\u00e4ste via Lima, Bogot\u00e1 oder S\u00e3o Paulo an. La Paz (LPB) und Cochabamba (CBB) sind regionale Flugh\u00e4fen, ideal f\u00fcr Rundreisen. Inlandsfl\u00fcge sparen Zeit. Google Flights hilft f\u00fcr Anreise oder Inlanfl\u00fcge. Aus dem D|A|CH-Gebiet k\u00f6nnen G\u00e4ste visumfrei f\u00fcr bis zu 90 Tage nach Bolivien einreisen. Der Pass muss bei Einreise 6 Monate g\u00fcltig sein. Ein R\u00fcckflugticket wird selten verlangt. Bei Einreise aus Gelbfiebergebieten ist eine Impfung nachzuweisen \u2013 f\u00fcr das Amazonasgebiet generell empfohlen. Verl\u00e4ngerungen des Aufenthalts sind vor Ort einfach m\u00f6glich. Einreisestempel stets pr\u00fcfen. F\u00fcr das Hochland (La Paz, Uyuni, Titicaca-See) gelten Mai bis Oktober als ideale Reisemonate: trocken, sonnig, nachts kalt. In Uyuni kann es bis \u201320\u202f\u00b0C werden. Februar\/M\u00e4rz bietet dagegen den ber\u00fchmten Spiegeleffekt auf dem Salzsee. Im Tiefland ist es ganzj\u00e4hrig hei\u00df, Juni bis August sind am angenehmsten. F\u00fcr kombinierte Reisen empfiehlt sich Mai\u2013September, April\/Oktober gelten als gute Zwischenzeiten. Bolivien ist grunds\u00e4tzlich sicher, doch sind Kleinkriminalit\u00e4t und Betrugsmaschen in St\u00e4dten wie La Paz oder Santa Cruz verbreitet. Nur registrierte Taxis nutzen, keine Wertsachen offen zeigen, in Bars aufmerksam bleiben. Bei sozialen Protesten kann es zu Blockaden kommen \u2013 aktuelle Lage pr\u00fcfen. Mit Umsicht l\u00e4sst sich Bolivien gut bereisen. Reisehinweise vom ausw\u00e4rtigen \u00c4mter geben verl\u00e4ssliche Updates. H\u00f6henlage ist ein zentrales Thema \u2013 bei Ankunft in La Paz H\u00f6henruhe einlegen, viel trinken, Coca-Tee probieren. Im Amazonas-Tiefland sind Dengue und Malaria ein Thema \u2013 M\u00fcckenschutz ist Pflicht, Gelbfieberimpfung empfohlen. Trinkwasser meiden, Streetfood nur mit Vorsicht genie\u00dfen. Gute Privatkliniken gibt es in St\u00e4dten, f\u00fcr l\u00e4ndliche Regionen empfiehlt sich eine kleine Reiseapotheke. Infos auf z.B. healthytravel.ch beachten. Top 10 Reise-Highlights Sajama Nationalpark Abgelegenes Anden-Paradies mit Boliviens h\u00f6chstem Berg (6\u2019542\u200am), Thermalquellen, Geysiren, Polylepis-W\u00e4ldern und Vicu\u00f1as. Ausgangspunkt ist das Dorf Sajama (4\u2019200\u200am). Ideal f\u00fcr Trekking und Bergsteiger, fernab Massentourismus. Toro Toro Nationalpark Spektakul\u00e4re Canyons, H\u00f6hlen und Dino-Spuren machen Toro Toro (2\u2019800\u200am) zum Abenteuerziel. Highlights: Vergel-Schlucht, Umajalanta-H\u00f6hle, Ciudad de Itas. Nur mit Guide zug\u00e4nglich \u2013 ideal f\u00fcr Entdecker mit Faible f\u00fcr Geologie. Madidi-Nationalpark &amp; Chalal\u00e1n Lodge Im artenreichen Amazonas Boliviens gelegen. Dschungelpfade, Ceiba-B\u00e4ume, Affen, Kaimane und Sternenhimmel. Chalal\u00e1n Lodge: nachhaltig, von Indigenen gef\u00fchrt. Abenteuerlich, komfortabel, urspr\u00fcnglich \u2013 ideal f\u00fcr Naturfans. Death Road Mountainbiking Boliviens Kult-Abenteuer: Mit dem Bike 64\u202fkm von 4\u2019700\u202fm \u00fcber steile Schotterpisten, Wasserf\u00e4lle und Nebelwald hinab ins Yungas-Tal. Adrenalin, Panoramen und Tropenflair \u2013 Nervenkitzel pur auf der einst gef\u00e4hrlichsten Stra\u00dfe der Welt. Tiwanaku (Tiahuanaco) Pr\u00e4-Inka-Ruinen nahe des Titicaca-Sees mit Monolithen, Pyramiden und dem Sonnentor. Zentrum einer Hochkultur (1500 v. Chr.\u20131000 n. Chr.), voller R\u00e4tsel und Spiritualit\u00e4t. Beste Zeit: Wintersonnenwende mit Aymara-Ritualen. Jesuitenmissionen Chiquitania UNESCO-gesch\u00fctzte Missionsd\u00f6rfer im Osten Boliviens: barocke Kirchen mit indigener Holzkunst, Musik und kolonialem Flair. Besonders sehenswert: Concepci\u00f3n &amp; San Xavier mit Festival alle 2 Jahre. Ab Santa Cruz gut erreichbar. Potos\u00ed Mint &amp; Minentour In Potos\u00ed (4\u2019067 m) trifft koloniale Geschichte auf Realit\u00e4t: Die Casa de la Moneda zeigt Boliviens Silbervergangenheit, eine Minentour im Cerro Rico f\u00fchrt tief in aktive Stollen \u2013 eindrucksvoll, beklemmend und nichts f\u00fcr Klaustrophobe. Valle de las \u00c1nimas (La Paz) Mystisches Felstal<\/p>","protected":false},"author":3,"featured_media":4461,"parent":49,"menu_order":0,"comment_status":"closed","ping_status":"closed","template":"","meta":{"_acf_changed":false,"footnotes":""},"class_list":["post-4186","page","type-page","status-publish","has-post-thumbnail","hentry"],"acf":[],"yoast_head":"<!-- This site is optimized with the Yoast SEO plugin v26.9 - https:\/\/yoast.com\/product\/yoast-seo-wordpress\/ -->\n<title>Bolivien \u2013 Destination &amp; DMC-Partner Latventure | Latinconnect<\/title>\n<meta name=\"description\" content=\"Bolivien im \u00dcberblick: Hinweise und Highlights vom Salar de Uyuni bis Amazonas \u2013 mit DMC-Partner Latventure.\" \/>\n<meta name=\"robots\" content=\"noindex, follow, max-snippet:-1, max-image-preview:large, max-video-preview:-1\" \/>\n<meta property=\"og:locale\" content=\"fr_FR\" \/>\n<meta property=\"og:type\" content=\"article\" \/>\n<meta property=\"og:title\" content=\"Bolivien \u2013 Destination &amp; DMC-Partner Latventure | Latinconnect\" \/>\n<meta property=\"og:description\" content=\"Bolivien im \u00dcberblick: Hinweise und Highlights vom Salar de Uyuni bis Amazonas \u2013 mit DMC-Partner Latventure.\" \/>\n<meta property=\"og:url\" content=\"https:\/\/new.latinconnect.com\/fr\/destinations\/bolivie\/\" \/>\n<meta property=\"og:site_name\" content=\"Latinconnect\" \/>\n<meta property=\"article:modified_time\" content=\"2026-04-21T14:31:10+00:00\" \/>\n<meta property=\"og:image\" content=\"https:\/\/new.latinconnect.com\/wp-content\/uploads\/latinconnect-destinationen-bolivien-headerbild.webp\" \/>\n\t<meta property=\"og:image:width\" content=\"1920\" \/>\n\t<meta property=\"og:image:height\" content=\"1080\" \/>\n\t<meta property=\"og:image:type\" content=\"image\/webp\" \/>\n<meta name=\"twitter:card\" content=\"summary_large_image\" \/>\n<meta name=\"twitter:label1\" content=\"Est. reading time\" \/>\n\t<meta name=\"twitter:data1\" content=\"10 minutes\" \/>\n<script type=\"application\/ld+json\" class=\"yoast-schema-graph\">{\"@context\":\"https:\/\/schema.org\",\"@graph\":[{\"@type\":\"WebPage\",\"@id\":\"https:\/\/new.latinconnect.com\/de\/destinationen\/bolivien\/\",\"url\":\"https:\/\/new.latinconnect.com\/de\/destinationen\/bolivien\/\",\"name\":\"Bolivien \u2013 Destination & DMC-Partner Latventure | Latinconnect\",\"isPartOf\":{\"@id\":\"http:\/\/new.latinconnect.com\/de\/#website\"},\"primaryImageOfPage\":{\"@id\":\"https:\/\/new.latinconnect.com\/de\/destinationen\/bolivien\/#primaryimage\"},\"image\":{\"@id\":\"https:\/\/new.latinconnect.com\/de\/destinationen\/bolivien\/#primaryimage\"},\"thumbnailUrl\":\"https:\/\/new.latinconnect.com\/wp-content\/uploads\/latinconnect-destinationen-bolivien-headerbild.webp\",\"datePublished\":\"2026-01-19T12:40:50+00:00\",\"dateModified\":\"2026-04-21T14:31:10+00:00\",\"description\":\"Bolivien im \u00dcberblick: Hinweise und Highlights vom Salar de Uyuni bis Amazonas \u2013 mit DMC-Partner Latventure.\",\"breadcrumb\":{\"@id\":\"https:\/\/new.latinconnect.com\/de\/destinationen\/bolivien\/#breadcrumb\"},\"inLanguage\":\"fr-FR\",\"potentialAction\":[{\"@type\":\"ReadAction\",\"target\":[\"https:\/\/new.latinconnect.com\/de\/destinationen\/bolivien\/\"]}]},{\"@type\":\"ImageObject\",\"inLanguage\":\"fr-FR\",\"@id\":\"https:\/\/new.latinconnect.com\/de\/destinationen\/bolivien\/#primaryimage\",\"url\":\"https:\/\/new.latinconnect.com\/wp-content\/uploads\/latinconnect-destinationen-bolivien-headerbild.webp\",\"contentUrl\":\"https:\/\/new.latinconnect.com\/wp-content\/uploads\/latinconnect-destinationen-bolivien-headerbild.webp\",\"width\":1920,\"height\":1080,\"caption\":\"Nationalflagge Boliviens\"},{\"@type\":\"BreadcrumbList\",\"@id\":\"https:\/\/new.latinconnect.com\/de\/destinationen\/bolivien\/#breadcrumb\",\"itemListElement\":[{\"@type\":\"ListItem\",\"position\":1,\"name\":\"Home\",\"item\":\"https:\/\/new.latinconnect.com\/\"},{\"@type\":\"ListItem\",\"position\":2,\"name\":\"Destinationen\",\"item\":\"https:\/\/new.latinconnect.com\/destinationen\/\"},{\"@type\":\"ListItem\",\"position\":3,\"name\":\"Bolivien\"}]},{\"@type\":\"WebSite\",\"@id\":\"http:\/\/new.latinconnect.com\/de\/#website\",\"url\":\"http:\/\/new.latinconnect.com\/de\/\",\"name\":\"Latinconnect\",\"description\":\"latin america&#039;s dmc alliance\",\"publisher\":{\"@id\":\"http:\/\/new.latinconnect.com\/de\/#organization\"},\"potentialAction\":[{\"@type\":\"SearchAction\",\"target\":{\"@type\":\"EntryPoint\",\"urlTemplate\":\"http:\/\/new.latinconnect.com\/de\/?s={search_term_string}\"},\"query-input\":{\"@type\":\"PropertyValueSpecification\",\"valueRequired\":true,\"valueName\":\"search_term_string\"}}],\"inLanguage\":\"fr-FR\"},{\"@type\":\"Organization\",\"@id\":\"http:\/\/new.latinconnect.com\/de\/#organization\",\"name\":\"Latinconnect\",\"url\":\"http:\/\/new.latinconnect.com\/de\/\",\"logo\":{\"@type\":\"ImageObject\",\"inLanguage\":\"fr-FR\",\"@id\":\"http:\/\/new.latinconnect.com\/de\/#\/schema\/logo\/image\/\",\"url\":\"https:\/\/new.latinconnect.com\/wp-content\/uploads\/logo-latinconnect.svg\",\"contentUrl\":\"https:\/\/new.latinconnect.com\/wp-content\/uploads\/logo-latinconnect.svg\",\"width\":260,\"height\":50,\"caption\":\"Latinconnect\"},\"image\":{\"@id\":\"http:\/\/new.latinconnect.com\/de\/#\/schema\/logo\/image\/\"},\"sameAs\":[\"https:\/\/www.linkedin.com\/company\/latinconnect\"]}]}<\/script>\n<!-- \/ Yoast SEO plugin. -->","yoast_head_json":{"title":"Bolivie \u2013 Destination &amp; DMC-Partenaire Latventure | Latinconnect","description":"Bolivie en un coup d'\u0153il : conseils et points forts du Salar d'Uyuni \u00e0 l'Amazonie \u2013 avec le partenaire DMC Latventure.","robots":{"index":"noindex","follow":"follow","max-snippet":"max-snippet:-1","max-image-preview":"max-image-preview:large","max-video-preview":"max-video-preview:-1"},"og_locale":"fr_FR","og_type":"article","og_title":"Bolivien \u2013 Destination & DMC-Partner Latventure | Latinconnect","og_description":"Bolivien im \u00dcberblick: Hinweise und Highlights vom Salar de Uyuni bis Amazonas \u2013 mit DMC-Partner Latventure.","og_url":"https:\/\/new.latinconnect.com\/fr\/destinations\/bolivie\/","og_site_name":"Latinconnect","article_modified_time":"2026-04-21T14:31:10+00:00","og_image":[{"width":1920,"height":1080,"url":"https:\/\/new.latinconnect.com\/wp-content\/uploads\/latinconnect-destinationen-bolivien-headerbild.webp","type":"image\/webp"}],"twitter_card":"summary_large_image","twitter_misc":{"Est. reading time":"10 minutes"},"schema":{"@context":"https:\/\/schema.org","@graph":[{"@type":"WebPage","@id":"https:\/\/new.latinconnect.com\/de\/destinationen\/bolivien\/","url":"https:\/\/new.latinconnect.com\/de\/destinationen\/bolivien\/","name":"Bolivie \u2013 Destination &amp; DMC-Partenaire Latventure | Latinconnect","isPartOf":{"@id":"http:\/\/new.latinconnect.com\/de\/#website"},"primaryImageOfPage":{"@id":"https:\/\/new.latinconnect.com\/de\/destinationen\/bolivien\/#primaryimage"},"image":{"@id":"https:\/\/new.latinconnect.com\/de\/destinationen\/bolivien\/#primaryimage"},"thumbnailUrl":"https:\/\/new.latinconnect.com\/wp-content\/uploads\/latinconnect-destinationen-bolivien-headerbild.webp","datePublished":"2026-01-19T12:40:50+00:00","dateModified":"2026-04-21T14:31:10+00:00","description":"Bolivie en un coup d'\u0153il : conseils et points forts du Salar d'Uyuni \u00e0 l'Amazonie \u2013 avec le partenaire DMC Latventure.","breadcrumb":{"@id":"https:\/\/new.latinconnect.com\/de\/destinationen\/bolivien\/#breadcrumb"},"inLanguage":"fr-FR","potentialAction":[{"@type":"ReadAction","target":["https:\/\/new.latinconnect.com\/de\/destinationen\/bolivien\/"]}]},{"@type":"ImageObject","inLanguage":"fr-FR","@id":"https:\/\/new.latinconnect.com\/de\/destinationen\/bolivien\/#primaryimage","url":"https:\/\/new.latinconnect.com\/wp-content\/uploads\/latinconnect-destinationen-bolivien-headerbild.webp","contentUrl":"https:\/\/new.latinconnect.com\/wp-content\/uploads\/latinconnect-destinationen-bolivien-headerbild.webp","width":1920,"height":1080,"caption":"Nationalflagge Boliviens"},{"@type":"BreadcrumbList","@id":"https:\/\/new.latinconnect.com\/de\/destinationen\/bolivien\/#breadcrumb","itemListElement":[{"@type":"ListItem","position":1,"name":"Home","item":"https:\/\/new.latinconnect.com\/"},{"@type":"ListItem","position":2,"name":"Destinationen","item":"https:\/\/new.latinconnect.com\/destinationen\/"},{"@type":"ListItem","position":3,"name":"Bolivien"}]},{"@type":"WebSite","@id":"http:\/\/new.latinconnect.com\/de\/#website","url":"http:\/\/new.latinconnect.com\/de\/","name":"Latinconnect","description":"latin america's dmc alliance","publisher":{"@id":"http:\/\/new.latinconnect.com\/de\/#organization"},"potentialAction":[{"@type":"SearchAction","target":{"@type":"EntryPoint","urlTemplate":"http:\/\/new.latinconnect.com\/de\/?s={search_term_string}"},"query-input":{"@type":"PropertyValueSpecification","valueRequired":true,"valueName":"search_term_string"}}],"inLanguage":"fr-FR"},{"@type":"Organization","@id":"http:\/\/new.latinconnect.com\/de\/#organization","name":"Latinconnect","url":"http:\/\/new.latinconnect.com\/de\/","logo":{"@type":"ImageObject","inLanguage":"fr-FR","@id":"http:\/\/new.latinconnect.com\/de\/#\/schema\/logo\/image\/","url":"https:\/\/new.latinconnect.com\/wp-content\/uploads\/logo-latinconnect.svg","contentUrl":"https:\/\/new.latinconnect.com\/wp-content\/uploads\/logo-latinconnect.svg","width":260,"height":50,"caption":"Latinconnect"},"image":{"@id":"http:\/\/new.latinconnect.com\/de\/#\/schema\/logo\/image\/"},"sameAs":["https:\/\/www.linkedin.com\/company\/latinconnect"]}]}},"_links":{"self":[{"href":"https:\/\/new.latinconnect.com\/fr\/wp-json\/wp\/v2\/pages\/4186","targetHints":{"allow":["GET"]}}],"collection":[{"href":"https:\/\/new.latinconnect.com\/fr\/wp-json\/wp\/v2\/pages"}],"about":[{"href":"https:\/\/new.latinconnect.com\/fr\/wp-json\/wp\/v2\/types\/page"}],"author":[{"embeddable":true,"href":"https:\/\/new.latinconnect.com\/fr\/wp-json\/wp\/v2\/users\/3"}],"replies":[{"embeddable":true,"href":"https:\/\/new.latinconnect.com\/fr\/wp-json\/wp\/v2\/comments?post=4186"}],"version-history":[{"count":76,"href":"https:\/\/new.latinconnect.com\/fr\/wp-json\/wp\/v2\/pages\/4186\/revisions"}],"predecessor-version":[{"id":8077,"href":"https:\/\/new.latinconnect.com\/fr\/wp-json\/wp\/v2\/pages\/4186\/revisions\/8077"}],"up":[{"embeddable":true,"href":"https:\/\/new.latinconnect.com\/fr\/wp-json\/wp\/v2\/pages\/49"}],"wp:featuredmedia":[{"embeddable":true,"href":"https:\/\/new.latinconnect.com\/fr\/wp-json\/wp\/v2\/media\/4461"}],"wp:attachment":[{"href":"https:\/\/new.latinconnect.com\/fr\/wp-json\/wp\/v2\/media?parent=4186"}],"curies":[{"name":"wp","href":"https:\/\/api.w.org\/{rel}","templated":true}]}}