{"id":3918,"date":"2026-01-08T14:41:30","date_gmt":"2026-01-08T14:41:30","guid":{"rendered":"https:\/\/new.latinconnect.com\/?page_id=3918"},"modified":"2026-04-21T15:46:27","modified_gmt":"2026-04-21T14:46:27","slug":"mexico-2","status":"publish","type":"page","link":"https:\/\/new.latinconnect.com\/es\/destinos\/mexico-2\/","title":{"rendered":"M\u00e9xico"},"content":{"rendered":"<div data-elementor-type=\"wp-page\" data-elementor-id=\"3918\" class=\"elementor elementor-3918\">\n\t\t\t\t<header class=\"elementor-element elementor-element-55c5b09f e-con-full main-header e-flex wpr-particle-no wpr-jarallax-no wpr-parallax-no wpr-sticky-section-no e-con e-parent\" data-id=\"55c5b09f\" data-element_type=\"container\" data-settings=\"{&quot;background_background&quot;:&quot;classic&quot;}\">\n\t\t<div class=\"elementor-element elementor-element-3bf50c29 e-con-full e-flex wpr-particle-no wpr-jarallax-no wpr-parallax-no wpr-sticky-section-no e-con e-child\" data-id=\"3bf50c29\" data-element_type=\"container\" data-settings=\"{&quot;position&quot;:&quot;absolute&quot;}\">\n\t\t\t\t<\/div>\n\t\t\t\t<div class=\"elementor-element elementor-element-1de74bd6 elementor-widget__width-initial elementor-widget elementor-widget-heading\" data-id=\"1de74bd6\" data-element_type=\"widget\" data-widget_type=\"heading.default\">\n\t\t\t\t\t<h1 class=\"elementor-heading-title elementor-size-default\">M\u00e9xico por Caribbean Tours<\/h1>\t\t\t\t<\/div>\n\t\t\t\t<div class=\"elementor-element elementor-element-f372630 elementor-widget elementor-widget-wpr-elementor-template\" data-id=\"f372630\" data-element_type=\"widget\" data-widget_type=\"wpr-elementor-template.default\">\n\t\t\t\t\t<style>.elementor-6334 .elementor-element.elementor-element-6bc5b328{--display:flex;--align-items:flex-start;--container-widget-width:calc( ( 1 - var( --container-widget-flex-grow ) ) * 100% );--border-radius:12px 12px 12px 12px;box-shadow:3px 3px 9px 0px rgba(0, 0, 0, 0.3);--padding-top:20px;--padding-bottom:20px;--padding-left:20px;--padding-right:20px;}.elementor-6334 .elementor-element.elementor-element-6bc5b328:not(.elementor-motion-effects-element-type-background), .elementor-6334 .elementor-element.elementor-element-6bc5b328 > .elementor-motion-effects-container > .elementor-motion-effects-layer{background-color:#FFFFFF2E;}.elementor-6334 .elementor-element.elementor-element-6bc5b328.e-con{--align-self:center;}.elementor-6334 .elementor-element.elementor-element-47477b3c{width:100%;max-width:100%;}.elementor-6334 .elementor-element.elementor-element-47477b3c.elementor-element{--align-self:center;}@media(min-width:768px){.elementor-6334 .elementor-element.elementor-element-6bc5b328{--width:750px;}}\/* Start custom CSS for shortcode, class: .elementor-element-47477b3c *\/.elementor-6334 .elementor-element.elementor-element-47477b3c {\n    \n}\/* End custom CSS *\/<\/style>\t\t<div data-elementor-type=\"container\" data-elementor-id=\"6334\" class=\"elementor elementor-6334\">\n\t\t\t\t<div class=\"elementor-element elementor-element-6bc5b328 e-con-full e-flex wpr-particle-no wpr-jarallax-no wpr-parallax-no wpr-sticky-section-no e-con e-child\" data-id=\"6bc5b328\" data-element_type=\"container\" id=\"ai-tool-glass\" data-settings=\"{&quot;background_background&quot;:&quot;classic&quot;}\">\n\t\t\t\t<div class=\"elementor-element elementor-element-47477b3c elementor-widget__width-inherit elementor-widget elementor-widget-shortcode\" data-id=\"47477b3c\" data-element_type=\"widget\" data-widget_type=\"shortcode.default\">\n\t\t\t\t\t\t\t<div class=\"elementor-shortcode\">        <div class=\"ai-chat-input-only ai-tool-home\" style=\"width: 100%;\">\n                        <div class=\"ai-chat-input-container\">\n                <input type=\"text\" class=\"ai-chat-input\" placeholder=\"Soy tu asistente personal. \u00bfC\u00f3mo puedo ayudarte?\">\n                <button class=\"ai-chat-send\"><\/button>\n            <\/div>\n            <div class=\"ai-chat-loading\" style=\"display: none;\">La IA est\u00e1 pensando...<\/div>\n        <\/div>\n    <\/div>\n\t\t\t\t\t\t<\/div>\n\t\t\t\t<\/div>\n\t\t\t\t<\/div>\n\t\t<span class=\"wpr-template-edit-btn\" data-permalink=\"https:\/\/new.latinconnect.com\/es\/?elementor_library=ai-header\">Editar plantilla<\/span>\t\t\t\t<\/div>\n\t\t\t\t<\/header>\n\t\t<div class=\"elementor-element elementor-element-63dc42ad e-flex e-con-boxed wpr-particle-no wpr-jarallax-no wpr-parallax-no wpr-sticky-section-no e-con e-parent\" data-id=\"63dc42ad\" data-element_type=\"container\">\n\t\t\t\t\t<div class=\"e-con-inner\">\n\t\t\t\t<div class=\"elementor-element elementor-element-24c97108 elementor-widget elementor-widget-heading\" data-id=\"24c97108\" data-element_type=\"widget\" data-widget_type=\"heading.default\">\n\t\t\t\t\t<h2 class=\"elementor-heading-title elementor-size-default\">M\u00e9xico<\/h2>\t\t\t\t<\/div>\n\t\t<div class=\"elementor-element elementor-element-2e0626ee e-con-full e-flex wpr-particle-no wpr-jarallax-no wpr-parallax-no wpr-sticky-section-no e-con e-child\" data-id=\"2e0626ee\" data-element_type=\"container\">\n\t\t<div class=\"elementor-element elementor-element-77da0b01 e-con-full e-flex wpr-particle-no wpr-jarallax-no wpr-parallax-no wpr-sticky-section-no e-con e-child\" data-id=\"77da0b01\" data-element_type=\"container\">\n\t\t\t\t<div class=\"elementor-element elementor-element-29d0738f elementor-widget elementor-widget-text-editor\" data-id=\"29d0738f\" data-element_type=\"widget\" data-widget_type=\"text-editor.default\">\n\t\t\t\t\t\t\t\t\t<p>M\u00e9xico es un pa\u00eds diverso con paisajes impresionantes. Se extiende desde Norteam\u00e9rica hasta Centroam\u00e9rica y limita con Estados Unidos, Guatemala y Belice.<\/p><p>Su geograf\u00eda incluye cordilleras como la Sierra Madre, largas costas en el Pac\u00edfico, el Golfo de M\u00e9xico y el Caribe, as\u00ed como pen\u00ednsulas como Baja California al noroeste y Yucat\u00e1n al sureste. Selvas tropicales (Chiapas en el sur), desiertos en el norte, volcanes activos y la monta\u00f1a m\u00e1s alta del pa\u00eds, el Pico de Orizaba, definen el paisaje. Numerosos lagos, r\u00edos y cascadas contribuyen a una gran biodiversidad.<\/p>\t\t\t\t\t\t\t\t<\/div>\n\t\t\t\t<\/div>\n\t\t<div class=\"elementor-element elementor-element-490266fa e-con-full e-flex wpr-particle-no wpr-jarallax-no wpr-parallax-no wpr-sticky-section-no e-con e-child\" data-id=\"490266fa\" data-element_type=\"container\">\n\t\t\t\t<div class=\"elementor-element elementor-element-fc084c1 elementor-pagination-position-inside destination elementor-widget elementor-widget-image-carousel\" data-id=\"fc084c1\" data-element_type=\"widget\" id=\"main-slider\" data-settings=\"{&quot;navigation&quot;:&quot;dots&quot;,&quot;slides_to_show&quot;:&quot;1&quot;,&quot;effect&quot;:&quot;fade&quot;,&quot;autoplay&quot;:&quot;yes&quot;,&quot;pause_on_hover&quot;:&quot;yes&quot;,&quot;pause_on_interaction&quot;:&quot;yes&quot;,&quot;autoplay_speed&quot;:5000,&quot;infinite&quot;:&quot;yes&quot;,&quot;speed&quot;:500}\" data-widget_type=\"image-carousel.default\">\n\t\t\t\t\t\t\t<div class=\"elementor-image-carousel-wrapper swiper\" role=\"region\" aria-roledescription=\"carousel\" aria-label=\"Carrusel de im\u00e1genes\" dir=\"ltr\">\n\t\t\t<div class=\"elementor-image-carousel swiper-wrapper\" aria-live=\"off\">\n\t\t\t\t\t\t\t\t<div class=\"swiper-slide\" role=\"group\" aria-roledescription=\"slide\" aria-label=\"1 of 4\" data-no-translation-aria-label=\"\"><figure class=\"swiper-slide-inner\"><img decoding=\"async\" class=\"swiper-slide-image\" src=\"https:\/\/new.latinconnect.com\/wp-content\/uploads\/latinconnect-destinationen-mexiko-sliderbild-1.webp\" alt=\"Pir\u00e1mide maya Kukulc\u00e1n en Chich\u00e9n Itz\u00e1, macizas escalinatas de piedra bajo cielo azul\" \/><\/figure><\/div><div class=\"swiper-slide\" role=\"group\" aria-roledescription=\"slide\" aria-label=\"2 of 4\" data-no-translation-aria-label=\"\"><figure class=\"swiper-slide-inner\"><img decoding=\"async\" class=\"swiper-slide-image\" src=\"https:\/\/new.latinconnect.com\/wp-content\/uploads\/latinconnect-dmcs-caribbean-tours-mexiko-belize-guatemala-headerbild-768x432.webp\" alt=\"Playa caribe\u00f1a de Tulum con mar turquesa, palmeras y ruinas mayas sobre acantilados rocosos\" \/><\/figure><\/div><div class=\"swiper-slide\" role=\"group\" aria-roledescription=\"slide\" aria-label=\"3 of 4\" data-no-translation-aria-label=\"\"><figure class=\"swiper-slide-inner\"><img decoding=\"async\" class=\"swiper-slide-image\" src=\"https:\/\/new.latinconnect.com\/wp-content\/uploads\/latinconnect-destinationen-mexiko-san-cristobal-de-las-casas.jpg\" alt=\"Ciudad colonial San Crist\u00f3bal de las Casas con casas coloridas, iglesia y monta\u00f1as circundantes en Chiapas\" \/><\/figure><\/div><div class=\"swiper-slide\" role=\"group\" aria-roledescription=\"slide\" aria-label=\"4 of 4\" data-no-translation-aria-label=\"\"><figure class=\"swiper-slide-inner\"><img decoding=\"async\" class=\"swiper-slide-image\" src=\"https:\/\/new.latinconnect.com\/wp-content\/uploads\/latinconnect-destinationen-mexiko-canon-del-sumidero.webp\" alt=\"Ca\u00f1\u00f3n del Sumidero con empinadas paredes rocosas boscosas y curso del r\u00edo en el estado de Chiapas\" \/><\/figure><\/div>\t\t\t<\/div>\n\t\t\t\t\t\t\t\n\t\t\t\t\t\t\t\t\t<div class=\"swiper-pagination\"><\/div>\n\t\t\t\t\t\t\t\t\t<\/div>\n\t\t\t\t\t\t<\/div>\n\t\t\t\t<\/div>\n\t\t\t\t<\/div>\n\t\t\t\t\t<\/div>\n\t\t\t\t<\/div>\n\t\t<div class=\"elementor-element elementor-element-7a941855 e-flex e-con-boxed wpr-particle-no wpr-jarallax-no wpr-parallax-no wpr-sticky-section-no e-con e-parent\" data-id=\"7a941855\" data-element_type=\"container\" data-settings=\"{&quot;background_background&quot;:&quot;classic&quot;}\">\n\t\t\t\t\t<div class=\"e-con-inner\">\n\t\t\t\t<div class=\"elementor-element elementor-element-11979801 elementor-widget elementor-widget-heading\" data-id=\"11979801\" data-element_type=\"widget\" data-widget_type=\"heading.default\">\n\t\t\t\t\t<h2 class=\"elementor-heading-title elementor-size-default\">Informaci\u00f3n \u00fatil<\/h2>\t\t\t\t<\/div>\n\t\t<div class=\"elementor-element elementor-element-7f838efe e-con-full e-flex wpr-particle-no wpr-jarallax-no wpr-parallax-no wpr-sticky-section-no e-con e-child\" data-id=\"7f838efe\" data-element_type=\"container\">\n\t\t\t\t<div class=\"elementor-element elementor-element-ebc4954 elementor-widget elementor-widget-text-editor\" data-id=\"ebc4954\" data-element_type=\"widget\" data-widget_type=\"text-editor.default\">\n\t\t\t\t\t\t\t\t\t<p>M\u00e9xico combina cultura maya y azteca, herencia colonial, costas tropicales, volcanes de altura y ciudades vibrantes. Ideal para circuitos y vacaciones de playa, y gracias a su diversidad clim\u00e1tica, un destino atractivo durante todo el a\u00f1o.<\/p>\t\t\t\t\t\t\t\t<\/div>\n\t\t\t\t<\/div>\n\t\t<div class=\"elementor-element elementor-element-a292f12 e-con-full e-flex wpr-particle-no wpr-jarallax-no wpr-parallax-no wpr-sticky-section-no e-con e-child\" data-id=\"a292f12\" data-element_type=\"container\">\n\t\t\t\t<div class=\"elementor-element elementor-element-66ef3d7 elementor-widget__width-initial elementor-widget elementor-widget-n-accordion\" data-id=\"66ef3d7\" data-element_type=\"widget\" data-settings=\"{&quot;n_accordion_animation_duration&quot;:{&quot;unit&quot;:&quot;ms&quot;,&quot;size&quot;:200,&quot;sizes&quot;:[]},&quot;default_state&quot;:&quot;expanded&quot;,&quot;max_items_expended&quot;:&quot;one&quot;}\" data-widget_type=\"nested-accordion.default\">\n\t\t\t\t\t\t\t<div class=\"e-n-accordion\" aria-label=\"Acorde\u00f3n. Abre enlaces con Enter o Espacio, cierra con Escape y navega con las teclas de flecha.\">\n\t\t\t\t\t\t<details id=\"e-n-accordion-item-1070\" class=\"e-n-accordion-item\" open>\n\t\t\t\t<summary class=\"e-n-accordion-item-title\" data-accordion-index=\"1\" tabindex=\"0\" aria-expanded=\"true\" aria-controls=\"e-n-accordion-item-1070\" >\n\t\t\t\t\t<span class='e-n-accordion-item-title-header'><h3 class=\"e-n-accordion-item-title-text\"> Conexiones a\u00e9reas <\/h3><\/span>\n\t\t\t\t\t\t\t<span class='e-n-accordion-item-title-icon'>\n\t\t\t<span class='e-opened' ><svg xmlns=\"http:\/\/www.w3.org\/2000\/svg\" xmlns:xlink=\"http:\/\/www.w3.org\/1999\/xlink\" width=\"16px\" height=\"14px\" viewbox=\"0 0 16 14\"><title>Icono_m\u00e1s<\/title><g id=\"Page-1\" stroke=\"none\" stroke-width=\"1\" fill=\"none\" fill-rule=\"evenodd\" stroke-linecap=\"round\" stroke-linejoin=\"round\"><g id=\"24-10730_LC_Destination-Mexiko_Dtp\" transform=\"translate(-1504, -2410)\" stroke=\"#ED7D00\"><g id=\"Accordeon_GutZuWissen\" transform=\"translate(681, 2307)\"><g id=\"Accord_Einreise\" transform=\"translate(0, 73)\" stroke-width=\"2\"><g id=\"AccordTitel_Einreise\" transform=\"translate(2, 0)\"><g id=\"Icon_plus\" transform=\"translate(822, 30)\"><line x1=\"0\" y1=\"7\" x2=\"14\" y2=\"7\" id=\"Shape\"><\/line><\/g><\/g><\/g><\/g><\/g><\/g><\/svg><\/span>\n\t\t\t<span class='e-closed'><svg xmlns=\"http:\/\/www.w3.org\/2000\/svg\" xmlns:xlink=\"http:\/\/www.w3.org\/1999\/xlink\" width=\"16px\" height=\"16px\" viewbox=\"0 0 16 16\"><title>Icono_m\u00e1s<\/title><g id=\"Page-1\" stroke=\"none\" stroke-width=\"1\" fill=\"none\" fill-rule=\"evenodd\" stroke-linecap=\"round\" stroke-linejoin=\"round\"><g id=\"24-10730_LC_Destination-Mexiko_Dtp\" transform=\"translate(-1504, -2336)\" stroke=\"#ED7D00\"><g id=\"Accordeon_GutZuWissen\" transform=\"translate(681, 2307)\"><g id=\"Accord_Flugverbindungen\" transform=\"translate(2, 0)\" stroke-width=\"2\"><g id=\"Icon_plus\" transform=\"translate(822, 30)\"><line x1=\"7\" y1=\"0\" x2=\"7\" y2=\"14\" id=\"Shape\"><\/line><line x1=\"0\" y1=\"7\" x2=\"14\" y2=\"7\" id=\"Shape\"><\/line><\/g><\/g><\/g><\/g><\/g><\/svg><\/span>\n\t\t<\/span>\n\n\t\t\t\t\t\t<\/summary>\n\t\t\t\t<div role=\"region\" aria-labelledby=\"e-n-accordion-item-1070\" class=\"elementor-element elementor-element-0c14713 e-con-full e-flex wpr-particle-no wpr-jarallax-no wpr-parallax-no wpr-sticky-section-no e-con e-child\" data-id=\"0c14713\" data-element_type=\"container\">\n\t\t\t\t<div class=\"elementor-element elementor-element-bf8fc5c elementor-widget elementor-widget-text-editor\" data-id=\"bf8fc5c\" data-element_type=\"widget\" data-widget_type=\"text-editor.default\">\n\t\t\t\t\t\t\t\t\t<p>Hay vuelos directos a Ciudad de M\u00e9xico y Canc\u00fan desde Europa, as\u00ed como desde numerosas ciudades de Estados Unidos y Canad\u00e1.<\/p>\t\t\t\t\t\t\t\t<\/div>\n\t\t\t\t<\/div>\n\t\t\t\t\t<\/details>\n\t\t\t\t\t\t<details id=\"e-n-accordion-item-1071\" class=\"e-n-accordion-item\" >\n\t\t\t\t<summary class=\"e-n-accordion-item-title\" data-accordion-index=\"2\" tabindex=\"-1\" aria-expanded=\"false\" aria-controls=\"e-n-accordion-item-1071\" >\n\t\t\t\t\t<span class='e-n-accordion-item-title-header'><h3 class=\"e-n-accordion-item-title-text\"> Entrada al pa\u00eds <\/h3><\/span>\n\t\t\t\t\t\t\t<span class='e-n-accordion-item-title-icon'>\n\t\t\t<span class='e-opened' ><svg xmlns=\"http:\/\/www.w3.org\/2000\/svg\" xmlns:xlink=\"http:\/\/www.w3.org\/1999\/xlink\" width=\"16px\" height=\"14px\" viewbox=\"0 0 16 14\"><title>Icono_m\u00e1s<\/title><g id=\"Page-1\" stroke=\"none\" stroke-width=\"1\" fill=\"none\" fill-rule=\"evenodd\" stroke-linecap=\"round\" stroke-linejoin=\"round\"><g id=\"24-10730_LC_Destination-Mexiko_Dtp\" transform=\"translate(-1504, -2410)\" stroke=\"#ED7D00\"><g id=\"Accordeon_GutZuWissen\" transform=\"translate(681, 2307)\"><g id=\"Accord_Einreise\" transform=\"translate(0, 73)\" stroke-width=\"2\"><g id=\"AccordTitel_Einreise\" transform=\"translate(2, 0)\"><g id=\"Icon_plus\" transform=\"translate(822, 30)\"><line x1=\"0\" y1=\"7\" x2=\"14\" y2=\"7\" id=\"Shape\"><\/line><\/g><\/g><\/g><\/g><\/g><\/g><\/svg><\/span>\n\t\t\t<span class='e-closed'><svg xmlns=\"http:\/\/www.w3.org\/2000\/svg\" xmlns:xlink=\"http:\/\/www.w3.org\/1999\/xlink\" width=\"16px\" height=\"16px\" viewbox=\"0 0 16 16\"><title>Icono_m\u00e1s<\/title><g id=\"Page-1\" stroke=\"none\" stroke-width=\"1\" fill=\"none\" fill-rule=\"evenodd\" stroke-linecap=\"round\" stroke-linejoin=\"round\"><g id=\"24-10730_LC_Destination-Mexiko_Dtp\" transform=\"translate(-1504, -2336)\" stroke=\"#ED7D00\"><g id=\"Accordeon_GutZuWissen\" transform=\"translate(681, 2307)\"><g id=\"Accord_Flugverbindungen\" transform=\"translate(2, 0)\" stroke-width=\"2\"><g id=\"Icon_plus\" transform=\"translate(822, 30)\"><line x1=\"7\" y1=\"0\" x2=\"7\" y2=\"14\" id=\"Shape\"><\/line><line x1=\"0\" y1=\"7\" x2=\"14\" y2=\"7\" id=\"Shape\"><\/line><\/g><\/g><\/g><\/g><\/g><\/svg><\/span>\n\t\t<\/span>\n\n\t\t\t\t\t\t<\/summary>\n\t\t\t\t<div role=\"region\" aria-labelledby=\"e-n-accordion-item-1071\" class=\"elementor-element elementor-element-6c5df80 e-con-full e-flex wpr-particle-no wpr-jarallax-no wpr-parallax-no wpr-sticky-section-no e-con e-child\" data-id=\"6c5df80\" data-element_type=\"container\">\n\t\t\t\t<div class=\"elementor-element elementor-element-155a560 elementor-widget elementor-widget-text-editor\" data-id=\"155a560\" data-element_type=\"widget\" data-widget_type=\"text-editor.default\">\n\t\t\t\t\t\t\t\t\t<p>Los turistas de la UE, Suiza o Estados Unidos no necesitan visado para estancias de hasta 180 d\u00edas. Son suficientes el pasaporte y un billete de regreso o de continuaci\u00f3n. Se debe completar en l\u00ednea una tarjeta de turista (FMM). Verifique la validez y los detalles con las embajadas oficiales.<\/p>\t\t\t\t\t\t\t\t<\/div>\n\t\t\t\t<\/div>\n\t\t\t\t\t<\/details>\n\t\t\t\t\t\t<details id=\"e-n-accordion-item-1072\" class=\"e-n-accordion-item\" >\n\t\t\t\t<summary class=\"e-n-accordion-item-title\" data-accordion-index=\"3\" tabindex=\"-1\" aria-expanded=\"false\" aria-controls=\"e-n-accordion-item-1072\" >\n\t\t\t\t\t<span class='e-n-accordion-item-title-header'><h3 class=\"e-n-accordion-item-title-text\"> Mejor \u00e9poca para viajar <\/h3><\/span>\n\t\t\t\t\t\t\t<span class='e-n-accordion-item-title-icon'>\n\t\t\t<span class='e-opened' ><svg xmlns=\"http:\/\/www.w3.org\/2000\/svg\" xmlns:xlink=\"http:\/\/www.w3.org\/1999\/xlink\" width=\"16px\" height=\"14px\" viewbox=\"0 0 16 14\"><title>Icono_m\u00e1s<\/title><g id=\"Page-1\" stroke=\"none\" stroke-width=\"1\" fill=\"none\" fill-rule=\"evenodd\" stroke-linecap=\"round\" stroke-linejoin=\"round\"><g id=\"24-10730_LC_Destination-Mexiko_Dtp\" transform=\"translate(-1504, -2410)\" stroke=\"#ED7D00\"><g id=\"Accordeon_GutZuWissen\" transform=\"translate(681, 2307)\"><g id=\"Accord_Einreise\" transform=\"translate(0, 73)\" stroke-width=\"2\"><g id=\"AccordTitel_Einreise\" transform=\"translate(2, 0)\"><g id=\"Icon_plus\" transform=\"translate(822, 30)\"><line x1=\"0\" y1=\"7\" x2=\"14\" y2=\"7\" id=\"Shape\"><\/line><\/g><\/g><\/g><\/g><\/g><\/g><\/svg><\/span>\n\t\t\t<span class='e-closed'><svg xmlns=\"http:\/\/www.w3.org\/2000\/svg\" xmlns:xlink=\"http:\/\/www.w3.org\/1999\/xlink\" width=\"16px\" height=\"16px\" viewbox=\"0 0 16 16\"><title>Icono_m\u00e1s<\/title><g id=\"Page-1\" stroke=\"none\" stroke-width=\"1\" fill=\"none\" fill-rule=\"evenodd\" stroke-linecap=\"round\" stroke-linejoin=\"round\"><g id=\"24-10730_LC_Destination-Mexiko_Dtp\" transform=\"translate(-1504, -2336)\" stroke=\"#ED7D00\"><g id=\"Accordeon_GutZuWissen\" transform=\"translate(681, 2307)\"><g id=\"Accord_Flugverbindungen\" transform=\"translate(2, 0)\" stroke-width=\"2\"><g id=\"Icon_plus\" transform=\"translate(822, 30)\"><line x1=\"7\" y1=\"0\" x2=\"7\" y2=\"14\" id=\"Shape\"><\/line><line x1=\"0\" y1=\"7\" x2=\"14\" y2=\"7\" id=\"Shape\"><\/line><\/g><\/g><\/g><\/g><\/g><\/svg><\/span>\n\t\t<\/span>\n\n\t\t\t\t\t\t<\/summary>\n\t\t\t\t<div role=\"region\" aria-labelledby=\"e-n-accordion-item-1072\" class=\"elementor-element elementor-element-677efc1 e-flex e-con-boxed wpr-particle-no wpr-jarallax-no wpr-parallax-no wpr-sticky-section-no e-con e-child\" data-id=\"677efc1\" data-element_type=\"container\">\n\t\t\t\t\t<div class=\"e-con-inner\">\n\t\t\t\t<div class=\"elementor-element elementor-element-bfc5acd elementor-widget elementor-widget-text-editor\" data-id=\"bfc5acd\" data-element_type=\"widget\" data-widget_type=\"text-editor.default\">\n\t\t\t\t\t\t\t\t\t<p>De noviembre a abril es la mejor \u00e9poca: seca, c\u00e1lida e ideal para circuitos o vacaciones de playa. De mayo a octubre es temporada de lluvias, con mayor humedad y riesgo de huracanes (especialmente en la costa caribe\u00f1a). Las regiones de altiplano mantienen temperaturas suaves todo el a\u00f1o.<\/p>\t\t\t\t\t\t\t\t<\/div>\n\t\t\t\t\t<\/div>\n\t\t\t\t<\/div>\n\t\t\t\t\t<\/details>\n\t\t\t\t\t\t<details id=\"e-n-accordion-item-1073\" class=\"e-n-accordion-item\" >\n\t\t\t\t<summary class=\"e-n-accordion-item-title\" data-accordion-index=\"4\" tabindex=\"-1\" aria-expanded=\"false\" aria-controls=\"e-n-accordion-item-1073\" >\n\t\t\t\t\t<span class='e-n-accordion-item-title-header'><h3 class=\"e-n-accordion-item-title-text\"> Seguridad <\/h3><\/span>\n\t\t\t\t\t\t\t<span class='e-n-accordion-item-title-icon'>\n\t\t\t<span class='e-opened' ><svg xmlns=\"http:\/\/www.w3.org\/2000\/svg\" xmlns:xlink=\"http:\/\/www.w3.org\/1999\/xlink\" width=\"16px\" height=\"14px\" viewbox=\"0 0 16 14\"><title>Icono_m\u00e1s<\/title><g id=\"Page-1\" stroke=\"none\" stroke-width=\"1\" fill=\"none\" fill-rule=\"evenodd\" stroke-linecap=\"round\" stroke-linejoin=\"round\"><g id=\"24-10730_LC_Destination-Mexiko_Dtp\" transform=\"translate(-1504, -2410)\" stroke=\"#ED7D00\"><g id=\"Accordeon_GutZuWissen\" transform=\"translate(681, 2307)\"><g id=\"Accord_Einreise\" transform=\"translate(0, 73)\" stroke-width=\"2\"><g id=\"AccordTitel_Einreise\" transform=\"translate(2, 0)\"><g id=\"Icon_plus\" transform=\"translate(822, 30)\"><line x1=\"0\" y1=\"7\" x2=\"14\" y2=\"7\" id=\"Shape\"><\/line><\/g><\/g><\/g><\/g><\/g><\/g><\/svg><\/span>\n\t\t\t<span class='e-closed'><svg xmlns=\"http:\/\/www.w3.org\/2000\/svg\" xmlns:xlink=\"http:\/\/www.w3.org\/1999\/xlink\" width=\"16px\" height=\"16px\" viewbox=\"0 0 16 16\"><title>Icono_m\u00e1s<\/title><g id=\"Page-1\" stroke=\"none\" stroke-width=\"1\" fill=\"none\" fill-rule=\"evenodd\" stroke-linecap=\"round\" stroke-linejoin=\"round\"><g id=\"24-10730_LC_Destination-Mexiko_Dtp\" transform=\"translate(-1504, -2336)\" stroke=\"#ED7D00\"><g id=\"Accordeon_GutZuWissen\" transform=\"translate(681, 2307)\"><g id=\"Accord_Flugverbindungen\" transform=\"translate(2, 0)\" stroke-width=\"2\"><g id=\"Icon_plus\" transform=\"translate(822, 30)\"><line x1=\"7\" y1=\"0\" x2=\"7\" y2=\"14\" id=\"Shape\"><\/line><line x1=\"0\" y1=\"7\" x2=\"14\" y2=\"7\" id=\"Shape\"><\/line><\/g><\/g><\/g><\/g><\/g><\/svg><\/span>\n\t\t<\/span>\n\n\t\t\t\t\t\t<\/summary>\n\t\t\t\t<div role=\"region\" aria-labelledby=\"e-n-accordion-item-1073\" class=\"elementor-element elementor-element-dddb98d e-flex e-con-boxed wpr-particle-no wpr-jarallax-no wpr-parallax-no wpr-sticky-section-no e-con e-child\" data-id=\"dddb98d\" data-element_type=\"container\">\n\t\t\t\t\t<div class=\"e-con-inner\">\n\t\t\t\t<div class=\"elementor-element elementor-element-bf1de2d elementor-widget elementor-widget-text-editor\" data-id=\"bf1de2d\" data-element_type=\"widget\" data-widget_type=\"text-editor.default\">\n\t\t\t\t\t\t\t\t\t<p>Las zonas tur\u00edsticas suelen ser seguras, aunque el pa\u00eds presenta niveles elevados de criminalidad. Prestar atenci\u00f3n a peque\u00f1os robos en ciudades y evitar regiones de riesgo (zonas fronterizas y partes del norte). Seguir siempre las recomendaciones oficiales.<\/p>\t\t\t\t\t\t\t\t<\/div>\n\t\t\t\t\t<\/div>\n\t\t\t\t<\/div>\n\t\t\t\t\t<\/details>\n\t\t\t\t\t\t<details id=\"e-n-accordion-item-1074\" class=\"e-n-accordion-item\" >\n\t\t\t\t<summary class=\"e-n-accordion-item-title\" data-accordion-index=\"5\" tabindex=\"-1\" aria-expanded=\"false\" aria-controls=\"e-n-accordion-item-1074\" >\n\t\t\t\t\t<span class='e-n-accordion-item-title-header'><h3 class=\"e-n-accordion-item-title-text\"> Salud <\/h3><\/span>\n\t\t\t\t\t\t\t<span class='e-n-accordion-item-title-icon'>\n\t\t\t<span class='e-opened' ><svg xmlns=\"http:\/\/www.w3.org\/2000\/svg\" xmlns:xlink=\"http:\/\/www.w3.org\/1999\/xlink\" width=\"16px\" height=\"14px\" viewbox=\"0 0 16 14\"><title>Icono_m\u00e1s<\/title><g id=\"Page-1\" stroke=\"none\" stroke-width=\"1\" fill=\"none\" fill-rule=\"evenodd\" stroke-linecap=\"round\" stroke-linejoin=\"round\"><g id=\"24-10730_LC_Destination-Mexiko_Dtp\" transform=\"translate(-1504, -2410)\" stroke=\"#ED7D00\"><g id=\"Accordeon_GutZuWissen\" transform=\"translate(681, 2307)\"><g id=\"Accord_Einreise\" transform=\"translate(0, 73)\" stroke-width=\"2\"><g id=\"AccordTitel_Einreise\" transform=\"translate(2, 0)\"><g id=\"Icon_plus\" transform=\"translate(822, 30)\"><line x1=\"0\" y1=\"7\" x2=\"14\" y2=\"7\" id=\"Shape\"><\/line><\/g><\/g><\/g><\/g><\/g><\/g><\/svg><\/span>\n\t\t\t<span class='e-closed'><svg xmlns=\"http:\/\/www.w3.org\/2000\/svg\" xmlns:xlink=\"http:\/\/www.w3.org\/1999\/xlink\" width=\"16px\" height=\"16px\" viewbox=\"0 0 16 16\"><title>Icono_m\u00e1s<\/title><g id=\"Page-1\" stroke=\"none\" stroke-width=\"1\" fill=\"none\" fill-rule=\"evenodd\" stroke-linecap=\"round\" stroke-linejoin=\"round\"><g id=\"24-10730_LC_Destination-Mexiko_Dtp\" transform=\"translate(-1504, -2336)\" stroke=\"#ED7D00\"><g id=\"Accordeon_GutZuWissen\" transform=\"translate(681, 2307)\"><g id=\"Accord_Flugverbindungen\" transform=\"translate(2, 0)\" stroke-width=\"2\"><g id=\"Icon_plus\" transform=\"translate(822, 30)\"><line x1=\"7\" y1=\"0\" x2=\"7\" y2=\"14\" id=\"Shape\"><\/line><line x1=\"0\" y1=\"7\" x2=\"14\" y2=\"7\" id=\"Shape\"><\/line><\/g><\/g><\/g><\/g><\/g><\/svg><\/span>\n\t\t<\/span>\n\n\t\t\t\t\t\t<\/summary>\n\t\t\t\t<div role=\"region\" aria-labelledby=\"e-n-accordion-item-1074\" class=\"elementor-element elementor-element-abe5927 e-flex e-con-boxed wpr-particle-no wpr-jarallax-no wpr-parallax-no wpr-sticky-section-no e-con e-child\" data-id=\"abe5927\" data-element_type=\"container\">\n\t\t\t\t\t<div class=\"e-con-inner\">\n\t\t\t\t<div class=\"elementor-element elementor-element-1766c0a elementor-widget elementor-widget-text-editor\" data-id=\"1766c0a\" data-element_type=\"widget\" data-widget_type=\"text-editor.default\">\n\t\t\t\t\t\t\t\t\t<p>No hay vacunas obligatorias; se recomiendan las vacunas est\u00e1ndar y hepatitis A. Es importante protegerse contra los mosquitos (dengue, Zika y, en algunas zonas, malaria). Evitar beber agua del grifo. Para informaci\u00f3n actualizada, consultar HealthyTravel o un instituto de medicina tropical.<\/p>\t\t\t\t\t\t\t\t<\/div>\n\t\t\t\t\t<\/div>\n\t\t\t\t<\/div>\n\t\t\t\t\t<\/details>\n\t\t\t\t\t<\/div>\n\t\t\t\t\t<script type=\"application\/ld+json\">{\n    \"@context\": \"https:\\\/\\\/schema.org\",\n    \"@type\": \"FAQPage\",\n    \"mainEntity\": [\n        {\n            \"@type\": \"Question\",\n            \"name\": \"Flugverbindungen\",\n            \"acceptedAnswer\": {\n                \"@type\": \"Answer\",\n                \"text\": \"\"\n            }\n        },\n        {\n            \"@type\": \"Question\",\n            \"name\": \"Einreise\",\n            \"acceptedAnswer\": {\n                \"@type\": \"Answer\",\n                \"text\": \"\"\n            }\n        },\n        {\n            \"@type\": \"Question\",\n            \"name\": \"Beste Reisezeit\",\n            \"acceptedAnswer\": {\n                \"@type\": \"Answer\",\n                \"text\": \"\"\n            }\n        },\n        {\n            \"@type\": \"Question\",\n            \"name\": \"Sicherheit\",\n            \"acceptedAnswer\": {\n                \"@type\": \"Answer\",\n                \"text\": \"\"\n            }\n        },\n        {\n            \"@type\": \"Question\",\n            \"name\": \"Gesundheit\",\n            \"acceptedAnswer\": {\n                \"@type\": \"Answer\",\n                \"text\": \"\"\n            }\n        }\n    ]\n}<\/script>\n\t\t\t\t\t\t\t<\/div>\n\t\t\t\t<\/div>\n\t\t\t\t\t<\/div>\n\t\t\t\t<\/div>\n\t\t<div class=\"elementor-element elementor-element-3d78270e e-flex e-con-boxed wpr-particle-no wpr-jarallax-no wpr-parallax-no wpr-sticky-section-no e-con e-parent\" data-id=\"3d78270e\" data-element_type=\"container\" data-settings=\"{&quot;background_background&quot;:&quot;classic&quot;}\">\n\t\t\t\t\t<div class=\"e-con-inner\">\n\t\t\t\t<div class=\"elementor-element elementor-element-64ec4956 elementor-widget elementor-widget-heading\" data-id=\"64ec4956\" data-element_type=\"widget\" data-widget_type=\"heading.default\">\n\t\t\t\t\t<h2 class=\"elementor-heading-title elementor-size-default\">Top 10 de atractivos tur\u00edsticos<\/h2>\t\t\t\t<\/div>\n\t\t<div class=\"elementor-element elementor-element-7a86460b e-con-full card-carousel e-flex wpr-particle-no wpr-jarallax-no wpr-parallax-no wpr-sticky-section-no e-con e-child\" data-id=\"7a86460b\" data-element_type=\"container\">\n\t\t<div class=\"elementor-element elementor-element-23e9d9f9 e-con-full card e-flex wpr-particle-no wpr-jarallax-no wpr-parallax-no wpr-sticky-section-no e-con e-child\" data-id=\"23e9d9f9\" data-element_type=\"container\">\n\t\t\t\t<div class=\"elementor-element elementor-element-5ed429e8 card-img elementor-widget elementor-widget-image\" data-id=\"5ed429e8\" data-element_type=\"widget\" data-widget_type=\"image.default\">\n\t\t\t\t\t\t\t\t\t\t\t\t\t\t\t<img fetchpriority=\"high\" decoding=\"async\" width=\"700\" height=\"450\" src=\"https:\/\/new.latinconnect.com\/wp-content\/uploads\/latinconnect-destinationen-mexiko-city.webp\" class=\"attachment-medium_large size-medium_large wp-image-4924\" alt=\"Centro hist\u00f3rico de Ciudad de M\u00e9xico con catedral, amplia plaza y vista a edificios circundantes\" srcset=\"https:\/\/new.latinconnect.com\/wp-content\/uploads\/latinconnect-destinationen-mexiko-city.webp 700w, https:\/\/new.latinconnect.com\/wp-content\/uploads\/latinconnect-destinationen-mexiko-city-18x12.webp 18w\" sizes=\"(max-width: 700px) 100vw, 700px\" \/>\t\t\t\t\t\t\t\t\t\t\t\t\t\t\t<\/div>\n\t\t\t\t<div class=\"elementor-element elementor-element-383dc844 card-content elementor-widget elementor-widget-text-editor\" data-id=\"383dc844\" data-element_type=\"widget\" data-widget_type=\"text-editor.default\">\n\t\t\t\t\t\t\t\t\t<h3>Ciudad de M\u00e9xico<\/h3><p>Una megaciudad con centro hist\u00f3rico colonial, legado azteca y museos de primer nivel. Imprescindibles: Z\u00f3calo, Museo Frida Kahlo y Teotihuac\u00e1n. Barrios como Coyoac\u00e1n y Roma Norte reflejan el esp\u00edritu creativo de la capital.<\/p>\t\t\t\t\t\t\t\t<\/div>\n\t\t\t\t<\/div>\n\t\t<div class=\"elementor-element elementor-element-7d5d140f e-con-full card e-flex wpr-particle-no wpr-jarallax-no wpr-parallax-no wpr-sticky-section-no e-con e-child\" data-id=\"7d5d140f\" data-element_type=\"container\">\n\t\t\t\t<div class=\"elementor-element elementor-element-45bf725d card-img elementor-widget elementor-widget-image\" data-id=\"45bf725d\" data-element_type=\"widget\" data-widget_type=\"image.default\">\n\t\t\t\t\t\t\t\t\t\t\t\t\t\t\t<img decoding=\"async\" width=\"700\" height=\"450\" src=\"https:\/\/new.latinconnect.com\/wp-content\/uploads\/latinconnect-destinationen-mexiko-barrancas-del-cobre.webp\" class=\"attachment-medium_large size-medium_large wp-image-4951\" alt=\"Barrancas del Cobre con profundos ca\u00f1ones, empinadas paredes rocosas y altiplanos boscosos en Chihuahua\" srcset=\"https:\/\/new.latinconnect.com\/wp-content\/uploads\/latinconnect-destinationen-mexiko-barrancas-del-cobre.webp 700w, https:\/\/new.latinconnect.com\/wp-content\/uploads\/latinconnect-destinationen-mexiko-barrancas-del-cobre-18x12.webp 18w\" sizes=\"(max-width: 700px) 100vw, 700px\" \/>\t\t\t\t\t\t\t\t\t\t\t\t\t\t\t<\/div>\n\t\t\t\t<div class=\"elementor-element elementor-element-178ca5c1 card-content elementor-widget elementor-widget-text-editor\" data-id=\"178ca5c1\" data-element_type=\"widget\" data-widget_type=\"text-editor.default\">\n\t\t\t\t\t\t\t\t\t<h3>Barrancas del Cobre (Chihuahua)<\/h3><p>M\u00e1s grandes que el Gran Ca\u00f1\u00f3n, estas gargantas impresionan por su profundidad, la cultura tarahumara y el famoso tren El Chepe. Tirolinas, puentes colgantes y rutas de senderismo revelan paisajes espectaculares.<\/p>\t\t\t\t\t\t\t\t<\/div>\n\t\t\t\t<\/div>\n\t\t<div class=\"elementor-element elementor-element-3a7fb6b8 e-con-full card e-flex wpr-particle-no wpr-jarallax-no wpr-parallax-no wpr-sticky-section-no e-con e-child\" data-id=\"3a7fb6b8\" data-element_type=\"container\">\n\t\t\t\t<div class=\"elementor-element elementor-element-542df530 card-img elementor-widget elementor-widget-image\" data-id=\"542df530\" data-element_type=\"widget\" data-widget_type=\"image.default\">\n\t\t\t\t\t\t\t\t\t\t\t\t\t\t\t<img decoding=\"async\" width=\"700\" height=\"450\" src=\"https:\/\/new.latinconnect.com\/wp-content\/uploads\/latinconnect-destinationen-mexiko-teotihuacan.webp\" class=\"attachment-medium_large size-medium_large wp-image-4955\" alt=\"Sitio arqueol\u00f3gico Teotihuac\u00e1n con Pir\u00e1mide del Sol y amplia avenida procesional cerca de Ciudad de M\u00e9xico\" srcset=\"https:\/\/new.latinconnect.com\/wp-content\/uploads\/latinconnect-destinationen-mexiko-teotihuacan.webp 700w, https:\/\/new.latinconnect.com\/wp-content\/uploads\/latinconnect-destinationen-mexiko-teotihuacan-18x12.webp 18w\" sizes=\"(max-width: 700px) 100vw, 700px\" \/>\t\t\t\t\t\t\t\t\t\t\t\t\t\t\t<\/div>\n\t\t\t\t<div class=\"elementor-element elementor-element-5b083752 card-content elementor-widget elementor-widget-text-editor\" data-id=\"5b083752\" data-element_type=\"widget\" data-widget_type=\"text-editor.default\">\n\t\t\t\t\t\t\t\t\t<h3>Teotihuac\u00e1n (cerca de Ciudad\u00a0de&nbsp;M\u00e9xico)<\/h3><p>Las pir\u00e1mides del Sol y de la Luna son de los sitios precolombinos m\u00e1s importantes. Visitar temprano para vivir su atm\u00f3sfera m\u00edstica sin multitudes.<\/p>\t\t\t\t\t\t\t\t<\/div>\n\t\t\t\t<\/div>\n\t\t<div class=\"elementor-element elementor-element-1d9634b1 e-con-full card e-flex wpr-particle-no wpr-jarallax-no wpr-parallax-no wpr-sticky-section-no e-con e-child\" data-id=\"1d9634b1\" data-element_type=\"container\">\n\t\t\t\t<div class=\"elementor-element elementor-element-376a4612 card-img elementor-widget elementor-widget-image\" data-id=\"376a4612\" data-element_type=\"widget\" data-widget_type=\"image.default\">\n\t\t\t\t\t\t\t\t\t\t\t\t\t\t\t<img loading=\"lazy\" decoding=\"async\" width=\"700\" height=\"450\" src=\"https:\/\/new.latinconnect.com\/wp-content\/uploads\/latinconnect-destinationen-mexiko-taxco.webp\" class=\"attachment-medium_large size-medium_large wp-image-4960\" alt=\"Ciudad colonial Taxco con densa edificaci\u00f3n blanca y destacada iglesia con c\u00fapula en el altiplano monta\u00f1oso de Guerrero\" srcset=\"https:\/\/new.latinconnect.com\/wp-content\/uploads\/latinconnect-destinationen-mexiko-taxco.webp 700w, https:\/\/new.latinconnect.com\/wp-content\/uploads\/latinconnect-destinationen-mexiko-taxco-18x12.webp 18w\" sizes=\"(max-width: 700px) 100vw, 700px\" \/>\t\t\t\t\t\t\t\t\t\t\t\t\t\t\t<\/div>\n\t\t\t\t<div class=\"elementor-element elementor-element-3ca99428 card-content elementor-widget elementor-widget-text-editor\" data-id=\"3ca99428\" data-element_type=\"widget\" data-widget_type=\"text-editor.default\">\n\t\t\t\t\t\t\t\t\t<h3>Taxco (Guerrero)<\/h3><p>La \u201cciudad de la plata\u201d enamora con casas blancas, calles empinadas y arquitectura barroca en un entorno monta\u00f1oso. Un telef\u00e9rico ofrece vistas panor\u00e1micas.<\/p>\t\t\t\t\t\t\t\t<\/div>\n\t\t\t\t<\/div>\n\t\t<div class=\"elementor-element elementor-element-6fb2647d e-con-full card e-flex wpr-particle-no wpr-jarallax-no wpr-parallax-no wpr-sticky-section-no e-con e-child\" data-id=\"6fb2647d\" data-element_type=\"container\">\n\t\t\t\t<div class=\"elementor-element elementor-element-21a02480 card-img elementor-widget elementor-widget-image\" data-id=\"21a02480\" data-element_type=\"widget\" data-widget_type=\"image.default\">\n\t\t\t\t\t\t\t\t\t\t\t\t\t\t\t<img loading=\"lazy\" decoding=\"async\" width=\"700\" height=\"450\" src=\"https:\/\/new.latinconnect.com\/wp-content\/uploads\/latinconnect-destinationen-mexiko-canon-del-sumidero.webp\" class=\"attachment-medium_large size-medium_large wp-image-4971\" alt=\"Ca\u00f1\u00f3n del Sumidero con empinadas paredes rocosas boscosas y curso del r\u00edo en el estado de Chiapas\" srcset=\"https:\/\/new.latinconnect.com\/wp-content\/uploads\/latinconnect-destinationen-mexiko-canon-del-sumidero.webp 700w, https:\/\/new.latinconnect.com\/wp-content\/uploads\/latinconnect-destinationen-mexiko-canon-del-sumidero-18x12.webp 18w\" sizes=\"(max-width: 700px) 100vw, 700px\" \/>\t\t\t\t\t\t\t\t\t\t\t\t\t\t\t<\/div>\n\t\t\t\t<div class=\"elementor-element elementor-element-615a9573 card-content elementor-widget elementor-widget-text-editor\" data-id=\"615a9573\" data-element_type=\"widget\" data-widget_type=\"text-editor.default\">\n\t\t\t\t\t\t\t\t\t<h3>Ca\u00f1\u00f3n del Sumidero (Chiapas)<\/h3><p>Un ca\u00f1\u00f3n espectacular con paredes de hasta 1.000 metros. Paseos en lancha por el r\u00edo Grijalva entre cuevas, cocodrilos y cascadas, o miradores desde lo alto.<\/p>\t\t\t\t\t\t\t\t<\/div>\n\t\t\t\t<\/div>\n\t\t<div class=\"elementor-element elementor-element-6a32eb30 e-con-full card e-flex wpr-particle-no wpr-jarallax-no wpr-parallax-no wpr-sticky-section-no e-con e-child\" data-id=\"6a32eb30\" data-element_type=\"container\">\n\t\t\t\t<div class=\"elementor-element elementor-element-4c4032d7 card-img elementor-widget elementor-widget-image\" data-id=\"4c4032d7\" data-element_type=\"widget\" data-widget_type=\"image.default\">\n\t\t\t\t\t\t\t\t\t\t\t\t\t\t\t<img loading=\"lazy\" decoding=\"async\" width=\"766\" height=\"493\" src=\"https:\/\/new.latinconnect.com\/wp-content\/uploads\/latinconnect-destinationen-mexiko-san-cristobal-de-las-casas.jpg\" class=\"attachment-medium_large size-medium_large wp-image-4972\" alt=\"Ciudad colonial San Crist\u00f3bal de las Casas con casas coloridas, iglesia y monta\u00f1as circundantes en Chiapas\" \/>\t\t\t\t\t\t\t\t\t\t\t\t\t\t\t<\/div>\n\t\t\t\t<div class=\"elementor-element elementor-element-6828c7ad card-content elementor-widget elementor-widget-text-editor\" data-id=\"6828c7ad\" data-element_type=\"widget\" data-widget_type=\"text-editor.default\">\n\t\t\t\t\t\t\t\t\t<h3>San Crist\u00f3bal de las Casas (Chiapas)<\/h3><p>Ciudad colonial a 2.100 metros con fuerte presencia ind\u00edgena, mercados coloridos y clima fresco. Ideal para viajeros culturales y amantes del senderismo.<\/p>\t\t\t\t\t\t\t\t<\/div>\n\t\t\t\t<\/div>\n\t\t<div class=\"elementor-element elementor-element-33f506aa e-con-full card e-flex wpr-particle-no wpr-jarallax-no wpr-parallax-no wpr-sticky-section-no e-con e-child\" data-id=\"33f506aa\" data-element_type=\"container\">\n\t\t\t\t<div class=\"elementor-element elementor-element-5d69d2fb card-img elementor-widget elementor-widget-image\" data-id=\"5d69d2fb\" data-element_type=\"widget\" data-widget_type=\"image.default\">\n\t\t\t\t\t\t\t\t\t\t\t\t\t\t\t<img loading=\"lazy\" decoding=\"async\" width=\"700\" height=\"450\" src=\"https:\/\/new.latinconnect.com\/wp-content\/uploads\/latinconnect-destinationen-mexiko-mazunte.webp\" class=\"attachment-medium_large size-medium_large wp-image-4989\" alt=\"Playa del Pac\u00edfico de Mazunte con arena dorada, colinas verdes y tradicional pueblo costero en Oaxaca\" srcset=\"https:\/\/new.latinconnect.com\/wp-content\/uploads\/latinconnect-destinationen-mexiko-mazunte.webp 700w, https:\/\/new.latinconnect.com\/wp-content\/uploads\/latinconnect-destinationen-mexiko-mazunte-18x12.webp 18w\" sizes=\"(max-width: 700px) 100vw, 700px\" \/>\t\t\t\t\t\t\t\t\t\t\t\t\t\t\t<\/div>\n\t\t\t\t<div class=\"elementor-element elementor-element-4fef56fe card-content elementor-widget elementor-widget-text-editor\" data-id=\"4fef56fe\" data-element_type=\"widget\" data-widget_type=\"text-editor.default\">\n\t\t\t\t\t\t\t\t\t<h3>Mazunte (Oaxaca)<\/h3><p>Destino alternativo de playa con protecci\u00f3n de tortugas, yoga y ambiente eco-chic. Atardeceres dorados y vida relajada lejos del turismo masivo.<\/p>\t\t\t\t\t\t\t\t<\/div>\n\t\t\t\t<\/div>\n\t\t<div class=\"elementor-element elementor-element-13ef0a00 e-con-full card e-flex wpr-particle-no wpr-jarallax-no wpr-parallax-no wpr-sticky-section-no e-con e-child\" data-id=\"13ef0a00\" data-element_type=\"container\">\n\t\t\t\t<div class=\"elementor-element elementor-element-5b1cb64b card-img elementor-widget elementor-widget-image\" data-id=\"5b1cb64b\" data-element_type=\"widget\" data-widget_type=\"image.default\">\n\t\t\t\t\t\t\t\t\t\t\t\t\t\t\t<img loading=\"lazy\" decoding=\"async\" width=\"700\" height=\"450\" src=\"https:\/\/new.latinconnect.com\/wp-content\/uploads\/latinconnect-destinationen-mexiko-cancun.webp\" class=\"attachment-medium_large size-medium_large wp-image-5006\" alt=\"Playa de arena blanca en la Riviera Maya con palmeras, muelle y mar Caribe turquesa cerca de Canc\u00fan\" srcset=\"https:\/\/new.latinconnect.com\/wp-content\/uploads\/latinconnect-destinationen-mexiko-cancun.webp 700w, https:\/\/new.latinconnect.com\/wp-content\/uploads\/latinconnect-destinationen-mexiko-cancun-18x12.webp 18w\" sizes=\"(max-width: 700px) 100vw, 700px\" \/>\t\t\t\t\t\t\t\t\t\t\t\t\t\t\t<\/div>\n\t\t\t\t<div class=\"elementor-element elementor-element-542022ca card-content elementor-widget elementor-widget-text-editor\" data-id=\"542022ca\" data-element_type=\"widget\" data-widget_type=\"text-editor.default\">\n\t\t\t\t\t\t\t\t\t<h3>Canc\u00fan y Riviera Maya (Quintana Roo)<\/h3><p>Aguas turquesas, playas de arena blanca y templos mayas convierten esta regi\u00f3n en la m\u00e1s popular del pa\u00eds. Desde resorts hasta cultura en Tulum.<\/p>\t\t\t\t\t\t\t\t<\/div>\n\t\t\t\t<\/div>\n\t\t<div class=\"elementor-element elementor-element-2ecb8a6a e-con-full card e-flex wpr-particle-no wpr-jarallax-no wpr-parallax-no wpr-sticky-section-no e-con e-child\" data-id=\"2ecb8a6a\" data-element_type=\"container\">\n\t\t\t\t<div class=\"elementor-element elementor-element-28e2b18b card-img elementor-widget elementor-widget-image\" data-id=\"28e2b18b\" data-element_type=\"widget\" data-widget_type=\"image.default\">\n\t\t\t\t\t\t\t\t\t\t\t\t\t\t\t<img loading=\"lazy\" decoding=\"async\" width=\"768\" height=\"432\" src=\"https:\/\/new.latinconnect.com\/wp-content\/uploads\/latinconnect-dmcs-caribbean-tours-mexiko-belize-guatemala-headerbild-768x432.webp\" class=\"attachment-medium_large size-medium_large wp-image-3852\" alt=\"Playa caribe\u00f1a de Tulum con mar turquesa, palmeras y ruinas mayas sobre acantilados rocosos\" srcset=\"https:\/\/new.latinconnect.com\/wp-content\/uploads\/latinconnect-dmcs-caribbean-tours-mexiko-belize-guatemala-headerbild-768x432.webp 768w, https:\/\/new.latinconnect.com\/wp-content\/uploads\/latinconnect-dmcs-caribbean-tours-mexiko-belize-guatemala-headerbild-900x506.webp 900w, https:\/\/new.latinconnect.com\/wp-content\/uploads\/latinconnect-dmcs-caribbean-tours-mexiko-belize-guatemala-headerbild-1536x864.webp 1536w, https:\/\/new.latinconnect.com\/wp-content\/uploads\/latinconnect-dmcs-caribbean-tours-mexiko-belize-guatemala-headerbild-18x10.webp 18w, https:\/\/new.latinconnect.com\/wp-content\/uploads\/latinconnect-dmcs-caribbean-tours-mexiko-belize-guatemala-headerbild.webp 1920w\" sizes=\"(max-width: 768px) 100vw, 768px\" \/>\t\t\t\t\t\t\t\t\t\t\t\t\t\t\t<\/div>\n\t\t\t\t<div class=\"elementor-element elementor-element-478b85d7 card-content elementor-widget elementor-widget-text-editor\" data-id=\"478b85d7\" data-element_type=\"widget\" data-widget_type=\"text-editor.default\">\n\t\t\t\t\t\t\t\t\t<h3>Tulum (Quintana Roo)<\/h3><p>Ruinas mayas frente al mar Caribe: una combinaci\u00f3n \u00fanica de historia, tr\u00f3pico y estilo bohemio moderno.<\/p>\t\t\t\t\t\t\t\t<\/div>\n\t\t\t\t<\/div>\n\t\t<div class=\"elementor-element elementor-element-b8d4edf e-con-full card e-flex wpr-particle-no wpr-jarallax-no wpr-parallax-no wpr-sticky-section-no e-con e-child\" data-id=\"b8d4edf\" data-element_type=\"container\">\n\t\t\t\t<div class=\"elementor-element elementor-element-038e185 card-img elementor-widget elementor-widget-image\" data-id=\"038e185\" data-element_type=\"widget\" data-widget_type=\"image.default\">\n\t\t\t\t\t\t\t\t\t\t\t\t\t\t\t<img loading=\"lazy\" decoding=\"async\" width=\"700\" height=\"450\" src=\"https:\/\/new.latinconnect.com\/wp-content\/uploads\/latinconnect-destinationen-mexiko-bacalar.webp\" class=\"attachment-medium_large size-medium_large wp-image-5014\" alt=\"Laguna de Bacalar con agua turquesa, peque\u00f1as islas y vegetaci\u00f3n tropical en Quintana Roo, M\u00e9xico\" srcset=\"https:\/\/new.latinconnect.com\/wp-content\/uploads\/latinconnect-destinationen-mexiko-bacalar.webp 700w, https:\/\/new.latinconnect.com\/wp-content\/uploads\/latinconnect-destinationen-mexiko-bacalar-18x12.webp 18w\" sizes=\"(max-width: 700px) 100vw, 700px\" \/>\t\t\t\t\t\t\t\t\t\t\t\t\t\t\t<\/div>\n\t\t\t\t<div class=\"elementor-element elementor-element-d179ced card-content elementor-widget elementor-widget-text-editor\" data-id=\"d179ced\" data-element_type=\"widget\" data-widget_type=\"text-editor.default\">\n\t\t\t\t\t\t\t\t\t<h3>Bacalar (Quintana Roo)<\/h3><p>Laguna de los Siete Colores cerca de Belice \u2013 una joya de agua dulce con tours en kayak, cenotes y canal pirata. Una alternativa tranquila a la costa con aguas cristalinas, ambiente de hamacas y encanto caribe\u00f1o. Pura relajaci\u00f3n.<\/p>\t\t\t\t\t\t\t\t<\/div>\n\t\t\t\t<\/div>\n\t\t\t\t<\/div>\n\t\t<div class=\"elementor-element elementor-element-5c75ea82 e-con-full e-flex wpr-particle-no wpr-jarallax-no wpr-parallax-no wpr-sticky-section-no e-con e-child\" data-id=\"5c75ea82\" data-element_type=\"container\">\n\t\t\t\t<div class=\"elementor-element elementor-element-553fd83d elementor-widget elementor-widget-heading\" data-id=\"553fd83d\" data-element_type=\"widget\" data-widget_type=\"heading.default\">\n\t\t\t\t\t<h2 class=\"elementor-heading-title elementor-size-default\">Viajes Seleccionados<\/h2>\t\t\t\t<\/div>\n\t\t\t\t<div class=\"elementor-element elementor-element-78bf933e elementor-widget elementor-widget-shortcode\" data-id=\"78bf933e\" data-element_type=\"widget\" data-widget_type=\"shortcode.default\">\n\t\t\t\t\t\t\t<div class=\"elementor-shortcode\">        <div id=\"blog-posts-wrapper\">\n            <div id=\"response\">\n\n                \n                    \n                    <div class=\"blog-post-container\">\n\n                        <!-- IMAGE -->\n                        <div class=\"blog-post-thumbnail\">\n                            <a href=\"https:\/\/new.latinconnect.com\/es\/producto\/mexiko-rundreise-chiapas\/\" target=\"_self\" aria-hidden=\"true\">\n\n                                                                    <img decoding=\"async\" src=\"https:\/\/new.latinconnect.com\/wp-content\/uploads\/MEX_6TC_01_mexiko-rundreise-chiapas.png\" alt=\"Chiapas \u2013 6 d\u00edas de recorrido por M\u00e9xico\">\n                                \n                            <\/a>\n                        <\/div>\n\n                        <!-- CONTENT -->\n                        <div class=\"blog-post-content product-card\">\n                            <div class=\"blog-post-content-below\">\n\n                                <!-- TITLE -->\n                                <div class=\"blog-post-title\">\n                                    <a href=\"https:\/\/new.latinconnect.com\/es\/producto\/mexiko-rundreise-chiapas\/\" target=\"_self\">\n                                        <span>Chiapas \u2013 6 d\u00edas de recorrido por M\u00e9xico<\/span>\n                                    <\/a>\n                                <\/div>\n\n                                <!-- META -->\n                                <div class=\"blog-post-desc\">\n\n                                                                            <div class=\"duration\">\n                                            <span class=\"icon\">\n                                                <img decoding=\"async\" src=\"\/wp-content\/uploads\/latinconnect-reloj.svg\" alt=\"Icono de tiempo\" \/>\n                                            <\/span>\n                                            6 d\u00edas | 5 noches\n                                        <\/div>\n                                    \n                                                                            <div class=\"route\">\n                                            <span class=\"icon\">\n                                                <img decoding=\"async\" src=\"\/wp-content\/uploads\/latinconnect-route.svg\" alt=\"Icono de ruta\">\n                                            <\/span>\n                                            Tuxtla Guti\u00e9rrez | Villahermosa                                        <\/div>\n                                    \n                                                                            <div class=\"language\">\n                                            <span class=\"icon\">\n                                                <img decoding=\"async\" src=\"\/wp-content\/uploads\/latinconnect-idioma.svg\" alt=\"Icono de idioma\">\n                                            <\/span>\n                                            Ingl\u00e9s                                        <\/div>\n                                    \n                                <\/div>\n\n                            <\/div>\n                        <\/div>\n\n                    <\/div>\n\n                \n                    \n                    <div class=\"blog-post-container\">\n\n                        <!-- IMAGE -->\n                        <div class=\"blog-post-thumbnail\">\n                            <a href=\"https:\/\/new.latinconnect.com\/es\/producto\/mexiko-rundreise-baja-california-sur-selbstfahrer\/\" target=\"_self\" aria-hidden=\"true\">\n\n                                                                    <img decoding=\"async\" src=\"https:\/\/new.latinconnect.com\/wp-content\/uploads\/MEX_BCS_01_mexiko-rundreise-baja-california-sur-selbstfahrer.png\" alt=\"Recorrido por M\u00e9xico \u2013 Viaje en coche por Baja California Sur\">\n                                \n                            <\/a>\n                        <\/div>\n\n                        <!-- CONTENT -->\n                        <div class=\"blog-post-content product-card\">\n                            <div class=\"blog-post-content-below\">\n\n                                <!-- TITLE -->\n                                <div class=\"blog-post-title\">\n                                    <a href=\"https:\/\/new.latinconnect.com\/es\/producto\/mexiko-rundreise-baja-california-sur-selbstfahrer\/\" target=\"_self\">\n                                        <span>Recorrido por M\u00e9xico \u2013 Viaje en coche por Baja California Sur<\/span>\n                                    <\/a>\n                                <\/div>\n\n                                <!-- META -->\n                                <div class=\"blog-post-desc\">\n\n                                                                            <div class=\"duration\">\n                                            <span class=\"icon\">\n                                                <img decoding=\"async\" src=\"\/wp-content\/uploads\/latinconnect-reloj.svg\" alt=\"Icono de tiempo\" \/>\n                                            <\/span>\n                                            8 d\u00edas | 7 noches\n                                        <\/div>\n                                    \n                                                                            <div class=\"route\">\n                                            <span class=\"icon\">\n                                                <img decoding=\"async\" src=\"\/wp-content\/uploads\/latinconnect-route.svg\" alt=\"Icono de ruta\">\n                                            <\/span>\n                                            La Paz | La Paz                                        <\/div>\n                                    \n                                                                            <div class=\"language\">\n                                            <span class=\"icon\">\n                                                <img decoding=\"async\" src=\"\/wp-content\/uploads\/latinconnect-idioma.svg\" alt=\"Icono de idioma\">\n                                            <\/span>\n                                            Alem\u00e1n                                        <\/div>\n                                    \n                                <\/div>\n\n                            <\/div>\n                        <\/div>\n\n                    <\/div>\n\n                \n                    \n                    <div class=\"blog-post-container\">\n\n                        <!-- IMAGE -->\n                        <div class=\"blog-post-thumbnail\">\n                            <a href=\"https:\/\/new.latinconnect.com\/es\/producto\/mexiko-rundreise-hoehepunkte-yucatan-calakmul\/\" target=\"_self\" aria-hidden=\"true\">\n\n                                                                    <img decoding=\"async\" src=\"https:\/\/new.latinconnect.com\/wp-content\/uploads\/MEX_HYC_01_mexiko-rundreise-hoehepunkte-yucatan-calakmul.png\" alt=\"Excursi\u00f3n por M\u00e9xico \u2013 Lo m\u00e1s destacado de Yucat\u00e1n con Calakmul\">\n                                \n                            <\/a>\n                        <\/div>\n\n                        <!-- CONTENT -->\n                        <div class=\"blog-post-content product-card\">\n                            <div class=\"blog-post-content-below\">\n\n                                <!-- TITLE -->\n                                <div class=\"blog-post-title\">\n                                    <a href=\"https:\/\/new.latinconnect.com\/es\/producto\/mexiko-rundreise-hoehepunkte-yucatan-calakmul\/\" target=\"_self\">\n                                        <span>Excursi\u00f3n por M\u00e9xico \u2013 Lo m\u00e1s destacado de Yucat\u00e1n con Calakmul<\/span>\n                                    <\/a>\n                                <\/div>\n\n                                <!-- META -->\n                                <div class=\"blog-post-desc\">\n\n                                                                            <div class=\"duration\">\n                                            <span class=\"icon\">\n                                                <img decoding=\"async\" src=\"\/wp-content\/uploads\/latinconnect-reloj.svg\" alt=\"Icono de tiempo\" \/>\n                                            <\/span>\n                                            8 d\u00edas | 7 noches\n                                        <\/div>\n                                    \n                                                                            <div class=\"route\">\n                                            <span class=\"icon\">\n                                                <img decoding=\"async\" src=\"\/wp-content\/uploads\/latinconnect-route.svg\" alt=\"Icono de ruta\">\n                                            <\/span>\n                                            Canc\u00fan\/Riviera Maya | Canc\u00fan\/Riviera Maya                                        <\/div>\n                                    \n                                                                            <div class=\"language\">\n                                            <span class=\"icon\">\n                                                <img decoding=\"async\" src=\"\/wp-content\/uploads\/latinconnect-idioma.svg\" alt=\"Icono de idioma\">\n                                            <\/span>\n                                            Ingl\u00e9s                                        <\/div>\n                                    \n                                <\/div>\n\n                            <\/div>\n                        <\/div>\n\n                    <\/div>\n\n                \n                    \n                    <div class=\"blog-post-container\">\n\n                        <!-- IMAGE -->\n                        <div class=\"blog-post-thumbnail\">\n                            <a href=\"https:\/\/new.latinconnect.com\/es\/producto\/mexiko-rundreise-klassisches-mexiko\/\" target=\"_self\" aria-hidden=\"true\">\n\n                                                                    <img decoding=\"async\" src=\"https:\/\/new.latinconnect.com\/wp-content\/uploads\/MEX_KM_01_mexiko-rundreise-klassisches-mexiko.png\" alt=\"Tour por M\u00e9xico \u2013 M\u00e9xico Cl\u00e1sico\">\n                                \n                            <\/a>\n                        <\/div>\n\n                        <!-- CONTENT -->\n                        <div class=\"blog-post-content product-card\">\n                            <div class=\"blog-post-content-below\">\n\n                                <!-- TITLE -->\n                                <div class=\"blog-post-title\">\n                                    <a href=\"https:\/\/new.latinconnect.com\/es\/producto\/mexiko-rundreise-klassisches-mexiko\/\" target=\"_self\">\n                                        <span>Tour por M\u00e9xico \u2013 M\u00e9xico Cl\u00e1sico<\/span>\n                                    <\/a>\n                                <\/div>\n\n                                <!-- META -->\n                                <div class=\"blog-post-desc\">\n\n                                                                            <div class=\"duration\">\n                                            <span class=\"icon\">\n                                                <img decoding=\"async\" src=\"\/wp-content\/uploads\/latinconnect-reloj.svg\" alt=\"Icono de tiempo\" \/>\n                                            <\/span>\n                                            14 d\u00edas | 13 noches\n                                        <\/div>\n                                    \n                                                                            <div class=\"route\">\n                                            <span class=\"icon\">\n                                                <img decoding=\"async\" src=\"\/wp-content\/uploads\/latinconnect-route.svg\" alt=\"Icono de ruta\">\n                                            <\/span>\n                                            Ciudad de M\u00e9xico | Riviera Maya\/Canc\u00fan                                        <\/div>\n                                    \n                                                                            <div class=\"language\">\n                                            <span class=\"icon\">\n                                                <img decoding=\"async\" src=\"\/wp-content\/uploads\/latinconnect-idioma.svg\" alt=\"Icono de idioma\">\n                                            <\/span>\n                                            Alem\u00e1n                                        <\/div>\n                                    \n                                <\/div>\n\n                            <\/div>\n                        <\/div>\n\n                    <\/div>\n\n                \n                    \n                    <div class=\"blog-post-container\">\n\n                        <!-- IMAGE -->\n                        <div class=\"blog-post-thumbnail\">\n                            <a href=\"https:\/\/new.latinconnect.com\/es\/producto\/mexiko-rundreise-mexico-city-flash\/\" target=\"_self\" aria-hidden=\"true\">\n\n                                                                    <img decoding=\"async\" src=\"https:\/\/new.latinconnect.com\/wp-content\/uploads\/MEX_MCF_01_mexiko-rundreise-mexico-city-flash.png\" alt=\"Excursi\u00f3n por M\u00e9xico \u2013 Flash de Ciudad de M\u00e9xico\">\n                                \n                            <\/a>\n                        <\/div>\n\n                        <!-- CONTENT -->\n                        <div class=\"blog-post-content product-card\">\n                            <div class=\"blog-post-content-below\">\n\n                                <!-- TITLE -->\n                                <div class=\"blog-post-title\">\n                                    <a href=\"https:\/\/new.latinconnect.com\/es\/producto\/mexiko-rundreise-mexico-city-flash\/\" target=\"_self\">\n                                        <span>Excursi\u00f3n por M\u00e9xico \u2013 Flash de Ciudad de M\u00e9xico<\/span>\n                                    <\/a>\n                                <\/div>\n\n                                <!-- META -->\n                                <div class=\"blog-post-desc\">\n\n                                                                            <div class=\"duration\">\n                                            <span class=\"icon\">\n                                                <img decoding=\"async\" src=\"\/wp-content\/uploads\/latinconnect-reloj.svg\" alt=\"Icono de tiempo\" \/>\n                                            <\/span>\n                                            3 d\u00edas | 2 noches\n                                        <\/div>\n                                    \n                                                                            <div class=\"route\">\n                                            <span class=\"icon\">\n                                                <img decoding=\"async\" src=\"\/wp-content\/uploads\/latinconnect-route.svg\" alt=\"Icono de ruta\">\n                                            <\/span>\n                                            Ciudad de M\u00e9xico | Ciudad de M\u00e9xico                                        <\/div>\n                                    \n                                                                            <div class=\"language\">\n                                            <span class=\"icon\">\n                                                <img decoding=\"async\" src=\"\/wp-content\/uploads\/latinconnect-idioma.svg\" alt=\"Icono de idioma\">\n                                            <\/span>\n                                            Ingl\u00e9s                                        <\/div>\n                                    \n                                <\/div>\n\n                            <\/div>\n                        <\/div>\n\n                    <\/div>\n\n                \n                    \n                    <div class=\"blog-post-container\">\n\n                        <!-- IMAGE -->\n                        <div class=\"blog-post-thumbnail\">\n                            <a href=\"https:\/\/new.latinconnect.com\/es\/producto\/mexiko-rundreise-yucatan-haciendas\/\" target=\"_self\" aria-hidden=\"true\">\n\n                                                                    <img decoding=\"async\" src=\"https:\/\/new.latinconnect.com\/wp-content\/uploads\/MEX_YH_01_mexiko-rundreise-yucatan-haciendas.png\" alt=\"Excursi\u00f3n por M\u00e9xico \u2013 Haciendas de Yucat\u00e1n\">\n                                \n                            <\/a>\n                        <\/div>\n\n                        <!-- CONTENT -->\n                        <div class=\"blog-post-content product-card\">\n                            <div class=\"blog-post-content-below\">\n\n                                <!-- TITLE -->\n                                <div class=\"blog-post-title\">\n                                    <a href=\"https:\/\/new.latinconnect.com\/es\/producto\/mexiko-rundreise-yucatan-haciendas\/\" target=\"_self\">\n                                        <span>Excursi\u00f3n por M\u00e9xico \u2013 Haciendas de Yucat\u00e1n<\/span>\n                                    <\/a>\n                                <\/div>\n\n                                <!-- META -->\n                                <div class=\"blog-post-desc\">\n\n                                                                            <div class=\"duration\">\n                                            <span class=\"icon\">\n                                                <img decoding=\"async\" src=\"\/wp-content\/uploads\/latinconnect-reloj.svg\" alt=\"Icono de tiempo\" \/>\n                                            <\/span>\n                                            5 D\u00edas | 4 Noches\n                                        <\/div>\n                                    \n                                                                            <div class=\"route\">\n                                            <span class=\"icon\">\n                                                <img decoding=\"async\" src=\"\/wp-content\/uploads\/latinconnect-route.svg\" alt=\"Icono de ruta\">\n                                            <\/span>\n                                            Canc\u00fan\/Riviera Maya | Canc\u00fan\/Riviera Maya                                        <\/div>\n                                    \n                                                                            <div class=\"language\">\n                                            <span class=\"icon\">\n                                                <img decoding=\"async\" src=\"\/wp-content\/uploads\/latinconnect-idioma.svg\" alt=\"Icono de idioma\">\n                                            <\/span>\n                                            Ingl\u00e9s                                        <\/div>\n                                    \n                                <\/div>\n\n                            <\/div>\n                        <\/div>\n\n                    <\/div>\n\n                \n                    \n                    <div class=\"blog-post-container\">\n\n                        <!-- IMAGE -->\n                        <div class=\"blog-post-thumbnail\">\n                            <a href=\"https:\/\/new.latinconnect.com\/es\/producto\/mexiko-belize-guatemala-rundreise-erbe-der-maya\/\" target=\"_self\" aria-hidden=\"true\">\n\n                                                                    <img decoding=\"async\" src=\"https:\/\/new.latinconnect.com\/wp-content\/uploads\/GEN_EdM_01_mexiko-belize-guatemala-rundreise-erbe-der-maya.png\" alt=\"Mexiko, Belize &#038; Guatemala Rundreise \u2013 Erbe der Maya\">\n                                \n                            <\/a>\n                        <\/div>\n\n                        <!-- CONTENT -->\n                        <div class=\"blog-post-content product-card\">\n                            <div class=\"blog-post-content-below\">\n\n                                <!-- TITLE -->\n                                <div class=\"blog-post-title\">\n                                    <a href=\"https:\/\/new.latinconnect.com\/es\/producto\/mexiko-belize-guatemala-rundreise-erbe-der-maya\/\" target=\"_self\">\n                                        <span>Viaje por M\u00e9xico, Belice y Guatemala - Herencia Maya<\/span>\n                                    <\/a>\n                                <\/div>\n\n                                <!-- META -->\n                                <div class=\"blog-post-desc\">\n\n                                                                            <div class=\"duration\">\n                                            <span class=\"icon\">\n                                                <img decoding=\"async\" src=\"\/wp-content\/uploads\/latinconnect-reloj.svg\" alt=\"Icono de tiempo\" \/>\n                                            <\/span>\n                                            8 d\u00edas | 7 noches\n                                        <\/div>\n                                    \n                                                                            <div class=\"route\">\n                                            <span class=\"icon\">\n                                                <img decoding=\"async\" src=\"\/wp-content\/uploads\/latinconnect-route.svg\" alt=\"Icono de ruta\">\n                                            <\/span>\n                                            Canc\u00fan\/Riviera Maya | Canc\u00fan\/Riviera Maya                                        <\/div>\n                                    \n                                                                            <div class=\"language\">\n                                            <span class=\"icon\">\n                                                <img decoding=\"async\" src=\"\/wp-content\/uploads\/latinconnect-idioma.svg\" alt=\"Icono de idioma\">\n                                            <\/span>\n                                            Ingl\u00e9s                                        <\/div>\n                                    \n                                <\/div>\n\n                            <\/div>\n                        <\/div>\n\n                    <\/div>\n\n                \n            <\/div>\n        <\/div>\n        <\/div>\n\t\t\t\t\t\t<\/div>\n\t\t\t\t<\/div>\n\t\t<div class=\"elementor-element elementor-element-16cac1bb e-con-full e-flex wpr-particle-no wpr-jarallax-no wpr-parallax-no wpr-sticky-section-no e-con e-child\" data-id=\"16cac1bb\" data-element_type=\"container\" id=\"seatin\">\n\t\t\t\t<div class=\"elementor-element elementor-element-2981550a elementor-widget elementor-widget-heading\" data-id=\"2981550a\" data-element_type=\"widget\" data-widget_type=\"heading.default\">\n\t\t\t\t\t<h2 class=\"elementor-heading-title elementor-size-default\">Tours colectivos \u2013 M\u00e9xico<\/h2>\t\t\t\t<\/div>\n\t\t\t\t<div class=\"elementor-element elementor-element-65d2b14a elementor-widget elementor-widget-shortcode\" data-id=\"65d2b14a\" data-element_type=\"widget\" data-widget_type=\"shortcode.default\">\n\t\t\t\t\t\t\t<div class=\"elementor-shortcode\">    <div class=\"lc-seatin-app\"\n        data-country=\"MEX\"\n        data-lang=\"es\"\n        data-has-data=\"0\">\n        \n        \n        <div class=\"lc-seatin-results\">\n            <div class=\"no-posts-found\">Actualmente no hay tours colectivos disponibles...<\/div>        <\/div>\n    <\/div>\n    <\/div>\n\t\t\t\t\t\t<\/div>\n\t\t\t\t<\/div>\n\t\t<div class=\"elementor-element elementor-element-470eb6b1 e-con-full e-flex wpr-particle-no wpr-jarallax-no wpr-parallax-no wpr-sticky-section-no e-con e-child\" data-id=\"470eb6b1\" data-element_type=\"container\">\n\t\t\t\t<div class=\"elementor-element elementor-element-611032c elementor-widget elementor-widget-heading\" data-id=\"611032c\" data-element_type=\"widget\" data-widget_type=\"heading.default\">\n\t\t\t\t\t<h2 class=\"elementor-heading-title elementor-size-default\">Su experto en viajes para este destino<\/h2>\t\t\t\t<\/div>\n\t\t<div class=\"elementor-element elementor-element-687689b4 e-con-full card-container only-card e-flex wpr-particle-no wpr-jarallax-no wpr-parallax-no wpr-sticky-section-no e-con e-child\" data-id=\"687689b4\" data-element_type=\"container\">\n\t\t<a class=\"elementor-element elementor-element-5263b685 e-con-full card e-flex wpr-particle-no wpr-jarallax-no wpr-parallax-no wpr-sticky-section-no e-con e-child\" data-id=\"5263b685\" data-element_type=\"container\" href=\"\/es\/nuestros-dmcs\/caribbean-tours-mexico-belize-guatemala\/\">\n\t\t\t\t<div class=\"elementor-element elementor-element-7dd4b31c card-img elementor-widget elementor-widget-image\" data-id=\"7dd4b31c\" data-element_type=\"widget\" data-widget_type=\"image.default\">\n\t\t\t\t\t\t\t\t\t\t\t\t\t\t\t<img loading=\"lazy\" decoding=\"async\" width=\"370\" height=\"319\" src=\"https:\/\/new.latinconnect.com\/wp-content\/uploads\/caribbean_tours_mexico_belize_guatemala.png\" class=\"attachment-medium_large size-medium_large wp-image-3944\" alt=\"Caribe Tours M\u00e9xico Belice Guatemala\" srcset=\"https:\/\/new.latinconnect.com\/wp-content\/uploads\/caribbean_tours_mexico_belize_guatemala.png 370w, https:\/\/new.latinconnect.com\/wp-content\/uploads\/caribbean_tours_mexico_belize_guatemala-14x12.png 14w\" sizes=\"(max-width: 370px) 100vw, 370px\" \/>\t\t\t\t\t\t\t\t\t\t\t\t\t\t\t<\/div>\n\t\t\t\t<div class=\"elementor-element elementor-element-79ab1208 card-content elementor-widget elementor-widget-text-editor\" data-id=\"79ab1208\" data-element_type=\"widget\" data-widget_type=\"text-editor.default\">\n\t\t\t\t\t\t\t\t\t<h3>Caribbean Tours \u2013 M\u00e9xico, Belice, Guatemala<\/h3><p>M\u00e1s recientemente, Caribbean Tours ofrece a turoperadores, agencias de viajes, travel designers y agencias de incentivos excelentes servicios DMC directamente desde Playa del Carmen, M\u00e9xico, cubriendo la totalidad de los destinos M\u00e9xico, Belice y Guatemala.<\/p>\t\t\t\t\t\t\t\t<\/div>\n\t\t\t\t<\/a>\n\t\t\t\t<\/div>\n\t\t\t\t<\/div>\n\t\t\t\t\t<\/div>\n\t\t\t\t<\/div>\n\t\t\t\t<\/div>","protected":false},"excerpt":{"rendered":"<p>Mexiko by Caribbean Tours AI is thinking&#8230; Edit Template Mexiko Mexiko ist ein vielseitiges Land mit beeindruckenden Landschaften. Es erstreckt sich von Nord- nach Mittelamerika und grenzt an die USA, Guatemala und Belize. Die Landschaft umfasst Gebirge wie die Sierra Madre, lange K\u00fcsten (Pazifik, Golf von Mexiko, Karibik) und Halbinseln (Baja California im Nordwesten, Yucat\u00e1n im S\u00fcdosten) sowie tropische W\u00e4lder (Chiapas im S\u00fcden) und W\u00fcsten (im Norden). Aktive Vulkane und der h\u00f6chste Berg \u00abPico de Orizaba\u00bb pr\u00e4gen die Bergwelt. Zahlreiche Seen, Fl\u00fcsse und Wasserf\u00e4lle tragen zu einer reichen Biodiversit\u00e4t bei. Gut zu wissen Mexiko vereint Maya- und Aztekenkultur, koloniales Erbe, tropische K\u00fcsten, Hochlandvulkane und lebendige St\u00e4dte. Das vielseitige Land ist ideal f\u00fcr Rundreisen und Badeferien \u2013 und gilt dank regionaler Klimavielfalt l\u00e4ngst als attraktive Ganzjahresdestination. Flugverbindungen Icon_plus Icon_plus Direktfl\u00fcge nach Mexiko-Stadt oder Canc\u00fan gibt es ab Europa sowie von zahlreichen St\u00e4dten in den USA und Kanada. Einreise Icon_plus Icon_plus Touristen aus der EU, der Schweiz oder den USA ben\u00f6tigen kein Visum f\u00fcr Aufenthalte bis 180 Tage. Reisepass und R\u00fcck- oder Weiterflugticket reichen. Eine Touristenkarte (FMM) muss online ausgef\u00fcllt werden. G\u00fcltigkeit und Details pr\u00fcfen \u00fcber offizielle Botschaften. Beste Reisezeit Icon_plus Icon_plus November\u2013April ist die beste Reisezeit: Trocken, warm und ideal f\u00fcr Rundreisen oder Strandurlaub. Mai\u2013Oktober ist Regenzeit mit h\u00f6herer Luftfeuchte und Hurrikangefahr (besonders an der Karibikk\u00fcste). Hochlandregionen bleiben das ganze Jahr mild. Sicherheit Icon_plus Icon_plus Touristische Gebiete gelten meist als sicher, insgesamt ist Mexiko aber kriminalit\u00e4tsbelastet. In St\u00e4dten auf Kleinkriminalit\u00e4t achten, gef\u00e4hrdete Regionen (Grenzgebiete, Teile des Nordens) meiden. Sicherheitshinweise der Ausw\u00e4rtigen \u00c4mter beachten. Gesundheit Icon_plus Icon_plus Keine Impfpflicht, empfohlen: Standardimpfungen + Hepatitis A. M\u00fcckenschutz ist wichtig (Dengue, Zika, teils Malaria). Leitungswasser meiden. F\u00fcr aktuelle Infos zu Impfungen &amp; Risiken empfiehlt sich die Plattform HealthyTravel oder das Tropeninstitut. Direktfl\u00fcge nach Mexiko-Stadt oder Canc\u00fan gibt es ab Europa sowie von zahlreichen St\u00e4dten in den USA und Kanada. Touristen aus der EU, der Schweiz oder den USA ben\u00f6tigen kein Visum f\u00fcr Aufenthalte bis 180 Tage. Reisepass und R\u00fcck- oder Weiterflugticket reichen. Eine Touristenkarte (FMM) muss online ausgef\u00fcllt werden. G\u00fcltigkeit und Details pr\u00fcfen \u00fcber offizielle Botschaften. November\u2013April ist die beste Reisezeit: Trocken, warm und ideal f\u00fcr Rundreisen oder Strandurlaub. Mai\u2013Oktober ist Regenzeit mit h\u00f6herer Luftfeuchte und Hurrikangefahr (besonders an der Karibikk\u00fcste). Hochlandregionen bleiben das ganze Jahr mild. Touristische Gebiete gelten meist als sicher, insgesamt ist Mexiko aber kriminalit\u00e4tsbelastet. In St\u00e4dten auf Kleinkriminalit\u00e4t achten, gef\u00e4hrdete Regionen (Grenzgebiete, Teile des Nordens) meiden. Sicherheitshinweise der Ausw\u00e4rtigen \u00c4mter beachten. Keine Impfpflicht, empfohlen: Standardimpfungen + Hepatitis A. M\u00fcckenschutz ist wichtig (Dengue, Zika, teils Malaria). Leitungswasser meiden. F\u00fcr aktuelle Infos zu Impfungen &amp; Risiken empfiehlt sich die Plattform HealthyTravel oder das Tropeninstitut. Top 10 Reise-Highlights Mexiko-Stadt Die Megametropole bietet koloniale Altstadt, Aztekenkultur und moderne Museen. Must-sees: Z\u00f3calo, Frida Kahlo Museum und Teotihuac\u00e1n. Viertel wie Coyoac\u00e1n oder Roma Norte zeigen das kreative Herz der Hauptstadt. Barrancas del Cobre (Chihuahua) Gr\u00f6\u00dfer als der Grand Canyon: Die Kupferschluchten beeindrucken mit tiefen Schluchten, Tarahumara-Kultur und dem El Chepe-Zug. Highlights: Zipline, H\u00e4ngebr\u00fccken und Wanderungen durch raue, spektakul\u00e4re Landschaften im Norden. Teotihuac\u00e1n (bei Mexiko-Stadt) Die Sonnen- und Mondpyramide dieser riesigen Ruinenstadt z\u00e4hlen zu den bedeutendsten pr\u00e4kolumbischen St\u00e4tten. Fr\u00fch kommen und die Magie vor dem Touristenansturm erleben. Mystischer Ort f\u00fcr Geschichte und weite Ausblicke. Taxco (Guerrero) Die \u201eStadt des Silbers\u201c begeistert mit kolonialem Charme: Weisse H\u00e4user, enge Gassen und barocke Kirchen in der Berglandschaft. Bekannt f\u00fcr Silberschmuck und traditionsreiche Feste. Per Seilbahn \u00fcberblickt man das St\u00e4dtchen. Ca\u00f1\u00f3n del Sumidero (Chiapas) Spektakul\u00e4rer Canyon mit bis zu 1.000\u200am hohen Felsw\u00e4nden. Per Boot durch den R\u00edo Grijalva gleiten, vorbei an H\u00f6hlen, Krokodilen und Wasserf\u00e4llen. Alternativ von oben bestaunen. Naturhighlight nahe Tuxtla \u2013 ruhig, wild, faszinierend. San Crist\u00f3bal de las Casas (Chiapas) Kolonialstadt auf 2.100\u202fm mit indigener Kultur, k\u00fchlem Klima und farbigen M\u00e4rkten. Caf\u00e9s, Kirchen, Zapatista-Geschichte und spannende D\u00f6rfer in der Umgebung. Authentisches Hochlandflair, ideal f\u00fcr Kultur- und Trekkingfreunde. Mazunte (Oaxaca) Alternativer Strandort mit Schildkr\u00f6tenschutz, Yoga, Natur und eco-chic Flair. Goldener Strand, Sonnenunterg\u00e4nge und Livemusik \u2013 Mazunte verspr\u00fcht entschleunigtes Mexiko abseits der Touristenpfade. Perfekt zum Ausspannen. Canc\u00fan &amp; Riviera Maya (Quintana Roo) T\u00fcrkisfarbenes Wasser, weisse Karibikstr\u00e4nde und Mayatempel: Canc\u00fan und die Riviera Maya sind Mexikos beliebteste Urlaubsregion. Ob All-Inclusive in Playa del Carmen oder Kultur in Tulum \u2013 hier findet jeder seinen Mix aus Erholung. Tulum (Quintana Roo) Maya-Ruinen direkt am Karibikstrand \u2013 einzigartiger Mix aus Geschichte, Tropen und Postkartenidylle. Entspanntes Flair mit Boutiquen, Cenoten und Beachclubs. Ideal f\u00fcr Kulturfans und Sonnenanbeter \u2013 Mexiko trifft modernen Boho-Chic. Bacalar (Quintana Roo) Lagune der sieben Farben nahe Belize \u2013 ein S\u00fcsswasserjuwel mit Kayaktouren, Cenoten und Piratenkanal. Ruhige Alternative zur K\u00fcste mit kristallklarem Wasser, H\u00e4ngematten-Feeling und karibischem Charme. Entspannung pur. Ausgew\u00e4hlte Reisen Zubucherreisen \u2013 Mexiko Dein Reiseexperte f\u00fcr diese Destination Caribbean Tours \u2013 Mexiko, Belize, Guatemala Caribbean Tours bietet seit neuestem Reiseveranstaltern, Reiseb\u00fcros, Travel Designers und Incentive-Agenturen exzellente DMC-Services direkt aus Playa del Carmen, Mexico f\u00fcr die gesmate Destination Mexico, Belize und Guatemala.<\/p>","protected":false},"author":3,"featured_media":2508,"parent":49,"menu_order":0,"comment_status":"closed","ping_status":"closed","template":"","meta":{"_acf_changed":false,"footnotes":""},"class_list":["post-3918","page","type-page","status-publish","has-post-thumbnail","hentry"],"acf":[],"yoast_head":"<!-- This site is optimized with the Yoast SEO plugin v26.9 - https:\/\/yoast.com\/product\/yoast-seo-wordpress\/ -->\n<title>Mexiko \u2013 Destination von Caribbean Tours | Latinconnect<\/title>\n<meta name=\"description\" content=\"Mexiko im \u00dcberblick: praktische Reiseinfos und Top-Highlights von Mexiko-Stadt \u00fcber Yucat\u00e1n bis Pazifikk\u00fcste \u2013 DMC-Partner Caribbean Tours.\" \/>\n<meta name=\"robots\" content=\"noindex, follow, max-snippet:-1, max-image-preview:large, max-video-preview:-1\" \/>\n<meta property=\"og:locale\" content=\"es_ES\" \/>\n<meta property=\"og:type\" content=\"article\" \/>\n<meta property=\"og:title\" content=\"Mexiko \u2013 Destination von Caribbean Tours | Latinconnect\" \/>\n<meta property=\"og:description\" content=\"Mexiko im \u00dcberblick: praktische Reiseinfos und Top-Highlights von Mexiko-Stadt \u00fcber Yucat\u00e1n bis Pazifikk\u00fcste \u2013 DMC-Partner Caribbean Tours.\" \/>\n<meta property=\"og:url\" content=\"https:\/\/new.latinconnect.com\/es\/destinos\/mexico-2\/\" \/>\n<meta property=\"og:site_name\" content=\"Latinconnect\" \/>\n<meta property=\"article:modified_time\" content=\"2026-04-21T14:46:27+00:00\" \/>\n<meta property=\"og:image\" content=\"https:\/\/new.latinconnect.com\/wp-content\/uploads\/latinconnect-destinationen-mexiko-headerbild.webp\" \/>\n\t<meta property=\"og:image:width\" content=\"1920\" \/>\n\t<meta property=\"og:image:height\" content=\"858\" \/>\n\t<meta property=\"og:image:type\" content=\"image\/webp\" \/>\n<meta name=\"twitter:card\" content=\"summary_large_image\" \/>\n<meta name=\"twitter:label1\" content=\"Est. reading time\" \/>\n\t<meta name=\"twitter:data1\" content=\"14 minutos\" \/>\n<script type=\"application\/ld+json\" class=\"yoast-schema-graph\">{\"@context\":\"https:\/\/schema.org\",\"@graph\":[{\"@type\":\"WebPage\",\"@id\":\"https:\/\/new.latinconnect.com\/de\/destinationen\/mexiko\/\",\"url\":\"https:\/\/new.latinconnect.com\/de\/destinationen\/mexiko\/\",\"name\":\"Mexiko \u2013 Destination von Caribbean Tours | Latinconnect\",\"isPartOf\":{\"@id\":\"http:\/\/new.latinconnect.com\/de\/#website\"},\"primaryImageOfPage\":{\"@id\":\"https:\/\/new.latinconnect.com\/de\/destinationen\/mexiko\/#primaryimage\"},\"image\":{\"@id\":\"https:\/\/new.latinconnect.com\/de\/destinationen\/mexiko\/#primaryimage\"},\"thumbnailUrl\":\"https:\/\/new.latinconnect.com\/wp-content\/uploads\/latinconnect-destinationen-mexiko-headerbild.webp\",\"datePublished\":\"2026-01-08T14:41:30+00:00\",\"dateModified\":\"2026-04-21T14:46:27+00:00\",\"description\":\"Mexiko im \u00dcberblick: praktische Reiseinfos und Top-Highlights von Mexiko-Stadt \u00fcber Yucat\u00e1n bis Pazifikk\u00fcste \u2013 DMC-Partner Caribbean Tours.\",\"breadcrumb\":{\"@id\":\"https:\/\/new.latinconnect.com\/de\/destinationen\/mexiko\/#breadcrumb\"},\"inLanguage\":\"es-CR\",\"potentialAction\":[{\"@type\":\"ReadAction\",\"target\":[\"https:\/\/new.latinconnect.com\/de\/destinationen\/mexiko\/\"]}]},{\"@type\":\"ImageObject\",\"inLanguage\":\"es-CR\",\"@id\":\"https:\/\/new.latinconnect.com\/de\/destinationen\/mexiko\/#primaryimage\",\"url\":\"https:\/\/new.latinconnect.com\/wp-content\/uploads\/latinconnect-destinationen-mexiko-headerbild.webp\",\"contentUrl\":\"https:\/\/new.latinconnect.com\/wp-content\/uploads\/latinconnect-destinationen-mexiko-headerbild.webp\",\"width\":1920,\"height\":858,\"caption\":\"Nationalflagge von Mexico\"},{\"@type\":\"BreadcrumbList\",\"@id\":\"https:\/\/new.latinconnect.com\/de\/destinationen\/mexiko\/#breadcrumb\",\"itemListElement\":[{\"@type\":\"ListItem\",\"position\":1,\"name\":\"Home\",\"item\":\"https:\/\/new.latinconnect.com\/\"},{\"@type\":\"ListItem\",\"position\":2,\"name\":\"Destinationen\",\"item\":\"https:\/\/new.latinconnect.com\/destinationen\/\"},{\"@type\":\"ListItem\",\"position\":3,\"name\":\"Mexiko\"}]},{\"@type\":\"WebSite\",\"@id\":\"http:\/\/new.latinconnect.com\/de\/#website\",\"url\":\"http:\/\/new.latinconnect.com\/de\/\",\"name\":\"Latinconnect\",\"description\":\"latin america&#039;s dmc alliance\",\"publisher\":{\"@id\":\"http:\/\/new.latinconnect.com\/de\/#organization\"},\"potentialAction\":[{\"@type\":\"SearchAction\",\"target\":{\"@type\":\"EntryPoint\",\"urlTemplate\":\"http:\/\/new.latinconnect.com\/de\/?s={search_term_string}\"},\"query-input\":{\"@type\":\"PropertyValueSpecification\",\"valueRequired\":true,\"valueName\":\"search_term_string\"}}],\"inLanguage\":\"es-CR\"},{\"@type\":\"Organization\",\"@id\":\"http:\/\/new.latinconnect.com\/de\/#organization\",\"name\":\"Latinconnect\",\"url\":\"http:\/\/new.latinconnect.com\/de\/\",\"logo\":{\"@type\":\"ImageObject\",\"inLanguage\":\"es-CR\",\"@id\":\"http:\/\/new.latinconnect.com\/de\/#\/schema\/logo\/image\/\",\"url\":\"https:\/\/new.latinconnect.com\/wp-content\/uploads\/logo-latinconnect.svg\",\"contentUrl\":\"https:\/\/new.latinconnect.com\/wp-content\/uploads\/logo-latinconnect.svg\",\"width\":260,\"height\":50,\"caption\":\"Latinconnect\"},\"image\":{\"@id\":\"http:\/\/new.latinconnect.com\/de\/#\/schema\/logo\/image\/\"},\"sameAs\":[\"https:\/\/www.linkedin.com\/company\/latinconnect\"]}]}<\/script>\n<!-- \/ Yoast SEO plugin. -->","yoast_head_json":{"title":"M\u00e9xico \u2013 Destino de Caribbean Tours | Latinconnect","description":"M\u00e9xico de un vistazo: informaci\u00f3n pr\u00e1ctica de viaje y principales atractivos desde Ciudad de M\u00e9xico v\u00eda Yucat\u00e1n hasta la costa del Pac\u00edfico \u2013 socio DMC Caribbean Tours.","robots":{"index":"noindex","follow":"follow","max-snippet":"max-snippet:-1","max-image-preview":"max-image-preview:large","max-video-preview":"max-video-preview:-1"},"og_locale":"es_ES","og_type":"article","og_title":"Mexiko \u2013 Destination von Caribbean Tours | Latinconnect","og_description":"Mexiko im \u00dcberblick: praktische Reiseinfos und Top-Highlights von Mexiko-Stadt \u00fcber Yucat\u00e1n bis Pazifikk\u00fcste \u2013 DMC-Partner Caribbean Tours.","og_url":"https:\/\/new.latinconnect.com\/es\/destinos\/mexico-2\/","og_site_name":"Latinconnect","article_modified_time":"2026-04-21T14:46:27+00:00","og_image":[{"width":1920,"height":858,"url":"https:\/\/new.latinconnect.com\/wp-content\/uploads\/latinconnect-destinationen-mexiko-headerbild.webp","type":"image\/webp"}],"twitter_card":"summary_large_image","twitter_misc":{"Est. reading time":"14 minutos"},"schema":{"@context":"https:\/\/schema.org","@graph":[{"@type":"WebPage","@id":"https:\/\/new.latinconnect.com\/de\/destinationen\/mexiko\/","url":"https:\/\/new.latinconnect.com\/de\/destinationen\/mexiko\/","name":"M\u00e9xico \u2013 Destino de Caribbean Tours | Latinconnect","isPartOf":{"@id":"http:\/\/new.latinconnect.com\/de\/#website"},"primaryImageOfPage":{"@id":"https:\/\/new.latinconnect.com\/de\/destinationen\/mexiko\/#primaryimage"},"image":{"@id":"https:\/\/new.latinconnect.com\/de\/destinationen\/mexiko\/#primaryimage"},"thumbnailUrl":"https:\/\/new.latinconnect.com\/wp-content\/uploads\/latinconnect-destinationen-mexiko-headerbild.webp","datePublished":"2026-01-08T14:41:30+00:00","dateModified":"2026-04-21T14:46:27+00:00","description":"M\u00e9xico de un vistazo: informaci\u00f3n pr\u00e1ctica de viaje y principales atractivos desde Ciudad de M\u00e9xico v\u00eda Yucat\u00e1n hasta la costa del Pac\u00edfico \u2013 socio DMC Caribbean Tours.","breadcrumb":{"@id":"https:\/\/new.latinconnect.com\/de\/destinationen\/mexiko\/#breadcrumb"},"inLanguage":"es-CR","potentialAction":[{"@type":"ReadAction","target":["https:\/\/new.latinconnect.com\/de\/destinationen\/mexiko\/"]}]},{"@type":"ImageObject","inLanguage":"es-CR","@id":"https:\/\/new.latinconnect.com\/de\/destinationen\/mexiko\/#primaryimage","url":"https:\/\/new.latinconnect.com\/wp-content\/uploads\/latinconnect-destinationen-mexiko-headerbild.webp","contentUrl":"https:\/\/new.latinconnect.com\/wp-content\/uploads\/latinconnect-destinationen-mexiko-headerbild.webp","width":1920,"height":858,"caption":"Nationalflagge von Mexico"},{"@type":"BreadcrumbList","@id":"https:\/\/new.latinconnect.com\/de\/destinationen\/mexiko\/#breadcrumb","itemListElement":[{"@type":"ListItem","position":1,"name":"Home","item":"https:\/\/new.latinconnect.com\/"},{"@type":"ListItem","position":2,"name":"Destinationen","item":"https:\/\/new.latinconnect.com\/destinationen\/"},{"@type":"ListItem","position":3,"name":"Mexiko"}]},{"@type":"WebSite","@id":"http:\/\/new.latinconnect.com\/de\/#website","url":"http:\/\/new.latinconnect.com\/de\/","name":"Latinconnect","description":"Alianza DMC de Am\u00e9rica Latina","publisher":{"@id":"http:\/\/new.latinconnect.com\/de\/#organization"},"potentialAction":[{"@type":"SearchAction","target":{"@type":"EntryPoint","urlTemplate":"http:\/\/new.latinconnect.com\/de\/?s={search_term_string}"},"query-input":{"@type":"PropertyValueSpecification","valueRequired":true,"valueName":"search_term_string"}}],"inLanguage":"es-CR"},{"@type":"Organization","@id":"http:\/\/new.latinconnect.com\/de\/#organization","name":"Latinconnect","url":"http:\/\/new.latinconnect.com\/de\/","logo":{"@type":"ImageObject","inLanguage":"es-CR","@id":"http:\/\/new.latinconnect.com\/de\/#\/schema\/logo\/image\/","url":"https:\/\/new.latinconnect.com\/wp-content\/uploads\/logo-latinconnect.svg","contentUrl":"https:\/\/new.latinconnect.com\/wp-content\/uploads\/logo-latinconnect.svg","width":260,"height":50,"caption":"Latinconnect"},"image":{"@id":"http:\/\/new.latinconnect.com\/de\/#\/schema\/logo\/image\/"},"sameAs":["https:\/\/www.linkedin.com\/company\/latinconnect"]}]}},"_links":{"self":[{"href":"https:\/\/new.latinconnect.com\/es\/wp-json\/wp\/v2\/pages\/3918","targetHints":{"allow":["GET"]}}],"collection":[{"href":"https:\/\/new.latinconnect.com\/es\/wp-json\/wp\/v2\/pages"}],"about":[{"href":"https:\/\/new.latinconnect.com\/es\/wp-json\/wp\/v2\/types\/page"}],"author":[{"embeddable":true,"href":"https:\/\/new.latinconnect.com\/es\/wp-json\/wp\/v2\/users\/3"}],"replies":[{"embeddable":true,"href":"https:\/\/new.latinconnect.com\/es\/wp-json\/wp\/v2\/comments?post=3918"}],"version-history":[{"count":118,"href":"https:\/\/new.latinconnect.com\/es\/wp-json\/wp\/v2\/pages\/3918\/revisions"}],"predecessor-version":[{"id":8107,"href":"https:\/\/new.latinconnect.com\/es\/wp-json\/wp\/v2\/pages\/3918\/revisions\/8107"}],"up":[{"embeddable":true,"href":"https:\/\/new.latinconnect.com\/es\/wp-json\/wp\/v2\/pages\/49"}],"wp:featuredmedia":[{"embeddable":true,"href":"https:\/\/new.latinconnect.com\/es\/wp-json\/wp\/v2\/media\/2508"}],"wp:attachment":[{"href":"https:\/\/new.latinconnect.com\/es\/wp-json\/wp\/v2\/media?parent=3918"}],"curies":[{"name":"wp","href":"https:\/\/api.w.org\/{rel}","templated":true}]}}